{"id":220,"date":"2023-06-10T21:50:16","date_gmt":"2023-06-11T01:50:16","guid":{"rendered":"https:\/\/cooprinforma.cl\/?page_id=220"},"modified":"2024-04-15T23:37:53","modified_gmt":"2024-04-16T03:37:53","slug":"articulos","status":"publish","type":"page","link":"https:\/\/cooprinforma.cl\/index.php\/articulos\/","title":{"rendered":"Art\u00edculos"},"content":{"rendered":"\t\t<div data-elementor-type=\"wp-page\" data-elementor-id=\"220\" class=\"elementor elementor-220\">\n\t\t\t\t\t\t\t\t\t<section class=\"elementor-section elementor-top-section elementor-element elementor-element-2823ee1 elementor-section-boxed elementor-section-height-default elementor-section-height-default\" data-id=\"2823ee1\" data-element_type=\"section\">\n\t\t\t\t\t\t<div class=\"elementor-container elementor-column-gap-default\">\n\t\t\t\t\t<div class=\"elementor-column elementor-col-100 elementor-top-column elementor-element elementor-element-40d9fd2\" data-id=\"40d9fd2\" data-element_type=\"column\">\n\t\t\t<div class=\"elementor-widget-wrap elementor-element-populated\">\n\t\t\t\t\t\t\t\t<div class=\"elementor-element elementor-element-51aabc7 upk-maple-content--left elementor-widget elementor-widget-upk-maple-grid\" data-id=\"51aabc7\" data-element_type=\"widget\" data-widget_type=\"upk-maple-grid.default\">\n\t\t\t\t<div class=\"elementor-widget-container\">\n\t\t\t\t\t<div class=\"upk-maple-grid\">\n\t\t\t<div class=\"upk-post-grid upk-style-3\">\n\n\t\t\t\t\n\t\t\t\t\t\t\t<div class=\"upk-item\">\n\t\t\t<div class=\"upk-item-box\">\n\t\t\t\t<div class=\"upk-image-wrap\">\n\t\t\t\t\t<div class=\"upk-main-image\">\n\t\t\t\t\t\t<img loading=\"lazy\" decoding=\"async\" width=\"150\" height=\"150\" src=\"https:\/\/cooprinforma.cl\/wp-content\/uploads\/2026\/03\/KWS2007_rye_field_farmer_0003-150x150.jpg\" class=\"upk-img\" alt=\"Centeno H\u00edbrido Una Revoluci\u00f3n T\u00e9cnica para la Rotaci\u00f3n de Cultivos y Nutrici\u00f3n Animal en Chile\" \/>\t\t\t\t\t<\/div>\n\n\t\t\t\t\t\n\t\t\t\t<\/div>\n\n\t\t\t\t<div class=\"upk-content\">\n\t\t\t\t\t<div class=\"upk-content-inner\">\n\n\t\t\t\t\t\t\n\t\t\t\t\t\t<div class=\"upk-title\"><a href=\"https:\/\/cooprinforma.cl\/index.php\/2026\/03\/10\/centeno-hibrido-una-revolucion-tecnica-para-la-rotacion-de-cultivos-y-nutricion-animal-en-chile\/\" title=\"Centeno H\u00edbrido Una Revoluci\u00f3n T\u00e9cnica para la Rotaci\u00f3n de Cultivos y Nutrici\u00f3n Animal en Chile\" class=\"title-animation-underline\" >Centeno H\u00edbrido Una Revoluci\u00f3n T\u00e9cnica para la Rotaci\u00f3n de Cultivos y Nutrici\u00f3n Animal en Chile<\/a><\/div>\n\t\t\t\t\t\t\t\t\t\t\t<\/div>\n\t\t\t\t<\/div>\n\n\t\t\t<\/div>\n\t\t<\/div>\n\n\n\t\n\t\t\t\t\n\t\t\t\t\t\t\t<div class=\"upk-item\">\n\t\t\t<div class=\"upk-item-box\">\n\t\t\t\t<div class=\"upk-image-wrap\">\n\t\t\t\t\t<div class=\"upk-main-image\">\n\t\t\t\t\t\t<img loading=\"lazy\" decoding=\"async\" width=\"150\" height=\"150\" src=\"https:\/\/cooprinforma.cl\/wp-content\/uploads\/2026\/03\/Foto-portada-150x150.jpg\" class=\"upk-img\" alt=\"Orde\u00f1a mec\u00e1nica y calidad de leche: una mirada actual\" \/>\t\t\t\t\t<\/div>\n\n\t\t\t\t\t\n\t\t\t\t<\/div>\n\n\t\t\t\t<div class=\"upk-content\">\n\t\t\t\t\t<div class=\"upk-content-inner\">\n\n\t\t\t\t\t\t\n\t\t\t\t\t\t<div class=\"upk-title\"><a href=\"https:\/\/cooprinforma.cl\/index.php\/2026\/03\/10\/ordena-mecanica-y-calidad-de-leche-una-mirada-actual\/\" title=\"Orde\u00f1a mec\u00e1nica y calidad de leche: una mirada actual\" class=\"title-animation-underline\" >Orde\u00f1a mec\u00e1nica y calidad de leche: una mirada actual<\/a><\/div>\n\t\t\t\t\t\t\t\t\t\t\t<\/div>\n\t\t\t\t<\/div>\n\n\t\t\t<\/div>\n\t\t<\/div>\n\n\n\t\n\t\t\t\t\n\t\t\t\t\t\t\t<div class=\"upk-item\">\n\t\t\t<div class=\"upk-item-box\">\n\t\t\t\t<div class=\"upk-image-wrap\">\n\t\t\t\t\t<div class=\"upk-main-image\">\n\t\t\t\t\t\t<img loading=\"lazy\" decoding=\"async\" width=\"150\" height=\"150\" src=\"https:\/\/cooprinforma.cl\/wp-content\/uploads\/2026\/03\/20260210_1124310-150x150.jpg\" class=\"upk-img\" alt=\"Nos Recomiendan\" srcset=\"https:\/\/cooprinforma.cl\/wp-content\/uploads\/2026\/03\/20260210_1124310-150x150.jpg 150w, https:\/\/cooprinforma.cl\/wp-content\/uploads\/2026\/03\/20260210_1124310-300x300.jpg 300w, https:\/\/cooprinforma.cl\/wp-content\/uploads\/2026\/03\/20260210_1124310-1024x1024.jpg 1024w, https:\/\/cooprinforma.cl\/wp-content\/uploads\/2026\/03\/20260210_1124310-768x768.jpg 768w, https:\/\/cooprinforma.cl\/wp-content\/uploads\/2026\/03\/20260210_1124310-1536x1536.jpg 1536w, https:\/\/cooprinforma.cl\/wp-content\/uploads\/2026\/03\/20260210_1124310.jpg 2000w\" sizes=\"auto, (max-width: 150px) 100vw, 150px\" \/>\t\t\t\t\t<\/div>\n\n\t\t\t\t\t\n\t\t\t\t<\/div>\n\n\t\t\t\t<div class=\"upk-content\">\n\t\t\t\t\t<div class=\"upk-content-inner\">\n\n\t\t\t\t\t\t\n\t\t\t\t\t\t<div class=\"upk-title\"><a href=\"https:\/\/cooprinforma.cl\/index.php\/2026\/03\/10\/nos-recomiendan-diego-gonzalez-gerente-de-produccion-agricolas-fgk-y-htc\/\" title=\"Nos Recomiendan\" class=\"title-animation-underline\" >Nos Recomiendan<\/a><\/div>\n\t\t\t\t\t\t\t\t\t\t\t<\/div>\n\t\t\t\t<\/div>\n\n\t\t\t<\/div>\n\t\t<\/div>\n\n\n\t\n\t\t\t\t\n\t\t\t\t\t\t\t<div class=\"upk-item\">\n\t\t\t<div class=\"upk-item-box\">\n\t\t\t\t<div class=\"upk-image-wrap\">\n\t\t\t\t\t<div class=\"upk-main-image\">\n\t\t\t\t\t\t<img loading=\"lazy\" decoding=\"async\" width=\"150\" height=\"150\" src=\"https:\/\/cooprinforma.cl\/wp-content\/uploads\/2026\/03\/20191030_223333163_iOS-150x150.jpg\" class=\"upk-img\" alt=\"M\u00e1s Eficiencia, Mejor Calidad y Menos Huella de CarbonoLa Evoluci\u00f3n de la Fertilizaci\u00f3n Nitrogenada en Praderas del Sur de Chile\" \/>\t\t\t\t\t<\/div>\n\n\t\t\t\t\t\n\t\t\t\t<\/div>\n\n\t\t\t\t<div class=\"upk-content\">\n\t\t\t\t\t<div class=\"upk-content-inner\">\n\n\t\t\t\t\t\t\n\t\t\t\t\t\t<div class=\"upk-title\"><a href=\"https:\/\/cooprinforma.cl\/index.php\/2026\/03\/10\/mas-eficiencia-mejor-calidad-y-menos-huella-de-carbonola-evolucion-de-la-fertilizacion-nitrogenada-en-praderas-del-sur-de-chile\/\" title=\"M\u00e1s Eficiencia, Mejor Calidad y Menos Huella de CarbonoLa Evoluci\u00f3n de la Fertilizaci\u00f3n Nitrogenada en Praderas del Sur de Chile\" class=\"title-animation-underline\" >M\u00e1s Eficiencia, Mejor Calidad y Menos Huella de CarbonoLa Evoluci\u00f3n de la Fertilizaci\u00f3n Nitrogenada en Praderas del Sur de Chile<\/a><\/div>\n\t\t\t\t\t\t\t\t\t\t\t<\/div>\n\t\t\t\t<\/div>\n\n\t\t\t<\/div>\n\t\t<\/div>\n\n\n\t\n\t\t\t\t\n\t\t\t\t\t\t\t<div class=\"upk-item\">\n\t\t\t<div class=\"upk-item-box\">\n\t\t\t\t<div class=\"upk-image-wrap\">\n\t\t\t\t\t<div class=\"upk-main-image\">\n\t\t\t\t\t\t<img loading=\"lazy\" decoding=\"async\" width=\"150\" height=\"150\" src=\"https:\/\/cooprinforma.cl\/wp-content\/uploads\/2026\/03\/MG_1037-150x150.jpg\" class=\"upk-img\" alt=\"M\u00e1s que an\u00e1lisis de suelo Servicios anal\u00edticos, respaldo t\u00e9cnico y calidad validada al servicio de una agricultura m\u00e1s productiva y sustentable\" \/>\t\t\t\t\t<\/div>\n\n\t\t\t\t\t\n\t\t\t\t<\/div>\n\n\t\t\t\t<div class=\"upk-content\">\n\t\t\t\t\t<div class=\"upk-content-inner\">\n\n\t\t\t\t\t\t\n\t\t\t\t\t\t<div class=\"upk-title\"><a href=\"https:\/\/cooprinforma.cl\/index.php\/2026\/03\/10\/mas-que-analisis-de-suelo-servicios-analiticos-respaldo-tecnico-y-calidad-validada-al-servicio-de-una-agricultura-mas-productiva-y-sustentable\/\" title=\"M\u00e1s que an\u00e1lisis de suelo Servicios anal\u00edticos, respaldo t\u00e9cnico y calidad validada al servicio de una agricultura m\u00e1s productiva y sustentable\" class=\"title-animation-underline\" >M\u00e1s que an\u00e1lisis de suelo Servicios anal\u00edticos, respaldo t\u00e9cnico y calidad validada al servicio de una agricultura m\u00e1s productiva y sustentable<\/a><\/div>\n\t\t\t\t\t\t\t\t\t\t\t<\/div>\n\t\t\t\t<\/div>\n\n\t\t\t<\/div>\n\t\t<\/div>\n\n\n\t\n\t\t\t\t\n\t\t\t\t\t\t\t<div class=\"upk-item\">\n\t\t\t<div class=\"upk-item-box\">\n\t\t\t\t<div class=\"upk-image-wrap\">\n\t\t\t\t\t<div class=\"upk-main-image\">\n\t\t\t\t\t\t<img loading=\"lazy\" decoding=\"async\" width=\"150\" height=\"150\" src=\"https:\/\/cooprinforma.cl\/wp-content\/uploads\/2026\/03\/IMG-WA0004-150x150.jpg\" class=\"upk-img\" alt=\"Tu campo es \u00fanico. Tu mezcla de semillas tambi\u00e9n deber\u00eda serlo\" \/>\t\t\t\t\t<\/div>\n\n\t\t\t\t\t\n\t\t\t\t<\/div>\n\n\t\t\t\t<div class=\"upk-content\">\n\t\t\t\t\t<div class=\"upk-content-inner\">\n\n\t\t\t\t\t\t\n\t\t\t\t\t\t<div class=\"upk-title\"><a href=\"https:\/\/cooprinforma.cl\/index.php\/2026\/03\/10\/tu-campo-es-unico-tu-mezcla-de-semillas-tambien-deberia-serlo\/\" title=\"Tu campo es \u00fanico. Tu mezcla de semillas tambi\u00e9n deber\u00eda serlo\" class=\"title-animation-underline\" >Tu campo es \u00fanico. Tu mezcla de semillas tambi\u00e9n deber\u00eda serlo<\/a><\/div>\n\t\t\t\t\t\t\t\t\t\t\t<\/div>\n\t\t\t\t<\/div>\n\n\t\t\t<\/div>\n\t\t<\/div>\n\n\n\t\n\t\t\t\t\n\t\t\t\t\t\t\t<div class=\"upk-item\">\n\t\t\t<div class=\"upk-item-box\">\n\t\t\t\t<div class=\"upk-image-wrap\">\n\t\t\t\t\t<div class=\"upk-main-image\">\n\t\t\t\t\t\t<img loading=\"lazy\" decoding=\"async\" width=\"150\" height=\"150\" src=\"https:\/\/cooprinforma.cl\/wp-content\/uploads\/2026\/03\/ChatGPT-Image-26-feb-2026-16_55_30-150x150.png\" class=\"upk-img\" alt=\"Compactaci\u00f3n El paso infravalorado en la fabricaci\u00f3n de ensilado\" srcset=\"https:\/\/cooprinforma.cl\/wp-content\/uploads\/2026\/03\/ChatGPT-Image-26-feb-2026-16_55_30-150x150.png 150w, https:\/\/cooprinforma.cl\/wp-content\/uploads\/2026\/03\/ChatGPT-Image-26-feb-2026-16_55_30-300x300.png 300w, https:\/\/cooprinforma.cl\/wp-content\/uploads\/2026\/03\/ChatGPT-Image-26-feb-2026-16_55_30-768x768.png 768w, https:\/\/cooprinforma.cl\/wp-content\/uploads\/2026\/03\/ChatGPT-Image-26-feb-2026-16_55_30.png 1024w\" sizes=\"auto, (max-width: 150px) 100vw, 150px\" \/>\t\t\t\t\t<\/div>\n\n\t\t\t\t\t\n\t\t\t\t<\/div>\n\n\t\t\t\t<div class=\"upk-content\">\n\t\t\t\t\t<div class=\"upk-content-inner\">\n\n\t\t\t\t\t\t\n\t\t\t\t\t\t<div class=\"upk-title\"><a href=\"https:\/\/cooprinforma.cl\/index.php\/2026\/03\/10\/compactacion-el-paso-infravalorado-en-la-fabricacion-de-ensilado\/\" title=\"Compactaci\u00f3n El paso infravalorado en la fabricaci\u00f3n de ensilado\" class=\"title-animation-underline\" >Compactaci\u00f3n El paso infravalorado en la fabricaci\u00f3n de ensilado<\/a><\/div>\n\t\t\t\t\t\t\t\t\t\t\t<\/div>\n\t\t\t\t<\/div>\n\n\t\t\t<\/div>\n\t\t<\/div>\n\n\n\t\n\t\t\t\t\n\t\t\t\t\t\t\t<div class=\"upk-item\">\n\t\t\t<div class=\"upk-item-box\">\n\t\t\t\t<div class=\"upk-image-wrap\">\n\t\t\t\t\t<div class=\"upk-main-image\">\n\t\t\t\t\t\t<img decoding=\"async\" class=\"upk-img\" src=\"https:\/\/cooprinforma.cl\/wp-content\/plugins\/elementor\/assets\/images\/placeholder.png\" alt=\"Evoluci\u00f3n del mercado l\u00e1cteo mundial y perspectivas para 2026\">\t\t\t\t\t<\/div>\n\n\t\t\t\t\t\n\t\t\t\t<\/div>\n\n\t\t\t\t<div class=\"upk-content\">\n\t\t\t\t\t<div class=\"upk-content-inner\">\n\n\t\t\t\t\t\t\n\t\t\t\t\t\t<div class=\"upk-title\"><a href=\"https:\/\/cooprinforma.cl\/index.php\/2026\/03\/10\/evolucion-del-mercado-lacteo-mundial-y-perspectivas-para-2026\/\" title=\"Evoluci\u00f3n del mercado l\u00e1cteo mundial y perspectivas para 2026\" class=\"title-animation-underline\" >Evoluci\u00f3n del mercado l\u00e1cteo mundial y perspectivas para 2026<\/a><\/div>\n\t\t\t\t\t\t\t\t\t\t\t<\/div>\n\t\t\t\t<\/div>\n\n\t\t\t<\/div>\n\t\t<\/div>\n\n\n\t\n\t\t\t\t\n\t\t\t\t\t\t\t<div class=\"upk-item\">\n\t\t\t<div class=\"upk-item-box\">\n\t\t\t\t<div class=\"upk-image-wrap\">\n\t\t\t\t\t<div class=\"upk-main-image\">\n\t\t\t\t\t\t<img loading=\"lazy\" decoding=\"async\" width=\"150\" height=\"150\" src=\"https:\/\/cooprinforma.cl\/wp-content\/uploads\/2025\/11\/Helix-Drive-marca-Bauer-150x150.jpg\" class=\"upk-img\" alt=\"Purines que Generan Valor:Tecnolog\u00edas Sustentables para la Lecher\u00eda Moderna\" \/>\t\t\t\t\t<\/div>\n\n\t\t\t\t\t\n\t\t\t\t<\/div>\n\n\t\t\t\t<div class=\"upk-content\">\n\t\t\t\t\t<div class=\"upk-content-inner\">\n\n\t\t\t\t\t\t\n\t\t\t\t\t\t<div class=\"upk-title\"><a href=\"https:\/\/cooprinforma.cl\/index.php\/2025\/11\/23\/purines-que-generan-valortecnologias-sustentables-para-la-lecheria-moderna\/\" title=\"Purines que Generan Valor:Tecnolog\u00edas Sustentables para la Lecher\u00eda Moderna\" class=\"title-animation-underline\" >Purines que Generan Valor:Tecnolog\u00edas Sustentables para la Lecher\u00eda Moderna<\/a><\/div>\n\t\t\t\t\t\t\t\t\t\t\t<\/div>\n\t\t\t\t<\/div>\n\n\t\t\t<\/div>\n\t\t<\/div>\n\n\n\t\n\t\t\t\t\n\t\t\t\t\t\t\t<div class=\"upk-item\">\n\t\t\t<div class=\"upk-item-box\">\n\t\t\t\t<div class=\"upk-image-wrap\">\n\t\t\t\t\t<div class=\"upk-main-image\">\n\t\t\t\t\t\t<img loading=\"lazy\" decoding=\"async\" width=\"150\" height=\"150\" src=\"https:\/\/cooprinforma.cl\/wp-content\/uploads\/2025\/11\/thumbnail_IMG_3234-150x150.jpg\" class=\"upk-img\" alt=\"Nos Recomiendan en Unidad de Semillas:Fundo Mar\u00eda Estela\" \/>\t\t\t\t\t<\/div>\n\n\t\t\t\t\t\n\t\t\t\t<\/div>\n\n\t\t\t\t<div class=\"upk-content\">\n\t\t\t\t\t<div class=\"upk-content-inner\">\n\n\t\t\t\t\t\t\n\t\t\t\t\t\t<div class=\"upk-title\"><a href=\"https:\/\/cooprinforma.cl\/index.php\/2025\/11\/23\/nos-recomiendan-en-unidad-de-semillasfundo-maria-estela\/\" title=\"Nos Recomiendan en Unidad de Semillas:Fundo Mar\u00eda Estela\" class=\"title-animation-underline\" >Nos Recomiendan en Unidad de Semillas:Fundo Mar\u00eda Estela<\/a><\/div>\n\t\t\t\t\t\t\t\t\t\t\t<\/div>\n\t\t\t\t<\/div>\n\n\t\t\t<\/div>\n\t\t<\/div>\n\n\n\t\n\t\t\t\t\n\t\t\t\t\t\t\t<div class=\"upk-item\">\n\t\t\t<div class=\"upk-item-box\">\n\t\t\t\t<div class=\"upk-image-wrap\">\n\t\t\t\t\t<div class=\"upk-main-image\">\n\t\t\t\t\t\t<img loading=\"lazy\" decoding=\"async\" width=\"150\" height=\"150\" src=\"https:\/\/cooprinforma.cl\/wp-content\/uploads\/2025\/02\/high-angle-different-types-milk-bottles-copia-e1738723382701-150x150.png\" class=\"upk-img\" alt=\"23\u00aa Conferencia de Colaboradores IFCN 2025 \/ 23-25 \u200b\u200bde septiembre, Graz, Austria Haciendo rentable a la sostenibilidad C\u00f3mo preparar a la industria l\u00e1ctea para el futuro\" \/>\t\t\t\t\t<\/div>\n\n\t\t\t\t\t\n\t\t\t\t<\/div>\n\n\t\t\t\t<div class=\"upk-content\">\n\t\t\t\t\t<div class=\"upk-content-inner\">\n\n\t\t\t\t\t\t\n\t\t\t\t\t\t<div class=\"upk-title\"><a href=\"https:\/\/cooprinforma.cl\/index.php\/2025\/11\/23\/23a-conferencia-de-colaboradores-ifcn-2025-23-25-de-septiembre-graz-austria-haciendo-rentable-a-la-sostenibilidad-como-preparar-a-la-industria-lactea-para-el-futuro\/\" title=\"23\u00aa Conferencia de Colaboradores IFCN 2025 \/ 23-25 \u200b\u200bde septiembre, Graz, Austria Haciendo rentable a la sostenibilidad C\u00f3mo preparar a la industria l\u00e1ctea para el futuro\" class=\"title-animation-underline\" >23\u00aa Conferencia de Colaboradores IFCN 2025 \/ 23-25 \u200b\u200bde septiembre, Graz, Austria Haciendo rentable a la sostenibilidad C\u00f3mo preparar a la industria l\u00e1ctea para el futuro<\/a><\/div>\n\t\t\t\t\t\t\t\t\t\t\t<\/div>\n\t\t\t\t<\/div>\n\n\t\t\t<\/div>\n\t\t<\/div>\n\n\n\t\n\t\t\t\t\n\t\t\t\t\t\t\t<div class=\"upk-item\">\n\t\t\t<div class=\"upk-item-box\">\n\t\t\t\t<div class=\"upk-image-wrap\">\n\t\t\t\t\t<div class=\"upk-main-image\">\n\t\t\t\t\t\t<img loading=\"lazy\" decoding=\"async\" width=\"150\" height=\"150\" src=\"https:\/\/cooprinforma.cl\/wp-content\/uploads\/2025\/11\/Silo-y-maquina-150x150.jpg\" class=\"upk-img\" alt=\"Aspectos del ensilaje de ma\u00edz que suman o restan litros de leche en el estanque (Parte 2)\" \/>\t\t\t\t\t<\/div>\n\n\t\t\t\t\t\n\t\t\t\t<\/div>\n\n\t\t\t\t<div class=\"upk-content\">\n\t\t\t\t\t<div class=\"upk-content-inner\">\n\n\t\t\t\t\t\t\n\t\t\t\t\t\t<div class=\"upk-title\"><a href=\"https:\/\/cooprinforma.cl\/index.php\/2025\/11\/23\/aspectos-del-ensilaje-de-maiz-que-suman-o-restan-litros-de-leche-en-el-estanque-parte-2\/\" title=\"Aspectos del ensilaje de ma\u00edz que suman o restan litros de leche en el estanque (Parte 2)\" class=\"title-animation-underline\" >Aspectos del ensilaje de ma\u00edz que suman o restan litros de leche en el estanque (Parte 2)<\/a><\/div>\n\t\t\t\t\t\t\t\t\t\t\t<\/div>\n\t\t\t\t<\/div>\n\n\t\t\t<\/div>\n\t\t<\/div>\n\n\n\t\n\t\t\t\t\n\t\t\t\t\t\t\t<div class=\"upk-item\">\n\t\t\t<div class=\"upk-item-box\">\n\t\t\t\t<div class=\"upk-image-wrap\">\n\t\t\t\t\t<div class=\"upk-main-image\">\n\t\t\t\t\t\t<img loading=\"lazy\" decoding=\"async\" width=\"150\" height=\"150\" src=\"https:\/\/cooprinforma.cl\/wp-content\/uploads\/2023\/12\/leche-mesa-fondo-natural-150x150.png\" class=\"upk-img\" alt=\"El Mapa Mundial Lechero 2025\" \/>\t\t\t\t\t<\/div>\n\n\t\t\t\t\t\n\t\t\t\t<\/div>\n\n\t\t\t\t<div class=\"upk-content\">\n\t\t\t\t\t<div class=\"upk-content-inner\">\n\n\t\t\t\t\t\t\n\t\t\t\t\t\t<div class=\"upk-title\"><a href=\"https:\/\/cooprinforma.cl\/index.php\/2025\/11\/23\/el-mapa-mundial-lechero-2025\/\" title=\"El Mapa Mundial Lechero 2025\" class=\"title-animation-underline\" >El Mapa Mundial Lechero 2025<\/a><\/div>\n\t\t\t\t\t\t\t\t\t\t\t<\/div>\n\t\t\t\t<\/div>\n\n\t\t\t<\/div>\n\t\t<\/div>\n\n\n\t\n\t\t\t\t\n\t\t\t\t\t\t\t<div class=\"upk-item\">\n\t\t\t<div class=\"upk-item-box\">\n\t\t\t\t<div class=\"upk-image-wrap\">\n\t\t\t\t\t<div class=\"upk-main-image\">\n\t\t\t\t\t\t<img loading=\"lazy\" decoding=\"async\" width=\"150\" height=\"150\" src=\"https:\/\/cooprinforma.cl\/wp-content\/uploads\/2025\/11\/High-resolution-DeLaval_DSF6328-150x150.jpg\" class=\"upk-img\" alt=\"Transici\u00f3n inteligente: factores cr\u00edticos para adoptar el orde\u00f1o voluntario en sistemas estabulados\" \/>\t\t\t\t\t<\/div>\n\n\t\t\t\t\t\n\t\t\t\t<\/div>\n\n\t\t\t\t<div class=\"upk-content\">\n\t\t\t\t\t<div class=\"upk-content-inner\">\n\n\t\t\t\t\t\t\n\t\t\t\t\t\t<div class=\"upk-title\"><a href=\"https:\/\/cooprinforma.cl\/index.php\/2025\/11\/23\/transicion-inteligente-factores-criticos-para-adoptar-el-ordeno-voluntario-en-sistemas-estabulados\/\" title=\"Transici\u00f3n inteligente: factores cr\u00edticos para adoptar el orde\u00f1o voluntario en sistemas estabulados\" class=\"title-animation-underline\" >Transici\u00f3n inteligente: factores cr\u00edticos para adoptar el orde\u00f1o voluntario en sistemas estabulados<\/a><\/div>\n\t\t\t\t\t\t\t\t\t\t\t<\/div>\n\t\t\t\t<\/div>\n\n\t\t\t<\/div>\n\t\t<\/div>\n\n\n\t\n\t\t\t\t\n\t\t\t\t\t\t\t<div class=\"upk-item\">\n\t\t\t<div class=\"upk-item-box\">\n\t\t\t\t<div class=\"upk-image-wrap\">\n\t\t\t\t\t<div class=\"upk-main-image\">\n\t\t\t\t\t\t<img loading=\"lazy\" decoding=\"async\" width=\"150\" height=\"150\" src=\"https:\/\/cooprinforma.cl\/wp-content\/uploads\/2025\/11\/Bactoscan-5-4-150x150.jpg\" class=\"upk-img\" alt=\"Cooprinsem se posiciona como referente con la incorporaci\u00f3n de nuevo equipo Bactoscan\u2122 5 en su Laboratorio de Calidad de Leche\" \/>\t\t\t\t\t<\/div>\n\n\t\t\t\t\t\n\t\t\t\t<\/div>\n\n\t\t\t\t<div class=\"upk-content\">\n\t\t\t\t\t<div class=\"upk-content-inner\">\n\n\t\t\t\t\t\t\n\t\t\t\t\t\t<div class=\"upk-title\"><a href=\"https:\/\/cooprinforma.cl\/index.php\/2025\/11\/23\/cooprinsem-se-posiciona-como-referente-con-la-incorporacion-de-nuevo-equipo-bactoscan-5-en-su-laboratorio-de-calidad-de-leche\/\" title=\"Cooprinsem se posiciona como referente con la incorporaci\u00f3n de nuevo equipo Bactoscan\u2122 5 en su Laboratorio de Calidad de Leche\" class=\"title-animation-underline\" >Cooprinsem se posiciona como referente con la incorporaci\u00f3n de nuevo equipo Bactoscan\u2122 5 en su Laboratorio de Calidad de Leche<\/a><\/div>\n\t\t\t\t\t\t\t\t\t\t\t<\/div>\n\t\t\t\t<\/div>\n\n\t\t\t<\/div>\n\t\t<\/div>\n\n\n\t\n\t\t\t\t\n\t\t\t\t\t\t\t<div class=\"upk-item\">\n\t\t\t<div class=\"upk-item-box\">\n\t\t\t\t<div class=\"upk-image-wrap\">\n\t\t\t\t\t<div class=\"upk-main-image\">\n\t\t\t\t\t\t<img loading=\"lazy\" decoding=\"async\" width=\"150\" height=\"150\" src=\"https:\/\/cooprinforma.cl\/wp-content\/uploads\/2025\/11\/raps-150x150.jpg\" class=\"upk-img\" alt=\"Plagas estivales en cultivos forrajeros de Brassica, una amenaza para la rentabilidad\" \/>\t\t\t\t\t<\/div>\n\n\t\t\t\t\t\n\t\t\t\t<\/div>\n\n\t\t\t\t<div class=\"upk-content\">\n\t\t\t\t\t<div class=\"upk-content-inner\">\n\n\t\t\t\t\t\t\n\t\t\t\t\t\t<div class=\"upk-title\"><a href=\"https:\/\/cooprinforma.cl\/index.php\/2025\/11\/23\/plagas-estivales-en-cultivos-forrajeros-de-brassica-una-amenaza-para-la-rentabilidad\/\" title=\"Plagas estivales en cultivos forrajeros de Brassica, una amenaza para la rentabilidad\" class=\"title-animation-underline\" >Plagas estivales en cultivos forrajeros de Brassica, una amenaza para la rentabilidad<\/a><\/div>\n\t\t\t\t\t\t\t\t\t\t\t<\/div>\n\t\t\t\t<\/div>\n\n\t\t\t<\/div>\n\t\t<\/div>\n\n\n\t\n\t\t\t\t\n\t\t\t\t\t\t\t<div class=\"upk-item\">\n\t\t\t<div class=\"upk-item-box\">\n\t\t\t\t<div class=\"upk-image-wrap\">\n\t\t\t\t\t<div class=\"upk-main-image\">\n\t\t\t\t\t\t<img loading=\"lazy\" decoding=\"async\" width=\"150\" height=\"150\" src=\"https:\/\/cooprinforma.cl\/wp-content\/uploads\/2025\/11\/DSC05554-150x150.jpg\" class=\"upk-img\" alt=\"Santiago de Chile recibi\u00f3 la Cumbre Mundial de la Leche.\u00a0El mundo l\u00e1cteo analiz\u00f3 su presente y futuro en la IDF WDS 2025\" \/>\t\t\t\t\t<\/div>\n\n\t\t\t\t\t\n\t\t\t\t<\/div>\n\n\t\t\t\t<div class=\"upk-content\">\n\t\t\t\t\t<div class=\"upk-content-inner\">\n\n\t\t\t\t\t\t\n\t\t\t\t\t\t<div class=\"upk-title\"><a href=\"https:\/\/cooprinforma.cl\/index.php\/2025\/11\/23\/santiago-de-chile-recibio-la-cumbre-mundial-de-la-leche-el-mundo-lacteo-analizo-su-presente-y-futuro-en-la-idf-wds-2025\/\" title=\"Santiago de Chile recibi\u00f3 la Cumbre Mundial de la Leche.\u00a0El mundo l\u00e1cteo analiz\u00f3 su presente y futuro en la IDF WDS 2025\" class=\"title-animation-underline\" >Santiago de Chile recibi\u00f3 la Cumbre Mundial de la Leche.\u00a0El mundo l\u00e1cteo analiz\u00f3 su presente y futuro en la IDF WDS 2025<\/a><\/div>\n\t\t\t\t\t\t\t\t\t\t\t<\/div>\n\t\t\t\t<\/div>\n\n\t\t\t<\/div>\n\t\t<\/div>\n\n\n\t\n\t\t\t\t\n\t\t\t\t\t\t\t<div class=\"upk-item\">\n\t\t\t<div class=\"upk-item-box\">\n\t\t\t\t<div class=\"upk-image-wrap\">\n\t\t\t\t\t<div class=\"upk-main-image\">\n\t\t\t\t\t\t<img loading=\"lazy\" decoding=\"async\" width=\"150\" height=\"150\" src=\"https:\/\/cooprinforma.cl\/wp-content\/uploads\/2024\/08\/20240621_121140-150x150.jpg\" class=\"upk-img\" alt=\"Piensa antes de Genotipar\" \/>\t\t\t\t\t<\/div>\n\n\t\t\t\t\t\n\t\t\t\t<\/div>\n\n\t\t\t\t<div class=\"upk-content\">\n\t\t\t\t\t<div class=\"upk-content-inner\">\n\n\t\t\t\t\t\t\n\t\t\t\t\t\t<div class=\"upk-title\"><a href=\"https:\/\/cooprinforma.cl\/index.php\/2025\/09\/19\/piensa-antes-de-genotipar\/\" title=\"Piensa antes de Genotipar\" class=\"title-animation-underline\" >Piensa antes de Genotipar<\/a><\/div>\n\t\t\t\t\t\t\t\t\t\t\t<\/div>\n\t\t\t\t<\/div>\n\n\t\t\t<\/div>\n\t\t<\/div>\n\n\n\t\n\t\t\t\t\n\t\t\t\t\t\t\t<div class=\"upk-item\">\n\t\t\t<div class=\"upk-item-box\">\n\t\t\t\t<div class=\"upk-image-wrap\">\n\t\t\t\t\t<div class=\"upk-main-image\">\n\t\t\t\t\t\t<img loading=\"lazy\" decoding=\"async\" width=\"150\" height=\"150\" src=\"https:\/\/cooprinforma.cl\/wp-content\/uploads\/2025\/09\/G5A2437-150x150.jpg\" class=\"upk-img\" alt=\"C\u00f3mo la luz solar determina el \u00e9xito de tu cultivo\" \/>\t\t\t\t\t<\/div>\n\n\t\t\t\t\t\n\t\t\t\t<\/div>\n\n\t\t\t\t<div class=\"upk-content\">\n\t\t\t\t\t<div class=\"upk-content-inner\">\n\n\t\t\t\t\t\t\n\t\t\t\t\t\t<div class=\"upk-title\"><a href=\"https:\/\/cooprinforma.cl\/index.php\/2025\/09\/19\/como-la-luz-solar-determina-el-exito-de-tu-cultivo\/\" title=\"C\u00f3mo la luz solar determina el \u00e9xito de tu cultivo\" class=\"title-animation-underline\" >C\u00f3mo la luz solar determina el \u00e9xito de tu cultivo<\/a><\/div>\n\t\t\t\t\t\t\t\t\t\t\t<\/div>\n\t\t\t\t<\/div>\n\n\t\t\t<\/div>\n\t\t<\/div>\n\n\n\t\n\t\t\t\t\n\t\t\t\t\t\t\t<div class=\"upk-item\">\n\t\t\t<div class=\"upk-item-box\">\n\t\t\t\t<div class=\"upk-image-wrap\">\n\t\t\t\t\t<div class=\"upk-main-image\">\n\t\t\t\t\t\t<img loading=\"lazy\" decoding=\"async\" width=\"150\" height=\"150\" src=\"https:\/\/cooprinforma.cl\/wp-content\/uploads\/2025\/09\/1000006668-150x150.jpg\" class=\"upk-img\" alt=\"Nos Recomiendan:Agr\u00edcola Carmen Gloria Quilodran\" \/>\t\t\t\t\t<\/div>\n\n\t\t\t\t\t\n\t\t\t\t<\/div>\n\n\t\t\t\t<div class=\"upk-content\">\n\t\t\t\t\t<div class=\"upk-content-inner\">\n\n\t\t\t\t\t\t\n\t\t\t\t\t\t<div class=\"upk-title\"><a href=\"https:\/\/cooprinforma.cl\/index.php\/2025\/09\/19\/nos-recomiendanagricola-carmen-gloria-quilodran\/\" title=\"Nos Recomiendan:Agr\u00edcola Carmen Gloria Quilodran\" class=\"title-animation-underline\" >Nos Recomiendan:Agr\u00edcola Carmen Gloria Quilodran<\/a><\/div>\n\t\t\t\t\t\t\t\t\t\t\t<\/div>\n\t\t\t\t<\/div>\n\n\t\t\t<\/div>\n\t\t<\/div>\n\n\n\t\n\t\t\t\t\n\t\t\t\t\t\t\t<div class=\"upk-item\">\n\t\t\t<div class=\"upk-item-box\">\n\t\t\t\t<div class=\"upk-image-wrap\">\n\t\t\t\t\t<div class=\"upk-main-image\">\n\t\t\t\t\t\t<img loading=\"lazy\" decoding=\"async\" width=\"150\" height=\"150\" src=\"https:\/\/cooprinforma.cl\/wp-content\/uploads\/2025\/09\/FOTOGRAFIA-CAMPO-PASFER-150x150.jpg\" class=\"upk-img\" alt=\"Bioestimulaci\u00f3n vegetal como herramienta productiva en la agricultura chilena\" \/>\t\t\t\t\t<\/div>\n\n\t\t\t\t\t\n\t\t\t\t<\/div>\n\n\t\t\t\t<div class=\"upk-content\">\n\t\t\t\t\t<div class=\"upk-content-inner\">\n\n\t\t\t\t\t\t\n\t\t\t\t\t\t<div class=\"upk-title\"><a href=\"https:\/\/cooprinforma.cl\/index.php\/2025\/09\/19\/bioestimulacion-vegetal-como-herramienta-productiva-en-la-agricultura-chilena\/\" title=\"Bioestimulaci\u00f3n vegetal como herramienta productiva en la agricultura chilena\" class=\"title-animation-underline\" >Bioestimulaci\u00f3n vegetal como herramienta productiva en la agricultura chilena<\/a><\/div>\n\t\t\t\t\t\t\t\t\t\t\t<\/div>\n\t\t\t\t<\/div>\n\n\t\t\t<\/div>\n\t\t<\/div>\n\n\n\t\n\t\t\t\t\n\t\t\t\t\t\t\t<div class=\"upk-item\">\n\t\t\t<div class=\"upk-item-box\">\n\t\t\t\t<div class=\"upk-image-wrap\">\n\t\t\t\t\t<div class=\"upk-main-image\">\n\t\t\t\t\t\t<img loading=\"lazy\" decoding=\"async\" width=\"150\" height=\"150\" src=\"https:\/\/cooprinforma.cl\/wp-content\/uploads\/2025\/09\/Sprouting-from-the-ground-591028-3-150x150.jpg\" class=\"upk-img\" alt=\"El nutriente olvidado en los suelos del sur de Chile\" \/>\t\t\t\t\t<\/div>\n\n\t\t\t\t\t\n\t\t\t\t<\/div>\n\n\t\t\t\t<div class=\"upk-content\">\n\t\t\t\t\t<div class=\"upk-content-inner\">\n\n\t\t\t\t\t\t\n\t\t\t\t\t\t<div class=\"upk-title\"><a href=\"https:\/\/cooprinforma.cl\/index.php\/2025\/09\/19\/el-nutriente-olvidado-en-los-suelos-del-sur-de-chile\/\" title=\"El nutriente olvidado en los suelos del sur de Chile\" class=\"title-animation-underline\" >El nutriente olvidado en los suelos del sur de Chile<\/a><\/div>\n\t\t\t\t\t\t\t\t\t\t\t<\/div>\n\t\t\t\t<\/div>\n\n\t\t\t<\/div>\n\t\t<\/div>\n\n\n\t\n\t\t\t\t\n\t\t\t\t\t\t\t<div class=\"upk-item\">\n\t\t\t<div class=\"upk-item-box\">\n\t\t\t\t<div class=\"upk-image-wrap\">\n\t\t\t\t\t<div class=\"upk-main-image\">\n\t\t\t\t\t\t<img loading=\"lazy\" decoding=\"async\" width=\"150\" height=\"150\" src=\"https:\/\/cooprinforma.cl\/wp-content\/uploads\/2025\/09\/hibrido-Tuniche-9007-150x150.jpg\" class=\"upk-img\" alt=\"Aspectos del ensilaje de ma\u00edz que suman o restan litros de leche en el estanque (Parte 1)\" \/>\t\t\t\t\t<\/div>\n\n\t\t\t\t\t\n\t\t\t\t<\/div>\n\n\t\t\t\t<div class=\"upk-content\">\n\t\t\t\t\t<div class=\"upk-content-inner\">\n\n\t\t\t\t\t\t\n\t\t\t\t\t\t<div class=\"upk-title\"><a href=\"https:\/\/cooprinforma.cl\/index.php\/2025\/09\/19\/aspectos-del-ensilaje-de-maiz-que-suman-o-restan-litros-de-leche-en-el-estanque-parte-1\/\" title=\"Aspectos del ensilaje de ma\u00edz que suman o restan litros de leche en el estanque (Parte 1)\" class=\"title-animation-underline\" >Aspectos del ensilaje de ma\u00edz que suman o restan litros de leche en el estanque (Parte 1)<\/a><\/div>\n\t\t\t\t\t\t\t\t\t\t\t<\/div>\n\t\t\t\t<\/div>\n\n\t\t\t<\/div>\n\t\t<\/div>\n\n\n\t\n\t\t\t\t\n\t\t\t\t\t\t\t<div class=\"upk-item\">\n\t\t\t<div class=\"upk-item-box\">\n\t\t\t\t<div class=\"upk-image-wrap\">\n\t\t\t\t\t<div class=\"upk-main-image\">\n\t\t\t\t\t\t<img loading=\"lazy\" decoding=\"async\" width=\"150\" height=\"150\" src=\"https:\/\/cooprinforma.cl\/wp-content\/uploads\/2025\/09\/berta-hil-3-150x150.jpg\" class=\"upk-img\" alt=\"Minerales esenciales para el ganado, claves para una alimentaci\u00f3n balanceada\" \/>\t\t\t\t\t<\/div>\n\n\t\t\t\t\t\n\t\t\t\t<\/div>\n\n\t\t\t\t<div class=\"upk-content\">\n\t\t\t\t\t<div class=\"upk-content-inner\">\n\n\t\t\t\t\t\t\n\t\t\t\t\t\t<div class=\"upk-title\"><a href=\"https:\/\/cooprinforma.cl\/index.php\/2025\/09\/19\/minerales-esenciales-para-el-ganado-claves-para-una-alimentacion-balanceada\/\" title=\"Minerales esenciales para el ganado, claves para una alimentaci\u00f3n balanceada\" class=\"title-animation-underline\" >Minerales esenciales para el ganado, claves para una alimentaci\u00f3n balanceada<\/a><\/div>\n\t\t\t\t\t\t\t\t\t\t\t<\/div>\n\t\t\t\t<\/div>\n\n\t\t\t<\/div>\n\t\t<\/div>\n\n\n\t\n\t\t\t\t\n\t\t\t\t\t\t\t<div class=\"upk-item\">\n\t\t\t<div class=\"upk-item-box\">\n\t\t\t\t<div class=\"upk-image-wrap\">\n\t\t\t\t\t<div class=\"upk-main-image\">\n\t\t\t\t\t\t<img loading=\"lazy\" decoding=\"async\" width=\"150\" height=\"150\" src=\"https:\/\/cooprinforma.cl\/wp-content\/uploads\/2025\/09\/20250429_171617-150x150.jpg\" class=\"upk-img\" alt=\"C\u00f3mo enfrentar la degradaci\u00f3n de praderas perennes: Estrategias t\u00e9cnicas para una ganader\u00eda m\u00e1s rentable y sostenible\" srcset=\"https:\/\/cooprinforma.cl\/wp-content\/uploads\/2025\/09\/20250429_171617-150x150.jpg 150w, https:\/\/cooprinforma.cl\/wp-content\/uploads\/2025\/09\/20250429_171617-300x300.jpg 300w, https:\/\/cooprinforma.cl\/wp-content\/uploads\/2025\/09\/20250429_171617-1024x1024.jpg 1024w, https:\/\/cooprinforma.cl\/wp-content\/uploads\/2025\/09\/20250429_171617-768x768.jpg 768w, https:\/\/cooprinforma.cl\/wp-content\/uploads\/2025\/09\/20250429_171617.jpg 1500w\" sizes=\"auto, (max-width: 150px) 100vw, 150px\" \/>\t\t\t\t\t<\/div>\n\n\t\t\t\t\t\n\t\t\t\t<\/div>\n\n\t\t\t\t<div class=\"upk-content\">\n\t\t\t\t\t<div class=\"upk-content-inner\">\n\n\t\t\t\t\t\t\n\t\t\t\t\t\t<div class=\"upk-title\"><a href=\"https:\/\/cooprinforma.cl\/index.php\/2025\/09\/19\/como-enfrentar-la-degradacion-de-praderas-perennes-estrategias-tecnicas-para-una-ganaderia-mas-rentable-y-sostenible\/\" title=\"C\u00f3mo enfrentar la degradaci\u00f3n de praderas perennes: Estrategias t\u00e9cnicas para una ganader\u00eda m\u00e1s rentable y sostenible\" class=\"title-animation-underline\" >C\u00f3mo enfrentar la degradaci\u00f3n de praderas perennes: Estrategias t\u00e9cnicas para una ganader\u00eda m\u00e1s rentable y sostenible<\/a><\/div>\n\t\t\t\t\t\t\t\t\t\t\t<\/div>\n\t\t\t\t<\/div>\n\n\t\t\t<\/div>\n\t\t<\/div>\n\n\n\t\n\t\t\t\t\n\t\t\t\t\t\t\t<div class=\"upk-item\">\n\t\t\t<div class=\"upk-item-box\">\n\t\t\t\t<div class=\"upk-image-wrap\">\n\t\t\t\t\t<div class=\"upk-main-image\">\n\t\t\t\t\t\t<img loading=\"lazy\" decoding=\"async\" width=\"150\" height=\"150\" src=\"https:\/\/cooprinforma.cl\/wp-content\/uploads\/2025\/09\/20241107_155922-150x150.jpg\" class=\"upk-img\" alt=\"Azufre en el suelo: disponibilidad para la planta\" srcset=\"https:\/\/cooprinforma.cl\/wp-content\/uploads\/2025\/09\/20241107_155922-150x150.jpg 150w, https:\/\/cooprinforma.cl\/wp-content\/uploads\/2025\/09\/20241107_155922-300x300.jpg 300w, https:\/\/cooprinforma.cl\/wp-content\/uploads\/2025\/09\/20241107_155922-1024x1024.jpg 1024w, https:\/\/cooprinforma.cl\/wp-content\/uploads\/2025\/09\/20241107_155922-768x768.jpg 768w, https:\/\/cooprinforma.cl\/wp-content\/uploads\/2025\/09\/20241107_155922.jpg 1200w\" sizes=\"auto, (max-width: 150px) 100vw, 150px\" \/>\t\t\t\t\t<\/div>\n\n\t\t\t\t\t\n\t\t\t\t<\/div>\n\n\t\t\t\t<div class=\"upk-content\">\n\t\t\t\t\t<div class=\"upk-content-inner\">\n\n\t\t\t\t\t\t\n\t\t\t\t\t\t<div class=\"upk-title\"><a href=\"https:\/\/cooprinforma.cl\/index.php\/2025\/09\/19\/azufre-en-el-suelo-disponibilidad-para-la-planta\/\" title=\"Azufre en el suelo: disponibilidad para la planta\" class=\"title-animation-underline\" >Azufre en el suelo: disponibilidad para la planta<\/a><\/div>\n\t\t\t\t\t\t\t\t\t\t\t<\/div>\n\t\t\t\t<\/div>\n\n\t\t\t<\/div>\n\t\t<\/div>\n\n\n\t\n\t\t\t\t\n\t\t\t\t\t\t\t<div class=\"upk-item\">\n\t\t\t<div class=\"upk-item-box\">\n\t\t\t\t<div class=\"upk-image-wrap\">\n\t\t\t\t\t<div class=\"upk-main-image\">\n\t\t\t\t\t\t<img loading=\"lazy\" decoding=\"async\" width=\"150\" height=\"150\" src=\"https:\/\/cooprinforma.cl\/wp-content\/uploads\/2025\/09\/High-resolution-IMG_4536-150x150.jpg\" class=\"upk-img\" alt=\"El negocio de orde\u00f1ar bien: eficiencia que se traduce en rentabilidad\" \/>\t\t\t\t\t<\/div>\n\n\t\t\t\t\t\n\t\t\t\t<\/div>\n\n\t\t\t\t<div class=\"upk-content\">\n\t\t\t\t\t<div class=\"upk-content-inner\">\n\n\t\t\t\t\t\t\n\t\t\t\t\t\t<div class=\"upk-title\"><a href=\"https:\/\/cooprinforma.cl\/index.php\/2025\/09\/19\/el-negocio-de-ordenar-bien-eficiencia-que-se-traduce-en-rentabilidad\/\" title=\"El negocio de orde\u00f1ar bien: eficiencia que se traduce en rentabilidad\" class=\"title-animation-underline\" >El negocio de orde\u00f1ar bien: eficiencia que se traduce en rentabilidad<\/a><\/div>\n\t\t\t\t\t\t\t\t\t\t\t<\/div>\n\t\t\t\t<\/div>\n\n\t\t\t<\/div>\n\t\t<\/div>\n\n\n\t\n\t\t\t\t\n\t\t\t\t\t\t\t<div class=\"upk-item\">\n\t\t\t<div class=\"upk-item-box\">\n\t\t\t\t<div class=\"upk-image-wrap\">\n\t\t\t\t\t<div class=\"upk-main-image\">\n\t\t\t\t\t\t<img loading=\"lazy\" decoding=\"async\" width=\"150\" height=\"150\" src=\"https:\/\/cooprinforma.cl\/wp-content\/uploads\/2025\/04\/linea-llenado-botellas-leche-planta-fabricacion-productos-lacteos-caos-luz-solar-50-ar-169-estilizar-200-v-61-id-trabajo-0c838b27975d4eb3952b4ead973b0a56-large-150x150.jpg\" class=\"upk-img\" alt=\"Los productos l\u00e1cteos en un punto de inflexi\u00f3n\" \/>\t\t\t\t\t<\/div>\n\n\t\t\t\t\t\n\t\t\t\t<\/div>\n\n\t\t\t\t<div class=\"upk-content\">\n\t\t\t\t\t<div class=\"upk-content-inner\">\n\n\t\t\t\t\t\t\n\t\t\t\t\t\t<div class=\"upk-title\"><a href=\"https:\/\/cooprinforma.cl\/index.php\/2025\/09\/19\/los-productos-lacteos-en-un-punto-de-inflexion\/\" title=\"Los productos l\u00e1cteos en un punto de inflexi\u00f3n\" class=\"title-animation-underline\" >Los productos l\u00e1cteos en un punto de inflexi\u00f3n<\/a><\/div>\n\t\t\t\t\t\t\t\t\t\t\t<\/div>\n\t\t\t\t<\/div>\n\n\t\t\t<\/div>\n\t\t<\/div>\n\n\n\t\n\t\t\t\t\n\t\t\t\t\t\t\t<div class=\"upk-item\">\n\t\t\t<div class=\"upk-item-box\">\n\t\t\t\t<div class=\"upk-image-wrap\">\n\t\t\t\t\t<div class=\"upk-main-image\">\n\t\t\t\t\t\t<img loading=\"lazy\" decoding=\"async\" width=\"150\" height=\"150\" src=\"https:\/\/cooprinforma.cl\/wp-content\/uploads\/2024\/04\/foto-inicio-copia-150x150.jpg\" class=\"upk-img\" alt=\"\u00bfHACIA D\u00d3NDE SE DIRIGE ACTUALMENTE EL SECTOR L\u00c1CTEO MUNDIAL?\" \/>\t\t\t\t\t<\/div>\n\n\t\t\t\t\t\n\t\t\t\t<\/div>\n\n\t\t\t\t<div class=\"upk-content\">\n\t\t\t\t\t<div class=\"upk-content-inner\">\n\n\t\t\t\t\t\t\n\t\t\t\t\t\t<div class=\"upk-title\"><a href=\"https:\/\/cooprinforma.cl\/index.php\/2025\/07\/18\/hacia-donde-se-dirige-actualmente-el-sector-lacteo-mundial\/\" title=\"\u00bfHACIA D\u00d3NDE SE DIRIGE ACTUALMENTE EL SECTOR L\u00c1CTEO MUNDIAL?\" class=\"title-animation-underline\" >\u00bfHACIA D\u00d3NDE SE DIRIGE ACTUALMENTE EL SECTOR L\u00c1CTEO MUNDIAL?<\/a><\/div>\n\t\t\t\t\t\t\t\t\t\t\t<\/div>\n\t\t\t\t<\/div>\n\n\t\t\t<\/div>\n\t\t<\/div>\n\n\n\t\n\t\t\t\t\n\t\t\t\t\t\t\t<div class=\"upk-item\">\n\t\t\t<div class=\"upk-item-box\">\n\t\t\t\t<div class=\"upk-image-wrap\">\n\t\t\t\t\t<div class=\"upk-main-image\">\n\t\t\t\t\t\t<img loading=\"lazy\" decoding=\"async\" width=\"150\" height=\"150\" src=\"https:\/\/cooprinforma.cl\/wp-content\/uploads\/2025\/07\/DSCF6072-150x150.jpg\" class=\"upk-img\" alt=\"Resumen de la Conferencia Lechera IFCN 2025\" \/>\t\t\t\t\t<\/div>\n\n\t\t\t\t\t\n\t\t\t\t<\/div>\n\n\t\t\t\t<div class=\"upk-content\">\n\t\t\t\t\t<div class=\"upk-content-inner\">\n\n\t\t\t\t\t\t\n\t\t\t\t\t\t<div class=\"upk-title\"><a href=\"https:\/\/cooprinforma.cl\/index.php\/2025\/07\/18\/resumen-de-la-conferencia-lechera-ifcn-2025\/\" title=\"Resumen de la Conferencia Lechera IFCN 2025\" class=\"title-animation-underline\" >Resumen de la Conferencia Lechera IFCN 2025<\/a><\/div>\n\t\t\t\t\t\t\t\t\t\t\t<\/div>\n\t\t\t\t<\/div>\n\n\t\t\t<\/div>\n\t\t<\/div>\n\n\n\t\n\t\t\t\t\n\t\t\t\t\t\t\t<div class=\"upk-item\">\n\t\t\t<div class=\"upk-item-box\">\n\t\t\t\t<div class=\"upk-image-wrap\">\n\t\t\t\t\t<div class=\"upk-main-image\">\n\t\t\t\t\t\t<img loading=\"lazy\" decoding=\"async\" width=\"150\" height=\"150\" src=\"https:\/\/cooprinforma.cl\/wp-content\/uploads\/2025\/07\/IMG-20250703-WA0001-150x150.jpg\" class=\"upk-img\" alt=\"Nos Recomiendan: Sociedad de Servicios Agr\u00edcola Mayer Sauterel\" srcset=\"https:\/\/cooprinforma.cl\/wp-content\/uploads\/2025\/07\/IMG-20250703-WA0001-150x150.jpg 150w, https:\/\/cooprinforma.cl\/wp-content\/uploads\/2025\/07\/IMG-20250703-WA0001-300x300.jpg 300w, https:\/\/cooprinforma.cl\/wp-content\/uploads\/2025\/07\/IMG-20250703-WA0001-1024x1024.jpg 1024w, https:\/\/cooprinforma.cl\/wp-content\/uploads\/2025\/07\/IMG-20250703-WA0001-768x768.jpg 768w, https:\/\/cooprinforma.cl\/wp-content\/uploads\/2025\/07\/IMG-20250703-WA0001-1536x1536.jpg 1536w, https:\/\/cooprinforma.cl\/wp-content\/uploads\/2025\/07\/IMG-20250703-WA0001.jpg 1600w\" sizes=\"auto, (max-width: 150px) 100vw, 150px\" \/>\t\t\t\t\t<\/div>\n\n\t\t\t\t\t\n\t\t\t\t<\/div>\n\n\t\t\t\t<div class=\"upk-content\">\n\t\t\t\t\t<div class=\"upk-content-inner\">\n\n\t\t\t\t\t\t\n\t\t\t\t\t\t<div class=\"upk-title\"><a href=\"https:\/\/cooprinforma.cl\/index.php\/2025\/07\/18\/nos-recomiendan-sociedad-de-servicios-agricola-mayer-sauterel\/\" title=\"Nos Recomiendan: Sociedad de Servicios Agr\u00edcola Mayer Sauterel\" class=\"title-animation-underline\" >Nos Recomiendan: Sociedad de Servicios Agr\u00edcola Mayer Sauterel<\/a><\/div>\n\t\t\t\t\t\t\t\t\t\t\t<\/div>\n\t\t\t\t<\/div>\n\n\t\t\t<\/div>\n\t\t<\/div>\n\n\n\t\n\t\t\t\t\n\t\t\t\t\t\t\t<div class=\"upk-item\">\n\t\t\t<div class=\"upk-item-box\">\n\t\t\t\t<div class=\"upk-image-wrap\">\n\t\t\t\t\t<div class=\"upk-main-image\">\n\t\t\t\t\t\t<img loading=\"lazy\" decoding=\"async\" width=\"150\" height=\"150\" src=\"https:\/\/cooprinforma.cl\/wp-content\/uploads\/2025\/07\/KWS0224_KWS-Feedbeet-Silagen_016-150x150.jpg\" class=\"upk-img\" alt=\"La revoluci\u00f3n de la Remolacha Azucarera en la alimentaci\u00f3n de vacas lecheras\" \/>\t\t\t\t\t<\/div>\n\n\t\t\t\t\t\n\t\t\t\t<\/div>\n\n\t\t\t\t<div class=\"upk-content\">\n\t\t\t\t\t<div class=\"upk-content-inner\">\n\n\t\t\t\t\t\t\n\t\t\t\t\t\t<div class=\"upk-title\"><a href=\"https:\/\/cooprinforma.cl\/index.php\/2025\/07\/18\/la-revolucion-de-la-remolacha-azucarera-en-la-alimentacion-de-vacas-lecheras\/\" title=\"La revoluci\u00f3n de la Remolacha Azucarera en la alimentaci\u00f3n de vacas lecheras\" class=\"title-animation-underline\" >La revoluci\u00f3n de la Remolacha Azucarera en la alimentaci\u00f3n de vacas lecheras<\/a><\/div>\n\t\t\t\t\t\t\t\t\t\t\t<\/div>\n\t\t\t\t<\/div>\n\n\t\t\t<\/div>\n\t\t<\/div>\n\n\n\t\n\t\t\t\t\n\t\t\t\t\t\t\t<div class=\"upk-item\">\n\t\t\t<div class=\"upk-item-box\">\n\t\t\t\t<div class=\"upk-image-wrap\">\n\t\t\t\t\t<div class=\"upk-main-image\">\n\t\t\t\t\t\t<img loading=\"lazy\" decoding=\"async\" width=\"150\" height=\"150\" src=\"https:\/\/cooprinforma.cl\/wp-content\/uploads\/2025\/07\/extra-CF079494-150x150.png\" class=\"upk-img\" alt=\"Bienestar Animal en Lecher\u00edas Rob\u00f3ticas\" \/>\t\t\t\t\t<\/div>\n\n\t\t\t\t\t\n\t\t\t\t<\/div>\n\n\t\t\t\t<div class=\"upk-content\">\n\t\t\t\t\t<div class=\"upk-content-inner\">\n\n\t\t\t\t\t\t\n\t\t\t\t\t\t<div class=\"upk-title\"><a href=\"https:\/\/cooprinforma.cl\/index.php\/2025\/07\/18\/bienestar-animal-en-lecherias-roboticas\/\" title=\"Bienestar Animal en Lecher\u00edas Rob\u00f3ticas\" class=\"title-animation-underline\" >Bienestar Animal en Lecher\u00edas Rob\u00f3ticas<\/a><\/div>\n\t\t\t\t\t\t\t\t\t\t\t<\/div>\n\t\t\t\t<\/div>\n\n\t\t\t<\/div>\n\t\t<\/div>\n\n\n\t\n\t\t\t\t\n\t\t\t\t\t\t\t<div class=\"upk-item\">\n\t\t\t<div class=\"upk-item-box\">\n\t\t\t\t<div class=\"upk-image-wrap\">\n\t\t\t\t\t<div class=\"upk-main-image\">\n\t\t\t\t\t\t<img loading=\"lazy\" decoding=\"async\" width=\"150\" height=\"150\" src=\"https:\/\/cooprinforma.cl\/wp-content\/uploads\/2025\/07\/Comic-intolerancia-a-la-lactosa-1-1-150x150.jpg\" class=\"upk-img\" alt=\"Gracias a la Leche: Presentan novedoso c\u00f3mic sobre educaci\u00f3n nutricional\" srcset=\"https:\/\/cooprinforma.cl\/wp-content\/uploads\/2025\/07\/Comic-intolerancia-a-la-lactosa-1-1-150x150.jpg 150w, https:\/\/cooprinforma.cl\/wp-content\/uploads\/2025\/07\/Comic-intolerancia-a-la-lactosa-1-1-300x300.jpg 300w, https:\/\/cooprinforma.cl\/wp-content\/uploads\/2025\/07\/Comic-intolerancia-a-la-lactosa-1-1-1024x1024.jpg 1024w, https:\/\/cooprinforma.cl\/wp-content\/uploads\/2025\/07\/Comic-intolerancia-a-la-lactosa-1-1-768x768.jpg 768w, https:\/\/cooprinforma.cl\/wp-content\/uploads\/2025\/07\/Comic-intolerancia-a-la-lactosa-1-1.jpg 1080w\" sizes=\"auto, (max-width: 150px) 100vw, 150px\" \/>\t\t\t\t\t<\/div>\n\n\t\t\t\t\t\n\t\t\t\t<\/div>\n\n\t\t\t\t<div class=\"upk-content\">\n\t\t\t\t\t<div class=\"upk-content-inner\">\n\n\t\t\t\t\t\t\n\t\t\t\t\t\t<div class=\"upk-title\"><a href=\"https:\/\/cooprinforma.cl\/index.php\/2025\/07\/18\/gracias-a-la-leche-presentan-novedoso-comic-sobre-educacion-nutricional\/\" title=\"Gracias a la Leche: Presentan novedoso c\u00f3mic sobre educaci\u00f3n nutricional\" class=\"title-animation-underline\" >Gracias a la Leche: Presentan novedoso c\u00f3mic sobre educaci\u00f3n nutricional<\/a><\/div>\n\t\t\t\t\t\t\t\t\t\t\t<\/div>\n\t\t\t\t<\/div>\n\n\t\t\t<\/div>\n\t\t<\/div>\n\n\n\t\n\t\t\t\t\n\t\t\t\t\t\t\t<div class=\"upk-item\">\n\t\t\t<div class=\"upk-item-box\">\n\t\t\t\t<div class=\"upk-image-wrap\">\n\t\t\t\t\t<div class=\"upk-main-image\">\n\t\t\t\t\t\t<img loading=\"lazy\" decoding=\"async\" width=\"150\" height=\"150\" src=\"https:\/\/cooprinforma.cl\/wp-content\/uploads\/2025\/07\/IMG-20250611-WA0003-150x150.jpg\" class=\"upk-img\" alt=\"Factor principal de sistemas de riego por cobertura total El rendimiento de los aspersores Nelson\" \/>\t\t\t\t\t<\/div>\n\n\t\t\t\t\t\n\t\t\t\t<\/div>\n\n\t\t\t\t<div class=\"upk-content\">\n\t\t\t\t\t<div class=\"upk-content-inner\">\n\n\t\t\t\t\t\t\n\t\t\t\t\t\t<div class=\"upk-title\"><a href=\"https:\/\/cooprinforma.cl\/index.php\/2025\/07\/18\/factor-principal-de-sistemas-de-riego-por-cobertura-total-el-rendimiento-de-los-aspersores-nelson\/\" title=\"Factor principal de sistemas de riego por cobertura total El rendimiento de los aspersores Nelson\" class=\"title-animation-underline\" >Factor principal de sistemas de riego por cobertura total El rendimiento de los aspersores Nelson<\/a><\/div>\n\t\t\t\t\t\t\t\t\t\t\t<\/div>\n\t\t\t\t<\/div>\n\n\t\t\t<\/div>\n\t\t<\/div>\n\n\n\t\n\t\t\t\t\n\t\t\t\t\t\t\t<div class=\"upk-item\">\n\t\t\t<div class=\"upk-item-box\">\n\t\t\t\t<div class=\"upk-image-wrap\">\n\t\t\t\t\t<div class=\"upk-main-image\">\n\t\t\t\t\t\t<img loading=\"lazy\" decoding=\"async\" width=\"150\" height=\"150\" src=\"https:\/\/cooprinforma.cl\/wp-content\/uploads\/2025\/07\/Foto-1-Tubos-de-muestreo-150x150.jpg\" class=\"upk-img\" alt=\"Bioqu\u00edmica sangu\u00ednea veterinaria Consideraciones generales\" \/>\t\t\t\t\t<\/div>\n\n\t\t\t\t\t\n\t\t\t\t<\/div>\n\n\t\t\t\t<div class=\"upk-content\">\n\t\t\t\t\t<div class=\"upk-content-inner\">\n\n\t\t\t\t\t\t\n\t\t\t\t\t\t<div class=\"upk-title\"><a href=\"https:\/\/cooprinforma.cl\/index.php\/2025\/07\/18\/bioquimica-sanguinea-veterinaria-consideraciones-generales\/\" title=\"Bioqu\u00edmica sangu\u00ednea veterinaria Consideraciones generales\" class=\"title-animation-underline\" >Bioqu\u00edmica sangu\u00ednea veterinaria Consideraciones generales<\/a><\/div>\n\t\t\t\t\t\t\t\t\t\t\t<\/div>\n\t\t\t\t<\/div>\n\n\t\t\t<\/div>\n\t\t<\/div>\n\n\n\t\n\t\t\t\t\n\t\t\t\t\t\t\t<div class=\"upk-item\">\n\t\t\t<div class=\"upk-item-box\">\n\t\t\t\t<div class=\"upk-image-wrap\">\n\t\t\t\t\t<div class=\"upk-main-image\">\n\t\t\t\t\t\t<img loading=\"lazy\" decoding=\"async\" width=\"150\" height=\"150\" src=\"https:\/\/cooprinforma.cl\/wp-content\/uploads\/2025\/07\/delaval2_001-2-150x150.jpg\" class=\"upk-img\" alt=\"\u00bfTu ganado come bien? Descubre el poder de una buena mezcla\" \/>\t\t\t\t\t<\/div>\n\n\t\t\t\t\t\n\t\t\t\t<\/div>\n\n\t\t\t\t<div class=\"upk-content\">\n\t\t\t\t\t<div class=\"upk-content-inner\">\n\n\t\t\t\t\t\t\n\t\t\t\t\t\t<div class=\"upk-title\"><a href=\"https:\/\/cooprinforma.cl\/index.php\/2025\/07\/18\/tu-ganado-come-bien-descubre-el-poder-de-una-buena-mezcla\/\" title=\"\u00bfTu ganado come bien? Descubre el poder de una buena mezcla\" class=\"title-animation-underline\" >\u00bfTu ganado come bien? Descubre el poder de una buena mezcla<\/a><\/div>\n\t\t\t\t\t\t\t\t\t\t\t<\/div>\n\t\t\t\t<\/div>\n\n\t\t\t<\/div>\n\t\t<\/div>\n\n\n\t\n\t\t\t\t\n\t\t\t\t\t\t\t<div class=\"upk-item\">\n\t\t\t<div class=\"upk-item-box\">\n\t\t\t\t<div class=\"upk-image-wrap\">\n\t\t\t\t\t<div class=\"upk-main-image\">\n\t\t\t\t\t\t<img loading=\"lazy\" decoding=\"async\" width=\"150\" height=\"150\" src=\"https:\/\/cooprinforma.cl\/wp-content\/uploads\/2025\/07\/Inicio-Arti\u0301culo-150x150.jpg\" class=\"upk-img\" alt=\"Brassicas Forrajeras: Suplementaci\u00f3n clave en \u00e9pocas cr\u00edticas\u00a0\" \/>\t\t\t\t\t<\/div>\n\n\t\t\t\t\t\n\t\t\t\t<\/div>\n\n\t\t\t\t<div class=\"upk-content\">\n\t\t\t\t\t<div class=\"upk-content-inner\">\n\n\t\t\t\t\t\t\n\t\t\t\t\t\t<div class=\"upk-title\"><a href=\"https:\/\/cooprinforma.cl\/index.php\/2025\/07\/18\/brassicas-forrajeras-suplementacion-clave-en-epocas-criticas\/\" title=\"Brassicas Forrajeras: Suplementaci\u00f3n clave en \u00e9pocas cr\u00edticas\u00a0\" class=\"title-animation-underline\" >Brassicas Forrajeras: Suplementaci\u00f3n clave en \u00e9pocas cr\u00edticas\u00a0<\/a><\/div>\n\t\t\t\t\t\t\t\t\t\t\t<\/div>\n\t\t\t\t<\/div>\n\n\t\t\t<\/div>\n\t\t<\/div>\n\n\n\t\n\t\t\t\t\n\t\t\t\t\t\t\t<div class=\"upk-item\">\n\t\t\t<div class=\"upk-item-box\">\n\t\t\t\t<div class=\"upk-image-wrap\">\n\t\t\t\t\t<div class=\"upk-main-image\">\n\t\t\t\t\t\t<img loading=\"lazy\" decoding=\"async\" width=\"150\" height=\"150\" src=\"https:\/\/cooprinforma.cl\/wp-content\/uploads\/2025\/07\/20230602_120900-scaled-e1752806642369-150x150.jpg\" class=\"upk-img\" alt=\"Leche de transici\u00f3n \u00bfpor qu\u00e9 aprovechar este recurso en la alimentaci\u00f3n de terneros?\" \/>\t\t\t\t\t<\/div>\n\n\t\t\t\t\t\n\t\t\t\t<\/div>\n\n\t\t\t\t<div class=\"upk-content\">\n\t\t\t\t\t<div class=\"upk-content-inner\">\n\n\t\t\t\t\t\t\n\t\t\t\t\t\t<div class=\"upk-title\"><a href=\"https:\/\/cooprinforma.cl\/index.php\/2025\/07\/18\/leche-de-transicion-por-que-aprovechar-este-recurso-en-la-alimentacion-de-terneros\/\" title=\"Leche de transici\u00f3n \u00bfpor qu\u00e9 aprovechar este recurso en la alimentaci\u00f3n de terneros?\" class=\"title-animation-underline\" >Leche de transici\u00f3n \u00bfpor qu\u00e9 aprovechar este recurso en la alimentaci\u00f3n de terneros?<\/a><\/div>\n\t\t\t\t\t\t\t\t\t\t\t<\/div>\n\t\t\t\t<\/div>\n\n\t\t\t<\/div>\n\t\t<\/div>\n\n\n\t\n\t\t\t\t\n\t\t\t\t\t\t\t<div class=\"upk-item\">\n\t\t\t<div class=\"upk-item-box\">\n\t\t\t\t<div class=\"upk-image-wrap\">\n\t\t\t\t\t<div class=\"upk-main-image\">\n\t\t\t\t\t\t<img loading=\"lazy\" decoding=\"async\" width=\"150\" height=\"150\" src=\"https:\/\/cooprinforma.cl\/wp-content\/uploads\/2025\/06\/IMG-20250508-WA0004-150x150.jpg\" class=\"upk-img\" alt=\"Nos Recomiendan: Mathis Epple Fundo Futacuhin\" \/>\t\t\t\t\t<\/div>\n\n\t\t\t\t\t\n\t\t\t\t<\/div>\n\n\t\t\t\t<div class=\"upk-content\">\n\t\t\t\t\t<div class=\"upk-content-inner\">\n\n\t\t\t\t\t\t\n\t\t\t\t\t\t<div class=\"upk-title\"><a href=\"https:\/\/cooprinforma.cl\/index.php\/2025\/06\/01\/nos-recomiendan-mathis-epple-fundo-futacuhin\/\" title=\"Nos Recomiendan: Mathis Epple Fundo Futacuhin\" class=\"title-animation-underline\" >Nos Recomiendan: Mathis Epple Fundo Futacuhin<\/a><\/div>\n\t\t\t\t\t\t\t\t\t\t\t<\/div>\n\t\t\t\t<\/div>\n\n\t\t\t<\/div>\n\t\t<\/div>\n\n\n\t\n\t\t\t\t\n\t\t\t\t\t\t\t<div class=\"upk-item\">\n\t\t\t<div class=\"upk-item-box\">\n\t\t\t\t<div class=\"upk-image-wrap\">\n\t\t\t\t\t<div class=\"upk-main-image\">\n\t\t\t\t\t\t<img loading=\"lazy\" decoding=\"async\" width=\"150\" height=\"150\" src=\"https:\/\/cooprinforma.cl\/wp-content\/uploads\/2025\/06\/portada-150x150.jpg\" class=\"upk-img\" alt=\"Fertilizantes Minerales Fosf\u00f3ricos\" \/>\t\t\t\t\t<\/div>\n\n\t\t\t\t\t\n\t\t\t\t<\/div>\n\n\t\t\t\t<div class=\"upk-content\">\n\t\t\t\t\t<div class=\"upk-content-inner\">\n\n\t\t\t\t\t\t\n\t\t\t\t\t\t<div class=\"upk-title\"><a href=\"https:\/\/cooprinforma.cl\/index.php\/2025\/06\/01\/fertilizantes-minerales-fosforicos\/\" title=\"Fertilizantes Minerales Fosf\u00f3ricos\" class=\"title-animation-underline\" >Fertilizantes Minerales Fosf\u00f3ricos<\/a><\/div>\n\t\t\t\t\t\t\t\t\t\t\t<\/div>\n\t\t\t\t<\/div>\n\n\t\t\t<\/div>\n\t\t<\/div>\n\n\n\t\n\t\t\t\t\n\t\t\t\t\t\t\t<div class=\"upk-item\">\n\t\t\t<div class=\"upk-item-box\">\n\t\t\t\t<div class=\"upk-image-wrap\">\n\t\t\t\t\t<div class=\"upk-main-image\">\n\t\t\t\t\t\t<img decoding=\"async\" class=\"upk-img\" src=\"https:\/\/cooprinforma.cl\/wp-content\/plugins\/elementor\/assets\/images\/placeholder.png\" alt=\"Implicaciones Econ\u00f3micas del Mercado L\u00e1cteo en 2025\">\t\t\t\t\t<\/div>\n\n\t\t\t\t\t\n\t\t\t\t<\/div>\n\n\t\t\t\t<div class=\"upk-content\">\n\t\t\t\t\t<div class=\"upk-content-inner\">\n\n\t\t\t\t\t\t\n\t\t\t\t\t\t<div class=\"upk-title\"><a href=\"https:\/\/cooprinforma.cl\/index.php\/2025\/06\/01\/implicaciones-economicas-del-mercado-lacteo-en-2025\/\" title=\"Implicaciones Econ\u00f3micas del Mercado L\u00e1cteo en 2025\" class=\"title-animation-underline\" >Implicaciones Econ\u00f3micas del Mercado L\u00e1cteo en 2025<\/a><\/div>\n\t\t\t\t\t\t\t\t\t\t\t<\/div>\n\t\t\t\t<\/div>\n\n\t\t\t<\/div>\n\t\t<\/div>\n\n\n\t\n\t\t\t\t\n\t\t\t\t\t\t\t<div class=\"upk-item\">\n\t\t\t<div class=\"upk-item-box\">\n\t\t\t\t<div class=\"upk-image-wrap\">\n\t\t\t\t\t<div class=\"upk-main-image\">\n\t\t\t\t\t\t<img loading=\"lazy\" decoding=\"async\" width=\"150\" height=\"150\" src=\"https:\/\/cooprinforma.cl\/wp-content\/uploads\/2025\/06\/portada-150x150.png\" class=\"upk-img\" alt=\"La importancia del an\u00e1lisis de agua en predios agr\u00edcolas\" \/>\t\t\t\t\t<\/div>\n\n\t\t\t\t\t\n\t\t\t\t<\/div>\n\n\t\t\t\t<div class=\"upk-content\">\n\t\t\t\t\t<div class=\"upk-content-inner\">\n\n\t\t\t\t\t\t\n\t\t\t\t\t\t<div class=\"upk-title\"><a href=\"https:\/\/cooprinforma.cl\/index.php\/2025\/06\/01\/la-importancia-del-analisis-de-agua-en-predios-agricolas\/\" title=\"La importancia del an\u00e1lisis de agua en predios agr\u00edcolas\" class=\"title-animation-underline\" >La importancia del an\u00e1lisis de agua en predios agr\u00edcolas<\/a><\/div>\n\t\t\t\t\t\t\t\t\t\t\t<\/div>\n\t\t\t\t<\/div>\n\n\t\t\t<\/div>\n\t\t<\/div>\n\n\n\t\n\t\t\t\t\n\t\t\t\t\t\t\t<div class=\"upk-item\">\n\t\t\t<div class=\"upk-item-box\">\n\t\t\t\t<div class=\"upk-image-wrap\">\n\t\t\t\t\t<div class=\"upk-main-image\">\n\t\t\t\t\t\t<img loading=\"lazy\" decoding=\"async\" width=\"150\" height=\"150\" src=\"https:\/\/cooprinforma.cl\/wp-content\/uploads\/2025\/06\/foto1-150x150.jpg\" class=\"upk-img\" alt=\"Align, Three60 y Brace gen\u00e9tica forrajera de \u00faltima generaci\u00f3n disponible en Chile\" srcset=\"https:\/\/cooprinforma.cl\/wp-content\/uploads\/2025\/06\/foto1-150x150.jpg 150w, https:\/\/cooprinforma.cl\/wp-content\/uploads\/2025\/06\/foto1-300x300.jpg 300w, https:\/\/cooprinforma.cl\/wp-content\/uploads\/2025\/06\/foto1-1024x1024.jpg 1024w, https:\/\/cooprinforma.cl\/wp-content\/uploads\/2025\/06\/foto1-768x768.jpg 768w, https:\/\/cooprinforma.cl\/wp-content\/uploads\/2025\/06\/foto1.jpg 1496w\" sizes=\"auto, (max-width: 150px) 100vw, 150px\" \/>\t\t\t\t\t<\/div>\n\n\t\t\t\t\t\n\t\t\t\t<\/div>\n\n\t\t\t\t<div class=\"upk-content\">\n\t\t\t\t\t<div class=\"upk-content-inner\">\n\n\t\t\t\t\t\t\n\t\t\t\t\t\t<div class=\"upk-title\"><a href=\"https:\/\/cooprinforma.cl\/index.php\/2025\/06\/01\/align-three60-y-brace-genetica-forrajera-de-ultima-generacion-disponible-en-chile\/\" title=\"Align, Three60 y Brace gen\u00e9tica forrajera de \u00faltima generaci\u00f3n disponible en Chile\" class=\"title-animation-underline\" >Align, Three60 y Brace gen\u00e9tica forrajera de \u00faltima generaci\u00f3n disponible en Chile<\/a><\/div>\n\t\t\t\t\t\t\t\t\t\t\t<\/div>\n\t\t\t\t<\/div>\n\n\t\t\t<\/div>\n\t\t<\/div>\n\n\n\t\n\t\t\t\t\n\t\t\t\t\t\t\t<div class=\"upk-item\">\n\t\t\t<div class=\"upk-item-box\">\n\t\t\t\t<div class=\"upk-image-wrap\">\n\t\t\t\t\t<div class=\"upk-main-image\">\n\t\t\t\t\t\t<img loading=\"lazy\" decoding=\"async\" width=\"150\" height=\"150\" src=\"https:\/\/cooprinforma.cl\/wp-content\/uploads\/2025\/06\/foto-1-150x150.jpeg\" class=\"upk-img\" alt=\"Factores a considerar para un manejo de purines eficiente y sostenible en lecher\u00edas\" \/>\t\t\t\t\t<\/div>\n\n\t\t\t\t\t\n\t\t\t\t<\/div>\n\n\t\t\t\t<div class=\"upk-content\">\n\t\t\t\t\t<div class=\"upk-content-inner\">\n\n\t\t\t\t\t\t\n\t\t\t\t\t\t<div class=\"upk-title\"><a href=\"https:\/\/cooprinforma.cl\/index.php\/2025\/06\/01\/factores-a-considerar-para-un-manejo-de-purines-eficiente-y-sostenible-en-lecherias\/\" title=\"Factores a considerar para un manejo de purines eficiente y sostenible en lecher\u00edas\" class=\"title-animation-underline\" >Factores a considerar para un manejo de purines eficiente y sostenible en lecher\u00edas<\/a><\/div>\n\t\t\t\t\t\t\t\t\t\t\t<\/div>\n\t\t\t\t<\/div>\n\n\t\t\t<\/div>\n\t\t<\/div>\n\n\n\t\n\t\t\t\t\n\t\t\t\t\t\t\t<div class=\"upk-item\">\n\t\t\t<div class=\"upk-item-box\">\n\t\t\t\t<div class=\"upk-image-wrap\">\n\t\t\t\t\t<div class=\"upk-main-image\">\n\t\t\t\t\t\t<img loading=\"lazy\" decoding=\"async\" width=\"150\" height=\"150\" src=\"https:\/\/cooprinforma.cl\/wp-content\/uploads\/2025\/06\/portada-1-150x150.png\" class=\"upk-img\" alt=\"Destete de terneros: claves a considerar\" \/>\t\t\t\t\t<\/div>\n\n\t\t\t\t\t\n\t\t\t\t<\/div>\n\n\t\t\t\t<div class=\"upk-content\">\n\t\t\t\t\t<div class=\"upk-content-inner\">\n\n\t\t\t\t\t\t\n\t\t\t\t\t\t<div class=\"upk-title\"><a href=\"https:\/\/cooprinforma.cl\/index.php\/2025\/06\/01\/destete-de-terneros-claves-a-considerar\/\" title=\"Destete de terneros: claves a considerar\" class=\"title-animation-underline\" >Destete de terneros: claves a considerar<\/a><\/div>\n\t\t\t\t\t\t\t\t\t\t\t<\/div>\n\t\t\t\t<\/div>\n\n\t\t\t<\/div>\n\t\t<\/div>\n\n\n\t\n\t\t\t\t\n\t\t\t\t\t\t\t<div class=\"upk-item\">\n\t\t\t<div class=\"upk-item-box\">\n\t\t\t\t<div class=\"upk-image-wrap\">\n\t\t\t\t\t<div class=\"upk-main-image\">\n\t\t\t\t\t\t<img loading=\"lazy\" decoding=\"async\" width=\"150\" height=\"150\" src=\"https:\/\/cooprinforma.cl\/wp-content\/uploads\/2025\/05\/Logo-horizontal-CORREGIDO-2-150x150.png\" class=\"upk-img\" alt=\"Lecher\u00eda 4.0: C\u00f3mo la tecnolog\u00eda est\u00e1 cambiando el futuro de la Producci\u00f3n L\u00e1ctea\" \/>\t\t\t\t\t<\/div>\n\n\t\t\t\t\t\n\t\t\t\t<\/div>\n\n\t\t\t\t<div class=\"upk-content\">\n\t\t\t\t\t<div class=\"upk-content-inner\">\n\n\t\t\t\t\t\t\n\t\t\t\t\t\t<div class=\"upk-title\"><a href=\"https:\/\/cooprinforma.cl\/index.php\/2025\/05\/31\/lecheria-4-0-como-la-tecnologia-esta-cambiando-el-futuro-de-la-produccion-lactea\/\" title=\"Lecher\u00eda 4.0: C\u00f3mo la tecnolog\u00eda est\u00e1 cambiando el futuro de la Producci\u00f3n L\u00e1ctea\" class=\"title-animation-underline\" >Lecher\u00eda 4.0: C\u00f3mo la tecnolog\u00eda est\u00e1 cambiando el futuro de la Producci\u00f3n L\u00e1ctea<\/a><\/div>\n\t\t\t\t\t\t\t\t\t\t\t<\/div>\n\t\t\t\t<\/div>\n\n\t\t\t<\/div>\n\t\t<\/div>\n\n\n\t\n\t\t\t\t\n\t\t\t\t\t\t\t<div class=\"upk-item\">\n\t\t\t<div class=\"upk-item-box\">\n\t\t\t\t<div class=\"upk-image-wrap\">\n\t\t\t\t\t<div class=\"upk-main-image\">\n\t\t\t\t\t\t<img loading=\"lazy\" decoding=\"async\" width=\"150\" height=\"150\" src=\"https:\/\/cooprinforma.cl\/wp-content\/uploads\/2025\/04\/Captura-de-pantalla-2025-04-15-a-las-10.01.18\u202fp.m-150x150.png\" class=\"upk-img\" alt=\"Orde\u00f1a Rob\u00f3tica Voluntaria en Sistemas Estabulados: Opciones de tr\u00e1fico de las vacas\" \/>\t\t\t\t\t<\/div>\n\n\t\t\t\t\t\n\t\t\t\t<\/div>\n\n\t\t\t\t<div class=\"upk-content\">\n\t\t\t\t\t<div class=\"upk-content-inner\">\n\n\t\t\t\t\t\t\n\t\t\t\t\t\t<div class=\"upk-title\"><a href=\"https:\/\/cooprinforma.cl\/index.php\/2025\/04\/17\/ordena-robotica-voluntaria-en-sistemas-estabulados-opciones-de-trafico-de-las-vacas\/\" title=\"Orde\u00f1a Rob\u00f3tica Voluntaria en Sistemas Estabulados: Opciones de tr\u00e1fico de las vacas\" class=\"title-animation-underline\" >Orde\u00f1a Rob\u00f3tica Voluntaria en Sistemas Estabulados: Opciones de tr\u00e1fico de las vacas<\/a><\/div>\n\t\t\t\t\t\t\t\t\t\t\t<\/div>\n\t\t\t\t<\/div>\n\n\t\t\t<\/div>\n\t\t<\/div>\n\n\n\t\n\t\t\t\t\n\t\t\t\t\t\t\t<div class=\"upk-item\">\n\t\t\t<div class=\"upk-item-box\">\n\t\t\t\t<div class=\"upk-image-wrap\">\n\t\t\t\t\t<div class=\"upk-main-image\">\n\t\t\t\t\t\t<img loading=\"lazy\" decoding=\"async\" width=\"150\" height=\"150\" src=\"https:\/\/cooprinforma.cl\/wp-content\/uploads\/2025\/04\/vacas-comiendo-granja-cria-ganado-vacuno-large-150x150.jpg\" class=\"upk-img\" alt=\"Factores que afectan la calidad nutricional de los ensilajes de ma\u00edz\" \/>\t\t\t\t\t<\/div>\n\n\t\t\t\t\t\n\t\t\t\t<\/div>\n\n\t\t\t\t<div class=\"upk-content\">\n\t\t\t\t\t<div class=\"upk-content-inner\">\n\n\t\t\t\t\t\t\n\t\t\t\t\t\t<div class=\"upk-title\"><a href=\"https:\/\/cooprinforma.cl\/index.php\/2025\/04\/17\/factores-que-afectan-la-calidad-nutricional-de-los-ensilajes-de-maiz\/\" title=\"Factores que afectan la calidad nutricional de los ensilajes de ma\u00edz\" class=\"title-animation-underline\" >Factores que afectan la calidad nutricional de los ensilajes de ma\u00edz<\/a><\/div>\n\t\t\t\t\t\t\t\t\t\t\t<\/div>\n\t\t\t\t<\/div>\n\n\t\t\t<\/div>\n\t\t<\/div>\n\n\n\t\n\t\t\t\t\n\t\t\t\t\t\t\t<div class=\"upk-item\">\n\t\t\t<div class=\"upk-item-box\">\n\t\t\t\t<div class=\"upk-image-wrap\">\n\t\t\t\t\t<div class=\"upk-main-image\">\n\t\t\t\t\t\t<img loading=\"lazy\" decoding=\"async\" width=\"150\" height=\"150\" src=\"https:\/\/cooprinforma.cl\/wp-content\/uploads\/2025\/04\/IMG-20250317-WA0013-150x150.jpg\" class=\"upk-img\" alt=\"Nos Recomiendan: Germ\u00e1n Santa Cruz &#8211; Fundo Las Pataguas\" \/>\t\t\t\t\t<\/div>\n\n\t\t\t\t\t\n\t\t\t\t<\/div>\n\n\t\t\t\t<div class=\"upk-content\">\n\t\t\t\t\t<div class=\"upk-content-inner\">\n\n\t\t\t\t\t\t\n\t\t\t\t\t\t<div class=\"upk-title\"><a href=\"https:\/\/cooprinforma.cl\/index.php\/2025\/04\/17\/nos-recomiendan-german-santa-cruz-fundo-las-pataguas\/\" title=\"Nos Recomiendan: Germ\u00e1n Santa Cruz &#8211; Fundo Las Pataguas\" class=\"title-animation-underline\" >Nos Recomiendan: Germ\u00e1n Santa Cruz &#8211; Fundo Las Pataguas<\/a><\/div>\n\t\t\t\t\t\t\t\t\t\t\t<\/div>\n\t\t\t\t<\/div>\n\n\t\t\t<\/div>\n\t\t<\/div>\n\n\n\t\n\t\t\t\t\n\t\t\t\t\t\t\t<div class=\"upk-item\">\n\t\t\t<div class=\"upk-item-box\">\n\t\t\t\t<div class=\"upk-image-wrap\">\n\t\t\t\t\t<div class=\"upk-main-image\">\n\t\t\t\t\t\t<img loading=\"lazy\" decoding=\"async\" width=\"150\" height=\"150\" src=\"https:\/\/cooprinforma.cl\/wp-content\/uploads\/2025\/04\/linea-llenado-botellas-leche-planta-fabricacion-productos-lacteos-caos-luz-solar-50-ar-169-estilizar-200-v-61-id-trabajo-0c838b27975d4eb3952b4ead973b0a56-large-150x150.jpg\" class=\"upk-img\" alt=\"Evoluci\u00f3n del indicador IFCN para el precio de la leche y proyecciones del mercado l\u00e1cteo\" \/>\t\t\t\t\t<\/div>\n\n\t\t\t\t\t\n\t\t\t\t<\/div>\n\n\t\t\t\t<div class=\"upk-content\">\n\t\t\t\t\t<div class=\"upk-content-inner\">\n\n\t\t\t\t\t\t\n\t\t\t\t\t\t<div class=\"upk-title\"><a href=\"https:\/\/cooprinforma.cl\/index.php\/2025\/04\/17\/evolucion-del-indicador-ifcn-para-el-precio-de-la-leche-y-proyecciones-del-mercado-lacteo\/\" title=\"Evoluci\u00f3n del indicador IFCN para el precio de la leche y proyecciones del mercado l\u00e1cteo\" class=\"title-animation-underline\" >Evoluci\u00f3n del indicador IFCN para el precio de la leche y proyecciones del mercado l\u00e1cteo<\/a><\/div>\n\t\t\t\t\t\t\t\t\t\t\t<\/div>\n\t\t\t\t<\/div>\n\n\t\t\t<\/div>\n\t\t<\/div>\n\n\n\t\n\t\t\t\t\n\t\t\t\t\t\t\t<div class=\"upk-item\">\n\t\t\t<div class=\"upk-item-box\">\n\t\t\t\t<div class=\"upk-image-wrap\">\n\t\t\t\t\t<div class=\"upk-main-image\">\n\t\t\t\t\t\t<img loading=\"lazy\" decoding=\"async\" width=\"150\" height=\"150\" src=\"https:\/\/cooprinforma.cl\/wp-content\/uploads\/2025\/04\/WhatsApp-Image-2025-03-18-at-12.28.56-150x150.jpeg\" class=\"upk-img\" alt=\"Hongo End\u00f3fito CM 142 Un equilibrio \u00f3ptimo entre protecci\u00f3n y seguridad\" \/>\t\t\t\t\t<\/div>\n\n\t\t\t\t\t\n\t\t\t\t<\/div>\n\n\t\t\t\t<div class=\"upk-content\">\n\t\t\t\t\t<div class=\"upk-content-inner\">\n\n\t\t\t\t\t\t\n\t\t\t\t\t\t<div class=\"upk-title\"><a href=\"https:\/\/cooprinforma.cl\/index.php\/2025\/04\/17\/hongo-endofito-cm-142-un-equilibrio-optimo-entre-proteccion-y-seguridad\/\" title=\"Hongo End\u00f3fito CM 142 Un equilibrio \u00f3ptimo entre protecci\u00f3n y seguridad\" class=\"title-animation-underline\" >Hongo End\u00f3fito CM 142 Un equilibrio \u00f3ptimo entre protecci\u00f3n y seguridad<\/a><\/div>\n\t\t\t\t\t\t\t\t\t\t\t<\/div>\n\t\t\t\t<\/div>\n\n\t\t\t<\/div>\n\t\t<\/div>\n\n\n\t\n\t\t\t\t\n\t\t\t\t\t\t\t<div class=\"upk-item\">\n\t\t\t<div class=\"upk-item-box\">\n\t\t\t\t<div class=\"upk-image-wrap\">\n\t\t\t\t\t<div class=\"upk-main-image\">\n\t\t\t\t\t\t<img loading=\"lazy\" decoding=\"async\" width=\"150\" height=\"150\" src=\"https:\/\/cooprinforma.cl\/wp-content\/uploads\/2025\/02\/high-angle-different-types-milk-bottles-copia-e1738723382701-150x150.png\" class=\"upk-img\" alt=\"Evoluci\u00f3n de la producci\u00f3n y precio internacional de la leche\" \/>\t\t\t\t\t<\/div>\n\n\t\t\t\t\t\n\t\t\t\t<\/div>\n\n\t\t\t\t<div class=\"upk-content\">\n\t\t\t\t\t<div class=\"upk-content-inner\">\n\n\t\t\t\t\t\t\n\t\t\t\t\t\t<div class=\"upk-title\"><a href=\"https:\/\/cooprinforma.cl\/index.php\/2025\/02\/06\/evolucion-de-la-produccion-y-precio-internacional-de-la-leche\/\" title=\"Evoluci\u00f3n de la producci\u00f3n y precio internacional de la leche\" class=\"title-animation-underline\" >Evoluci\u00f3n de la producci\u00f3n y precio internacional de la leche<\/a><\/div>\n\t\t\t\t\t\t\t\t\t\t\t<\/div>\n\t\t\t\t<\/div>\n\n\t\t\t<\/div>\n\t\t<\/div>\n\n\n\t\n\t\t\t\t\n\t\t\t\t\t\t\t<div class=\"upk-item\">\n\t\t\t<div class=\"upk-item-box\">\n\t\t\t\t<div class=\"upk-image-wrap\">\n\t\t\t\t\t<div class=\"upk-main-image\">\n\t\t\t\t\t\t<img loading=\"lazy\" decoding=\"async\" width=\"150\" height=\"150\" src=\"https:\/\/cooprinforma.cl\/wp-content\/uploads\/2023\/10\/portada-150x150.jpg\" class=\"upk-img\" alt=\"Reconocimiento al m\u00e9rito gen\u00e9tico y productivo Cooprinsem &#8211; Viking Genetics\" \/>\t\t\t\t\t<\/div>\n\n\t\t\t\t\t\n\t\t\t\t<\/div>\n\n\t\t\t\t<div class=\"upk-content\">\n\t\t\t\t\t<div class=\"upk-content-inner\">\n\n\t\t\t\t\t\t\n\t\t\t\t\t\t<div class=\"upk-title\"><a href=\"https:\/\/cooprinforma.cl\/index.php\/2025\/02\/06\/reconocimiento-al-merito-genetico-y-productivo-cooprinsem-viking-genetics\/\" title=\"Reconocimiento al m\u00e9rito gen\u00e9tico y productivo Cooprinsem &#8211; Viking Genetics\" class=\"title-animation-underline\" >Reconocimiento al m\u00e9rito gen\u00e9tico y productivo Cooprinsem &#8211; Viking Genetics<\/a><\/div>\n\t\t\t\t\t\t\t\t\t\t\t<\/div>\n\t\t\t\t<\/div>\n\n\t\t\t<\/div>\n\t\t<\/div>\n\n\n\t\n\t\t\t\t\n\t\t\t\t\t\t\t<div class=\"upk-item\">\n\t\t\t<div class=\"upk-item-box\">\n\t\t\t\t<div class=\"upk-image-wrap\">\n\t\t\t\t\t<div class=\"upk-main-image\">\n\t\t\t\t\t\t<img loading=\"lazy\" decoding=\"async\" width=\"150\" height=\"150\" src=\"https:\/\/cooprinforma.cl\/wp-content\/uploads\/2025\/02\/IMG-20250117-WA0002-150x150.jpg\" class=\"upk-img\" alt=\"Nos Recomiendan en Unidad de Semillas\" \/>\t\t\t\t\t<\/div>\n\n\t\t\t\t\t\n\t\t\t\t<\/div>\n\n\t\t\t\t<div class=\"upk-content\">\n\t\t\t\t\t<div class=\"upk-content-inner\">\n\n\t\t\t\t\t\t\n\t\t\t\t\t\t<div class=\"upk-title\"><a href=\"https:\/\/cooprinforma.cl\/index.php\/2025\/02\/06\/nos-recomiendan-en-unidad-de-semillas\/\" title=\"Nos Recomiendan en Unidad de Semillas\" class=\"title-animation-underline\" >Nos Recomiendan en Unidad de Semillas<\/a><\/div>\n\t\t\t\t\t\t\t\t\t\t\t<\/div>\n\t\t\t\t<\/div>\n\n\t\t\t<\/div>\n\t\t<\/div>\n\n\n\t\n\t\t\t\t\n\t\t\t\t\t\t\t<div class=\"upk-item\">\n\t\t\t<div class=\"upk-item-box\">\n\t\t\t\t<div class=\"upk-image-wrap\">\n\t\t\t\t\t<div class=\"upk-main-image\">\n\t\t\t\t\t\t<img loading=\"lazy\" decoding=\"async\" width=\"150\" height=\"150\" src=\"https:\/\/cooprinforma.cl\/wp-content\/uploads\/2025\/02\/pub001-150x150.jpg\" class=\"upk-img\" alt=\"XV Observatorio L\u00e1cteo Nacional, perspectivas y desaf\u00edos principales\" \/>\t\t\t\t\t<\/div>\n\n\t\t\t\t\t\n\t\t\t\t<\/div>\n\n\t\t\t\t<div class=\"upk-content\">\n\t\t\t\t\t<div class=\"upk-content-inner\">\n\n\t\t\t\t\t\t\n\t\t\t\t\t\t<div class=\"upk-title\"><a href=\"https:\/\/cooprinforma.cl\/index.php\/2025\/02\/06\/xv-observatorio-lacteo-nacional-perspectivas-y-desafios-principales\/\" title=\"XV Observatorio L\u00e1cteo Nacional, perspectivas y desaf\u00edos principales\" class=\"title-animation-underline\" >XV Observatorio L\u00e1cteo Nacional, perspectivas y desaf\u00edos principales<\/a><\/div>\n\t\t\t\t\t\t\t\t\t\t\t<\/div>\n\t\t\t\t<\/div>\n\n\t\t\t<\/div>\n\t\t<\/div>\n\n\n\t\n\t\t\t\t\n\t\t\t\t\t\t\t<div class=\"upk-item\">\n\t\t\t<div class=\"upk-item-box\">\n\t\t\t\t<div class=\"upk-image-wrap\">\n\t\t\t\t\t<div class=\"upk-main-image\">\n\t\t\t\t\t\t<img loading=\"lazy\" decoding=\"async\" width=\"150\" height=\"150\" src=\"https:\/\/cooprinforma.cl\/wp-content\/uploads\/2025\/02\/KWS0523_Imagefotos_KWS_Raps_Kolhernie_Resistenz_120-150x150.jpg\" class=\"upk-img\" alt=\"KWS lidera el cambio en la innovaci\u00f3n global de la mejora gen\u00e9tica del Raps\" \/>\t\t\t\t\t<\/div>\n\n\t\t\t\t\t\n\t\t\t\t<\/div>\n\n\t\t\t\t<div class=\"upk-content\">\n\t\t\t\t\t<div class=\"upk-content-inner\">\n\n\t\t\t\t\t\t\n\t\t\t\t\t\t<div class=\"upk-title\"><a href=\"https:\/\/cooprinforma.cl\/index.php\/2025\/02\/06\/kws-lidera-el-cambio-en-la-innovacion-global-de-la-mejora-genetica-del-raps\/\" title=\"KWS lidera el cambio en la innovaci\u00f3n global de la mejora gen\u00e9tica del Raps\" class=\"title-animation-underline\" >KWS lidera el cambio en la innovaci\u00f3n global de la mejora gen\u00e9tica del Raps<\/a><\/div>\n\t\t\t\t\t\t\t\t\t\t\t<\/div>\n\t\t\t\t<\/div>\n\n\t\t\t<\/div>\n\t\t<\/div>\n\n\n\t\n\t\t\t\t\n\t\t\t\t\t\t\t<div class=\"upk-item\">\n\t\t\t<div class=\"upk-item-box\">\n\t\t\t\t<div class=\"upk-image-wrap\">\n\t\t\t\t\t<div class=\"upk-main-image\">\n\t\t\t\t\t\t<img loading=\"lazy\" decoding=\"async\" width=\"150\" height=\"150\" src=\"https:\/\/cooprinforma.cl\/wp-content\/uploads\/2025\/02\/remolacha-896x504-1-150x150.jpeg\" class=\"upk-img\" alt=\"Silo bolo o silo parva: \u00bfQu\u00e9 m\u00e9todo usar?, \u00bfTienen la misma calidad nutricional?\" \/>\t\t\t\t\t<\/div>\n\n\t\t\t\t\t\n\t\t\t\t<\/div>\n\n\t\t\t\t<div class=\"upk-content\">\n\t\t\t\t\t<div class=\"upk-content-inner\">\n\n\t\t\t\t\t\t\n\t\t\t\t\t\t<div class=\"upk-title\"><a href=\"https:\/\/cooprinforma.cl\/index.php\/2025\/02\/06\/silo-bolo-o-silo-parva-que-metodo-usar-tienen-la-misma-calidad-nutricional\/\" title=\"Silo bolo o silo parva: \u00bfQu\u00e9 m\u00e9todo usar?, \u00bfTienen la misma calidad nutricional?\" class=\"title-animation-underline\" >Silo bolo o silo parva: \u00bfQu\u00e9 m\u00e9todo usar?, \u00bfTienen la misma calidad nutricional?<\/a><\/div>\n\t\t\t\t\t\t\t\t\t\t\t<\/div>\n\t\t\t\t<\/div>\n\n\t\t\t<\/div>\n\t\t<\/div>\n\n\n\t\n\t\t\t\t\n\t\t\t\t\t\t\t<div class=\"upk-item\">\n\t\t\t<div class=\"upk-item-box\">\n\t\t\t\t<div class=\"upk-image-wrap\">\n\t\t\t\t\t<div class=\"upk-main-image\">\n\t\t\t\t\t\t<img loading=\"lazy\" decoding=\"async\" width=\"150\" height=\"150\" src=\"https:\/\/cooprinforma.cl\/wp-content\/uploads\/2025\/02\/IMG_1156-150x150.jpg\" class=\"upk-img\" alt=\"Gira t\u00e9cnica a Nueva Zelanda\" \/>\t\t\t\t\t<\/div>\n\n\t\t\t\t\t\n\t\t\t\t<\/div>\n\n\t\t\t\t<div class=\"upk-content\">\n\t\t\t\t\t<div class=\"upk-content-inner\">\n\n\t\t\t\t\t\t\n\t\t\t\t\t\t<div class=\"upk-title\"><a href=\"https:\/\/cooprinforma.cl\/index.php\/2025\/02\/06\/gira-tecnica-a-nueva-zelanda\/\" title=\"Gira t\u00e9cnica a Nueva Zelanda\" class=\"title-animation-underline\" >Gira t\u00e9cnica a Nueva Zelanda<\/a><\/div>\n\t\t\t\t\t\t\t\t\t\t\t<\/div>\n\t\t\t\t<\/div>\n\n\t\t\t<\/div>\n\t\t<\/div>\n\n\n\t\n\t\t\t\t\n\t\t\t\t\t\t\t<div class=\"upk-item\">\n\t\t\t<div class=\"upk-item-box\">\n\t\t\t\t<div class=\"upk-image-wrap\">\n\t\t\t\t\t<div class=\"upk-main-image\">\n\t\t\t\t\t\t<img loading=\"lazy\" decoding=\"async\" width=\"150\" height=\"150\" src=\"https:\/\/cooprinforma.cl\/wp-content\/uploads\/2024\/12\/dairy-report-150x150.png\" class=\"upk-img\" alt=\"Mejora del crecimiento de la producci\u00f3n mundial de leche y recuperaci\u00f3n de la demanda durante 2023\" \/>\t\t\t\t\t<\/div>\n\n\t\t\t\t\t\n\t\t\t\t<\/div>\n\n\t\t\t\t<div class=\"upk-content\">\n\t\t\t\t\t<div class=\"upk-content-inner\">\n\n\t\t\t\t\t\t\n\t\t\t\t\t\t<div class=\"upk-title\"><a href=\"https:\/\/cooprinforma.cl\/index.php\/2024\/12\/01\/mejora-del-crecimiento-de-la-produccion-mundial-de-leche-y-recuperacion-de-la-demanda-durante-2023\/\" title=\"Mejora del crecimiento de la producci\u00f3n mundial de leche y recuperaci\u00f3n de la demanda durante 2023\" class=\"title-animation-underline\" >Mejora del crecimiento de la producci\u00f3n mundial de leche y recuperaci\u00f3n de la demanda durante 2023<\/a><\/div>\n\t\t\t\t\t\t\t\t\t\t\t<\/div>\n\t\t\t\t<\/div>\n\n\t\t\t<\/div>\n\t\t<\/div>\n\n\n\t\n\t\t\t\t\n\t\t\t\t\t\t\t<div class=\"upk-item\">\n\t\t\t<div class=\"upk-item-box\">\n\t\t\t\t<div class=\"upk-image-wrap\">\n\t\t\t\t\t<div class=\"upk-main-image\">\n\t\t\t\t\t\t<img loading=\"lazy\" decoding=\"async\" width=\"150\" height=\"150\" src=\"https:\/\/cooprinforma.cl\/wp-content\/uploads\/2024\/11\/Afbeelding-1_Header-Nedap-Fertility-Insights-150x150.jpg\" class=\"upk-img\" alt=\"Desde el per\u00edodo de espera voluntaria hasta la fase de preparaci\u00f3n activa\" \/>\t\t\t\t\t<\/div>\n\n\t\t\t\t\t\n\t\t\t\t<\/div>\n\n\t\t\t\t<div class=\"upk-content\">\n\t\t\t\t\t<div class=\"upk-content-inner\">\n\n\t\t\t\t\t\t\n\t\t\t\t\t\t<div class=\"upk-title\"><a href=\"https:\/\/cooprinforma.cl\/index.php\/2024\/12\/01\/desde-el-periodo-de-espera-voluntaria-hasta-la-fase-de-preparacion-activa\/\" title=\"Desde el per\u00edodo de espera voluntaria hasta la fase de preparaci\u00f3n activa\" class=\"title-animation-underline\" >Desde el per\u00edodo de espera voluntaria hasta la fase de preparaci\u00f3n activa<\/a><\/div>\n\t\t\t\t\t\t\t\t\t\t\t<\/div>\n\t\t\t\t<\/div>\n\n\t\t\t<\/div>\n\t\t<\/div>\n\n\n\t\n\t\t\t\t\n\t\t\t\t\t\t\t<div class=\"upk-item\">\n\t\t\t<div class=\"upk-item-box\">\n\t\t\t\t<div class=\"upk-image-wrap\">\n\t\t\t\t\t<div class=\"upk-main-image\">\n\t\t\t\t\t\t<img loading=\"lazy\" decoding=\"async\" width=\"150\" height=\"150\" src=\"https:\/\/cooprinforma.cl\/wp-content\/uploads\/2024\/12\/foto-1-150x150.png\" class=\"upk-img\" alt=\"Chile adhiri\u00f3 la declaraci\u00f3n de Paris sobre sustentabilidad l\u00e1ctea\" \/>\t\t\t\t\t<\/div>\n\n\t\t\t\t\t\n\t\t\t\t<\/div>\n\n\t\t\t\t<div class=\"upk-content\">\n\t\t\t\t\t<div class=\"upk-content-inner\">\n\n\t\t\t\t\t\t\n\t\t\t\t\t\t<div class=\"upk-title\"><a href=\"https:\/\/cooprinforma.cl\/index.php\/2024\/12\/01\/chile-adhirio-la-declaracion-de-paris-sobre-sustentabilidad-lactea\/\" title=\"Chile adhiri\u00f3 la declaraci\u00f3n de Paris sobre sustentabilidad l\u00e1ctea\" class=\"title-animation-underline\" >Chile adhiri\u00f3 la declaraci\u00f3n de Paris sobre sustentabilidad l\u00e1ctea<\/a><\/div>\n\t\t\t\t\t\t\t\t\t\t\t<\/div>\n\t\t\t\t<\/div>\n\n\t\t\t<\/div>\n\t\t<\/div>\n\n\n\t\n\t\t\t\t\n\t\t\t\t\t\t\t<div class=\"upk-item\">\n\t\t\t<div class=\"upk-item-box\">\n\t\t\t\t<div class=\"upk-image-wrap\">\n\t\t\t\t\t<div class=\"upk-main-image\">\n\t\t\t\t\t\t<img loading=\"lazy\" decoding=\"async\" width=\"150\" height=\"150\" src=\"https:\/\/cooprinforma.cl\/wp-content\/uploads\/2024\/11\/Frambuesas-2-150x150.jpg\" class=\"upk-img\" alt=\"Producci\u00f3n y mercado de las frambuesas para el sur de Chile\" \/>\t\t\t\t\t<\/div>\n\n\t\t\t\t\t\n\t\t\t\t<\/div>\n\n\t\t\t\t<div class=\"upk-content\">\n\t\t\t\t\t<div class=\"upk-content-inner\">\n\n\t\t\t\t\t\t\n\t\t\t\t\t\t<div class=\"upk-title\"><a href=\"https:\/\/cooprinforma.cl\/index.php\/2024\/12\/01\/produccion-y-mercado-de-las-frambuesas-para-el-sur-de-chile\/\" title=\"Producci\u00f3n y mercado de las frambuesas para el sur de Chile\" class=\"title-animation-underline\" >Producci\u00f3n y mercado de las frambuesas para el sur de Chile<\/a><\/div>\n\t\t\t\t\t\t\t\t\t\t\t<\/div>\n\t\t\t\t<\/div>\n\n\t\t\t<\/div>\n\t\t<\/div>\n\n\n\t\n\t\t\t\t\n\t\t\t\t\t\t\t<div class=\"upk-item\">\n\t\t\t<div class=\"upk-item-box\">\n\t\t\t\t<div class=\"upk-image-wrap\">\n\t\t\t\t\t<div class=\"upk-main-image\">\n\t\t\t\t\t\t<img loading=\"lazy\" decoding=\"async\" width=\"150\" height=\"150\" src=\"https:\/\/cooprinforma.cl\/wp-content\/uploads\/2024\/12\/cow-grazing-green-meadow-150x150.jpg\" class=\"upk-img\" alt=\"An\u00e1lisis de amino\u00e1cidos herramienta para un monitoreo constante\" \/>\t\t\t\t\t<\/div>\n\n\t\t\t\t\t\n\t\t\t\t<\/div>\n\n\t\t\t\t<div class=\"upk-content\">\n\t\t\t\t\t<div class=\"upk-content-inner\">\n\n\t\t\t\t\t\t\n\t\t\t\t\t\t<div class=\"upk-title\"><a href=\"https:\/\/cooprinforma.cl\/index.php\/2024\/12\/01\/analisis-de-aminoacidos-herramienta-para-un-monitoreo-constante\/\" title=\"An\u00e1lisis de amino\u00e1cidos herramienta para un monitoreo constante\" class=\"title-animation-underline\" >An\u00e1lisis de amino\u00e1cidos herramienta para un monitoreo constante<\/a><\/div>\n\t\t\t\t\t\t\t\t\t\t\t<\/div>\n\t\t\t\t<\/div>\n\n\t\t\t<\/div>\n\t\t<\/div>\n\n\n\t\n\t\t\t\t\n\t\t\t\t\t\t\t<div class=\"upk-item\">\n\t\t\t<div class=\"upk-item-box\">\n\t\t\t\t<div class=\"upk-image-wrap\">\n\t\t\t\t\t<div class=\"upk-main-image\">\n\t\t\t\t\t\t<img loading=\"lazy\" decoding=\"async\" width=\"150\" height=\"150\" src=\"https:\/\/cooprinforma.cl\/wp-content\/uploads\/2024\/12\/extra-DDF1200-in-barn-150x150.png\" class=\"upk-img\" alt=\"Bienestar Animal: Un pilar para la calidad y sostenibilidad agr\u00edcola\" \/>\t\t\t\t\t<\/div>\n\n\t\t\t\t\t\n\t\t\t\t<\/div>\n\n\t\t\t\t<div class=\"upk-content\">\n\t\t\t\t\t<div class=\"upk-content-inner\">\n\n\t\t\t\t\t\t\n\t\t\t\t\t\t<div class=\"upk-title\"><a href=\"https:\/\/cooprinforma.cl\/index.php\/2024\/12\/01\/bienestar-animal-un-pilar-para-la-calidad-y-sostenibilidad-agricola\/\" title=\"Bienestar Animal: Un pilar para la calidad y sostenibilidad agr\u00edcola\" class=\"title-animation-underline\" >Bienestar Animal: Un pilar para la calidad y sostenibilidad agr\u00edcola<\/a><\/div>\n\t\t\t\t\t\t\t\t\t\t\t<\/div>\n\t\t\t\t<\/div>\n\n\t\t\t<\/div>\n\t\t<\/div>\n\n\n\t\n\t\t\t\t\n\t\t\t\t\t\t\t<div class=\"upk-item\">\n\t\t\t<div class=\"upk-item-box\">\n\t\t\t\t<div class=\"upk-image-wrap\">\n\t\t\t\t\t<div class=\"upk-main-image\">\n\t\t\t\t\t\t<img loading=\"lazy\" decoding=\"async\" width=\"150\" height=\"150\" src=\"https:\/\/cooprinforma.cl\/wp-content\/uploads\/2024\/11\/Imagen-1-Carro-Adcam-750-Numedic-150x150.jpg\" class=\"upk-img\" alt=\"Normativas Ambientales y su impacto en la Gesti\u00f3n de Purines en las Lecher\u00edas Chilenas\" \/>\t\t\t\t\t<\/div>\n\n\t\t\t\t\t\n\t\t\t\t<\/div>\n\n\t\t\t\t<div class=\"upk-content\">\n\t\t\t\t\t<div class=\"upk-content-inner\">\n\n\t\t\t\t\t\t\n\t\t\t\t\t\t<div class=\"upk-title\"><a href=\"https:\/\/cooprinforma.cl\/index.php\/2024\/12\/01\/normativas-ambientales-y-su-impacto-en-la-gestion-de-purines-en-las-lecherias-chilenas\/\" title=\"Normativas Ambientales y su impacto en la Gesti\u00f3n de Purines en las Lecher\u00edas Chilenas\" class=\"title-animation-underline\" >Normativas Ambientales y su impacto en la Gesti\u00f3n de Purines en las Lecher\u00edas Chilenas<\/a><\/div>\n\t\t\t\t\t\t\t\t\t\t\t<\/div>\n\t\t\t\t<\/div>\n\n\t\t\t<\/div>\n\t\t<\/div>\n\n\n\t\n\t\t\t\t\n\t\t\t\t\t\t\t<div class=\"upk-item\">\n\t\t\t<div class=\"upk-item-box\">\n\t\t\t\t<div class=\"upk-image-wrap\">\n\t\t\t\t\t<div class=\"upk-main-image\">\n\t\t\t\t\t\t<img loading=\"lazy\" decoding=\"async\" width=\"150\" height=\"150\" src=\"https:\/\/cooprinforma.cl\/wp-content\/uploads\/2024\/11\/IMG_6202-150x150.png\" class=\"upk-img\" alt=\"\u00bfQu\u00e9 aspectos considerar al momento de elegir una especie, variedad o mezcla forrajera en el establecimiento de una pradera?\" \/>\t\t\t\t\t<\/div>\n\n\t\t\t\t\t\n\t\t\t\t<\/div>\n\n\t\t\t\t<div class=\"upk-content\">\n\t\t\t\t\t<div class=\"upk-content-inner\">\n\n\t\t\t\t\t\t\n\t\t\t\t\t\t<div class=\"upk-title\"><a href=\"https:\/\/cooprinforma.cl\/index.php\/2024\/11\/30\/elementor-6887\/\" title=\"\u00bfQu\u00e9 aspectos considerar al momento de elegir una especie, variedad o mezcla forrajera en el establecimiento de una pradera?\" class=\"title-animation-underline\" >\u00bfQu\u00e9 aspectos considerar al momento de elegir una especie, variedad o mezcla forrajera en el establecimiento de una pradera?<\/a><\/div>\n\t\t\t\t\t\t\t\t\t\t\t<\/div>\n\t\t\t\t<\/div>\n\n\t\t\t<\/div>\n\t\t<\/div>\n\n\n\t\n\t\t\t\t\n\t\t\t\t\t\t\t<div class=\"upk-item\">\n\t\t\t<div class=\"upk-item-box\">\n\t\t\t\t<div class=\"upk-image-wrap\">\n\t\t\t\t\t<div class=\"upk-main-image\">\n\t\t\t\t\t\t<img loading=\"lazy\" decoding=\"async\" width=\"150\" height=\"150\" src=\"https:\/\/cooprinforma.cl\/wp-content\/uploads\/2024\/09\/foto-portada-copia-150x150.jpg\" class=\"upk-img\" alt=\"Gu\u00eda en el establecimiento de Achicoria Forrajera (Cichorium intybus L.)\" \/>\t\t\t\t\t<\/div>\n\n\t\t\t\t\t\n\t\t\t\t<\/div>\n\n\t\t\t\t<div class=\"upk-content\">\n\t\t\t\t\t<div class=\"upk-content-inner\">\n\n\t\t\t\t\t\t\n\t\t\t\t\t\t<div class=\"upk-title\"><a href=\"https:\/\/cooprinforma.cl\/index.php\/2024\/09\/29\/guia-en-el-establecimiento-de-achicoria-forrajera-cichorium-intybus-l\/\" title=\"Gu\u00eda en el establecimiento de Achicoria Forrajera (Cichorium intybus L.)\" class=\"title-animation-underline\" >Gu\u00eda en el establecimiento de Achicoria Forrajera (Cichorium intybus L.)<\/a><\/div>\n\t\t\t\t\t\t\t\t\t\t\t<\/div>\n\t\t\t\t<\/div>\n\n\t\t\t<\/div>\n\t\t<\/div>\n\n\n\t\n\t\t\t\t\n\t\t\t\t\t\t\t<div class=\"upk-item\">\n\t\t\t<div class=\"upk-item-box\">\n\t\t\t\t<div class=\"upk-image-wrap\">\n\t\t\t\t\t<div class=\"upk-main-image\">\n\t\t\t\t\t\t<img loading=\"lazy\" decoding=\"async\" width=\"150\" height=\"150\" src=\"https:\/\/cooprinforma.cl\/wp-content\/uploads\/2024\/09\/foto-3-150x150.png\" class=\"upk-img\" alt=\"linPRO\u00ae-BR como fuente de Omega 3 y Prote\u00edna Bypass para vacas lecheras.\" \/>\t\t\t\t\t<\/div>\n\n\t\t\t\t\t\n\t\t\t\t<\/div>\n\n\t\t\t\t<div class=\"upk-content\">\n\t\t\t\t\t<div class=\"upk-content-inner\">\n\n\t\t\t\t\t\t\n\t\t\t\t\t\t<div class=\"upk-title\"><a href=\"https:\/\/cooprinforma.cl\/index.php\/2024\/09\/29\/linpro-br-como-fuente-de-omega-3-y-proteina-bypass-para-vacas-lecheras\/\" title=\"linPRO\u00ae-BR como fuente de Omega 3 y Prote\u00edna Bypass para vacas lecheras.\" class=\"title-animation-underline\" >linPRO\u00ae-BR como fuente de Omega 3 y Prote\u00edna Bypass para vacas lecheras.<\/a><\/div>\n\t\t\t\t\t\t\t\t\t\t\t<\/div>\n\t\t\t\t<\/div>\n\n\t\t\t<\/div>\n\t\t<\/div>\n\n\n\t\n\t\t\t\t\n\t\t\t\t\t\t\t<div class=\"upk-item\">\n\t\t\t<div class=\"upk-item-box\">\n\t\t\t\t<div class=\"upk-image-wrap\">\n\t\t\t\t\t<div class=\"upk-main-image\">\n\t\t\t\t\t\t<img loading=\"lazy\" decoding=\"async\" width=\"150\" height=\"150\" src=\"https:\/\/cooprinforma.cl\/wp-content\/uploads\/2024\/09\/portada-150x150.jpg\" class=\"upk-img\" alt=\"SISTEMA DE ORDE\u00d1O VOLUNTARIO VMS V310 DE DELAVAL Robotizaci\u00f3n del Orde\u00f1o y la Reproducci\u00f3n\" \/>\t\t\t\t\t<\/div>\n\n\t\t\t\t\t\n\t\t\t\t<\/div>\n\n\t\t\t\t<div class=\"upk-content\">\n\t\t\t\t\t<div class=\"upk-content-inner\">\n\n\t\t\t\t\t\t\n\t\t\t\t\t\t<div class=\"upk-title\"><a href=\"https:\/\/cooprinforma.cl\/index.php\/2024\/09\/29\/sistema-de-ordeno-voluntario-vms-v310-de-delaval-robotizacion-del-ordeno-y-la-reproduccion\/\" title=\"SISTEMA DE ORDE\u00d1O VOLUNTARIO VMS V310 DE DELAVAL Robotizaci\u00f3n del Orde\u00f1o y la Reproducci\u00f3n\" class=\"title-animation-underline\" >SISTEMA DE ORDE\u00d1O VOLUNTARIO VMS V310 DE DELAVAL Robotizaci\u00f3n del Orde\u00f1o y la Reproducci\u00f3n<\/a><\/div>\n\t\t\t\t\t\t\t\t\t\t\t<\/div>\n\t\t\t\t<\/div>\n\n\t\t\t<\/div>\n\t\t<\/div>\n\n\n\t\n\t\t\t\t\n\t\t\t\t\t\t\t<div class=\"upk-item\">\n\t\t\t<div class=\"upk-item-box\">\n\t\t\t\t<div class=\"upk-image-wrap\">\n\t\t\t\t\t<div class=\"upk-main-image\">\n\t\t\t\t\t\t<img loading=\"lazy\" decoding=\"async\" width=\"150\" height=\"150\" src=\"https:\/\/cooprinforma.cl\/wp-content\/uploads\/2024\/09\/KWS1-e1727644380984-150x150.jpg\" class=\"upk-img\" alt=\"En busca de la madurez adecuada. C\u00f3mo entender el \u00edndice FAO\" \/>\t\t\t\t\t<\/div>\n\n\t\t\t\t\t\n\t\t\t\t<\/div>\n\n\t\t\t\t<div class=\"upk-content\">\n\t\t\t\t\t<div class=\"upk-content-inner\">\n\n\t\t\t\t\t\t\n\t\t\t\t\t\t<div class=\"upk-title\"><a href=\"https:\/\/cooprinforma.cl\/index.php\/2024\/09\/29\/en-busca-de-la-madurez-adecuada-como-entender-el-indice-fao\/\" title=\"En busca de la madurez adecuada. C\u00f3mo entender el \u00edndice FAO\" class=\"title-animation-underline\" >En busca de la madurez adecuada. C\u00f3mo entender el \u00edndice FAO<\/a><\/div>\n\t\t\t\t\t\t\t\t\t\t\t<\/div>\n\t\t\t\t<\/div>\n\n\t\t\t<\/div>\n\t\t<\/div>\n\n\n\t\n\t\t\t\t\n\t\t\t\t\t\t\t<div class=\"upk-item\">\n\t\t\t<div class=\"upk-item-box\">\n\t\t\t\t<div class=\"upk-image-wrap\">\n\t\t\t\t\t<div class=\"upk-main-image\">\n\t\t\t\t\t\t<img loading=\"lazy\" decoding=\"async\" width=\"150\" height=\"150\" src=\"https:\/\/cooprinforma.cl\/wp-content\/uploads\/2024\/09\/iStock-531000898-150x150.jpg\" class=\"upk-img\" alt=\"SALUD DEL TERNERO Un buen diagn\u00f3stico, un buen tratamiento\" \/>\t\t\t\t\t<\/div>\n\n\t\t\t\t\t\n\t\t\t\t<\/div>\n\n\t\t\t\t<div class=\"upk-content\">\n\t\t\t\t\t<div class=\"upk-content-inner\">\n\n\t\t\t\t\t\t\n\t\t\t\t\t\t<div class=\"upk-title\"><a href=\"https:\/\/cooprinforma.cl\/index.php\/2024\/09\/26\/salud-del-ternero-un-buen-diagnostico-un-buen-tratamiento\/\" title=\"SALUD DEL TERNERO Un buen diagn\u00f3stico, un buen tratamiento\" class=\"title-animation-underline\" >SALUD DEL TERNERO Un buen diagn\u00f3stico, un buen tratamiento<\/a><\/div>\n\t\t\t\t\t\t\t\t\t\t\t<\/div>\n\t\t\t\t<\/div>\n\n\t\t\t<\/div>\n\t\t<\/div>\n\n\n\t\n\t\t\t\t\n\t\t\t\t\t\t\t<div class=\"upk-item\">\n\t\t\t<div class=\"upk-item-box\">\n\t\t\t\t<div class=\"upk-image-wrap\">\n\t\t\t\t\t<div class=\"upk-main-image\">\n\t\t\t\t\t\t<img loading=\"lazy\" decoding=\"async\" width=\"150\" height=\"150\" src=\"https:\/\/cooprinforma.cl\/wp-content\/uploads\/2024\/09\/KLINE-e1727657022535-150x150.jpg\" class=\"upk-img\" alt=\"Impacto del Riego en la Calidad del Forraje y la Producci\u00f3n de Leche\" \/>\t\t\t\t\t<\/div>\n\n\t\t\t\t\t\n\t\t\t\t<\/div>\n\n\t\t\t\t<div class=\"upk-content\">\n\t\t\t\t\t<div class=\"upk-content-inner\">\n\n\t\t\t\t\t\t\n\t\t\t\t\t\t<div class=\"upk-title\"><a href=\"https:\/\/cooprinforma.cl\/index.php\/2024\/09\/26\/impacto-del-riego-en-la-calidad-del-forraje-y-la-produccion-de-leche\/\" title=\"Impacto del Riego en la Calidad del Forraje y la Producci\u00f3n de Leche\" class=\"title-animation-underline\" >Impacto del Riego en la Calidad del Forraje y la Producci\u00f3n de Leche<\/a><\/div>\n\t\t\t\t\t\t\t\t\t\t\t<\/div>\n\t\t\t\t<\/div>\n\n\t\t\t<\/div>\n\t\t<\/div>\n\n\n\t\n\t\t\t\t\n\t\t\t\t\t\t\t<div class=\"upk-item\">\n\t\t\t<div class=\"upk-item-box\">\n\t\t\t\t<div class=\"upk-image-wrap\">\n\t\t\t\t\t<div class=\"upk-main-image\">\n\t\t\t\t\t\t<img loading=\"lazy\" decoding=\"async\" width=\"150\" height=\"150\" src=\"https:\/\/cooprinforma.cl\/wp-content\/uploads\/2024\/09\/fresh-milk-mug-jug-wooden-table-150x150.jpg\" class=\"upk-img\" alt=\"Evoluci\u00f3n del precio mundial de la leche a agosto 2024\" \/>\t\t\t\t\t<\/div>\n\n\t\t\t\t\t\n\t\t\t\t<\/div>\n\n\t\t\t\t<div class=\"upk-content\">\n\t\t\t\t\t<div class=\"upk-content-inner\">\n\n\t\t\t\t\t\t\n\t\t\t\t\t\t<div class=\"upk-title\"><a href=\"https:\/\/cooprinforma.cl\/index.php\/2024\/09\/26\/evolucion-del-precio-mundial-de-la-leche-a-agosto-2024\/\" title=\"Evoluci\u00f3n del precio mundial de la leche a agosto 2024\" class=\"title-animation-underline\" >Evoluci\u00f3n del precio mundial de la leche a agosto 2024<\/a><\/div>\n\t\t\t\t\t\t\t\t\t\t\t<\/div>\n\t\t\t\t<\/div>\n\n\t\t\t<\/div>\n\t\t<\/div>\n\n\n\t\n\t\t\t\t\n\t\t\t\t\t\t\t<div class=\"upk-item\">\n\t\t\t<div class=\"upk-item-box\">\n\t\t\t\t<div class=\"upk-image-wrap\">\n\t\t\t\t\t<div class=\"upk-main-image\">\n\t\t\t\t\t\t<img loading=\"lazy\" decoding=\"async\" width=\"150\" height=\"150\" src=\"https:\/\/cooprinforma.cl\/wp-content\/uploads\/2024\/09\/ceb606c6-06dc-41a1-a54d-188c2a361e38-150x150.jpeg\" class=\"upk-img\" alt=\"Mallas para bolos \u00bfEn qu\u00e9 debo fijarme?\" \/>\t\t\t\t\t<\/div>\n\n\t\t\t\t\t\n\t\t\t\t<\/div>\n\n\t\t\t\t<div class=\"upk-content\">\n\t\t\t\t\t<div class=\"upk-content-inner\">\n\n\t\t\t\t\t\t\n\t\t\t\t\t\t<div class=\"upk-title\"><a href=\"https:\/\/cooprinforma.cl\/index.php\/2024\/09\/26\/mallas-para-bolos-en-que-debo-fijarme\/\" title=\"Mallas para bolos \u00bfEn qu\u00e9 debo fijarme?\" class=\"title-animation-underline\" >Mallas para bolos \u00bfEn qu\u00e9 debo fijarme?<\/a><\/div>\n\t\t\t\t\t\t\t\t\t\t\t<\/div>\n\t\t\t\t<\/div>\n\n\t\t\t<\/div>\n\t\t<\/div>\n\n\n\t\n\t\t\t\t\n\t\t\t\t\t\t\t<div class=\"upk-item\">\n\t\t\t<div class=\"upk-item-box\">\n\t\t\t\t<div class=\"upk-image-wrap\">\n\t\t\t\t\t<div class=\"upk-main-image\">\n\t\t\t\t\t\t<img loading=\"lazy\" decoding=\"async\" width=\"150\" height=\"150\" src=\"https:\/\/cooprinforma.cl\/wp-content\/uploads\/2024\/08\/C200-Sen\u0303ora-150x150.png\" class=\"upk-img\" alt=\"Automatizaci\u00f3n del lavado de equipos de orde\u00f1a, soluci\u00f3n f\u00e1cil y sustentable\" \/>\t\t\t\t\t<\/div>\n\n\t\t\t\t\t\n\t\t\t\t<\/div>\n\n\t\t\t\t<div class=\"upk-content\">\n\t\t\t\t\t<div class=\"upk-content-inner\">\n\n\t\t\t\t\t\t\n\t\t\t\t\t\t<div class=\"upk-title\"><a href=\"https:\/\/cooprinforma.cl\/index.php\/2024\/08\/18\/automatizacion-del-lavado-de-equipos-de-ordena-solucion-facil-y-sustentable\/\" title=\"Automatizaci\u00f3n del lavado de equipos de orde\u00f1a, soluci\u00f3n f\u00e1cil y sustentable\" class=\"title-animation-underline\" >Automatizaci\u00f3n del lavado de equipos de orde\u00f1a, soluci\u00f3n f\u00e1cil y sustentable<\/a><\/div>\n\t\t\t\t\t\t\t\t\t\t\t<\/div>\n\t\t\t\t<\/div>\n\n\t\t\t<\/div>\n\t\t<\/div>\n\n\n\t\n\t\t\t\t\n\t\t\t\t\t\t\t<div class=\"upk-item\">\n\t\t\t<div class=\"upk-item-box\">\n\t\t\t\t<div class=\"upk-image-wrap\">\n\t\t\t\t\t<div class=\"upk-main-image\">\n\t\t\t\t\t\t<img loading=\"lazy\" decoding=\"async\" width=\"150\" height=\"150\" src=\"https:\/\/cooprinforma.cl\/wp-content\/uploads\/2024\/08\/739A2928-150x150.jpg\" class=\"upk-img\" alt=\"KWS:La revoluci\u00f3n de la remolacha azucarera en la alimentaci\u00f3n de vacas lecheras.\" \/>\t\t\t\t\t<\/div>\n\n\t\t\t\t\t\n\t\t\t\t<\/div>\n\n\t\t\t\t<div class=\"upk-content\">\n\t\t\t\t\t<div class=\"upk-content-inner\">\n\n\t\t\t\t\t\t\n\t\t\t\t\t\t<div class=\"upk-title\"><a href=\"https:\/\/cooprinforma.cl\/index.php\/2024\/08\/18\/kwsla-revolucion-de-la-remolacha-azucarera-en-la-alimentacion-de-vacas-lecheras\/\" title=\"KWS:La revoluci\u00f3n de la remolacha azucarera en la alimentaci\u00f3n de vacas lecheras.\" class=\"title-animation-underline\" >KWS:La revoluci\u00f3n de la remolacha azucarera en la alimentaci\u00f3n de vacas lecheras.<\/a><\/div>\n\t\t\t\t\t\t\t\t\t\t\t<\/div>\n\t\t\t\t<\/div>\n\n\t\t\t<\/div>\n\t\t<\/div>\n\n\n\t\n\t\t\t\t\n\t\t\t\t\t\t\t<div class=\"upk-item\">\n\t\t\t<div class=\"upk-item-box\">\n\t\t\t\t<div class=\"upk-image-wrap\">\n\t\t\t\t\t<div class=\"upk-main-image\">\n\t\t\t\t\t\t<img loading=\"lazy\" decoding=\"async\" width=\"150\" height=\"150\" src=\"https:\/\/cooprinforma.cl\/wp-content\/uploads\/2023\/12\/leche-mesa-fondo-natural-150x150.png\" class=\"upk-img\" alt=\"Apuntes de la Conferencia Lechera IFCN 2024:El oeste se encuentra con el este; Lecheras Asi\u00e1ticas: Permanecer local, pensar global\" \/>\t\t\t\t\t<\/div>\n\n\t\t\t\t\t\n\t\t\t\t<\/div>\n\n\t\t\t\t<div class=\"upk-content\">\n\t\t\t\t\t<div class=\"upk-content-inner\">\n\n\t\t\t\t\t\t\n\t\t\t\t\t\t<div class=\"upk-title\"><a href=\"https:\/\/cooprinforma.cl\/index.php\/2024\/08\/18\/apuntes-de-la-conferencia-lechera-ifcn-2024el-oeste-se-encuentra-con-el-este-lecheras-asiaticas-permanecer-local-pensar-global\/\" title=\"Apuntes de la Conferencia Lechera IFCN 2024:El oeste se encuentra con el este; Lecheras Asi\u00e1ticas: Permanecer local, pensar global\" class=\"title-animation-underline\" >Apuntes de la Conferencia Lechera IFCN 2024:El oeste se encuentra con el este; Lecheras Asi\u00e1ticas: Permanecer local, pensar global<\/a><\/div>\n\t\t\t\t\t\t\t\t\t\t\t<\/div>\n\t\t\t\t<\/div>\n\n\t\t\t<\/div>\n\t\t<\/div>\n\n\n\t\n\t\t\t\t\n\t\t\t\t\t\t\t<div class=\"upk-item\">\n\t\t\t<div class=\"upk-item-box\">\n\t\t\t\t<div class=\"upk-image-wrap\">\n\t\t\t\t\t<div class=\"upk-main-image\">\n\t\t\t\t\t\t<img loading=\"lazy\" decoding=\"async\" width=\"150\" height=\"150\" src=\"https:\/\/cooprinforma.cl\/wp-content\/uploads\/2024\/08\/cercos-electricos-150x150.png\" class=\"upk-img\" alt=\"Nueva l\u00ednea de energizadores PEL W\" \/>\t\t\t\t\t<\/div>\n\n\t\t\t\t\t\n\t\t\t\t<\/div>\n\n\t\t\t\t<div class=\"upk-content\">\n\t\t\t\t\t<div class=\"upk-content-inner\">\n\n\t\t\t\t\t\t\n\t\t\t\t\t\t<div class=\"upk-title\"><a href=\"https:\/\/cooprinforma.cl\/index.php\/2024\/08\/18\/nueva-linea-de-energizadores-pel-w\/\" title=\"Nueva l\u00ednea de energizadores PEL W\" class=\"title-animation-underline\" >Nueva l\u00ednea de energizadores PEL W<\/a><\/div>\n\t\t\t\t\t\t\t\t\t\t\t<\/div>\n\t\t\t\t<\/div>\n\n\t\t\t<\/div>\n\t\t<\/div>\n\n\n\t\n\t\t\t\t\n\t\t\t\t\t\t\t<div class=\"upk-item\">\n\t\t\t<div class=\"upk-item-box\">\n\t\t\t\t<div class=\"upk-image-wrap\">\n\t\t\t\t\t<div class=\"upk-main-image\">\n\t\t\t\t\t\t<img loading=\"lazy\" decoding=\"async\" width=\"150\" height=\"150\" src=\"https:\/\/cooprinforma.cl\/wp-content\/uploads\/2024\/08\/productos-1-150x150.png\" class=\"upk-img\" alt=\"C\u00f3mo han influido las nuevas tecnolog\u00edas al mundo del pesaje e identificaci\u00f3n animal\" \/>\t\t\t\t\t<\/div>\n\n\t\t\t\t\t\n\t\t\t\t<\/div>\n\n\t\t\t\t<div class=\"upk-content\">\n\t\t\t\t\t<div class=\"upk-content-inner\">\n\n\t\t\t\t\t\t\n\t\t\t\t\t\t<div class=\"upk-title\"><a href=\"https:\/\/cooprinforma.cl\/index.php\/2024\/08\/18\/como-han-influido-las-nuevas-tecnologias-al-mundo-del-pesaje-e-identificacion-animal\/\" title=\"C\u00f3mo han influido las nuevas tecnolog\u00edas al mundo del pesaje e identificaci\u00f3n animal\" class=\"title-animation-underline\" >C\u00f3mo han influido las nuevas tecnolog\u00edas al mundo del pesaje e identificaci\u00f3n animal<\/a><\/div>\n\t\t\t\t\t\t\t\t\t\t\t<\/div>\n\t\t\t\t<\/div>\n\n\t\t\t<\/div>\n\t\t<\/div>\n\n\n\t\n\t\t\t\t\n\t\t\t\t\t\t\t<div class=\"upk-item\">\n\t\t\t<div class=\"upk-item-box\">\n\t\t\t\t<div class=\"upk-image-wrap\">\n\t\t\t\t\t<div class=\"upk-main-image\">\n\t\t\t\t\t\t<img loading=\"lazy\" decoding=\"async\" width=\"150\" height=\"150\" src=\"https:\/\/cooprinforma.cl\/wp-content\/uploads\/2024\/08\/IMG-20240515-WA0015-150x150.jpg\" class=\"upk-img\" alt=\"Establecimiento de praderas\" \/>\t\t\t\t\t<\/div>\n\n\t\t\t\t\t\n\t\t\t\t<\/div>\n\n\t\t\t\t<div class=\"upk-content\">\n\t\t\t\t\t<div class=\"upk-content-inner\">\n\n\t\t\t\t\t\t\n\t\t\t\t\t\t<div class=\"upk-title\"><a href=\"https:\/\/cooprinforma.cl\/index.php\/2024\/08\/18\/establecimiento-de-praderas\/\" title=\"Establecimiento de praderas\" class=\"title-animation-underline\" >Establecimiento de praderas<\/a><\/div>\n\t\t\t\t\t\t\t\t\t\t\t<\/div>\n\t\t\t\t<\/div>\n\n\t\t\t<\/div>\n\t\t<\/div>\n\n\n\t\n\t\t\t\t\n\t\t\t\t\t\t\t<div class=\"upk-item\">\n\t\t\t<div class=\"upk-item-box\">\n\t\t\t\t<div class=\"upk-image-wrap\">\n\t\t\t\t\t<div class=\"upk-main-image\">\n\t\t\t\t\t\t<img loading=\"lazy\" decoding=\"async\" width=\"150\" height=\"150\" src=\"https:\/\/cooprinforma.cl\/wp-content\/uploads\/2024\/08\/Imagen-1-2-150x150.jpg\" class=\"upk-img\" alt=\"Innovaciones en el tratamiento de purines: Soluciones sostenibles para lecher\u00edas\" \/>\t\t\t\t\t<\/div>\n\n\t\t\t\t\t\n\t\t\t\t<\/div>\n\n\t\t\t\t<div class=\"upk-content\">\n\t\t\t\t\t<div class=\"upk-content-inner\">\n\n\t\t\t\t\t\t\n\t\t\t\t\t\t<div class=\"upk-title\"><a href=\"https:\/\/cooprinforma.cl\/index.php\/2024\/08\/18\/innovaciones-en-el-tratamiento-de-purines-soluciones-sostenibles-para-lecherias\/\" title=\"Innovaciones en el tratamiento de purines: Soluciones sostenibles para lecher\u00edas\" class=\"title-animation-underline\" >Innovaciones en el tratamiento de purines: Soluciones sostenibles para lecher\u00edas<\/a><\/div>\n\t\t\t\t\t\t\t\t\t\t\t<\/div>\n\t\t\t\t<\/div>\n\n\t\t\t<\/div>\n\t\t<\/div>\n\n\n\t\n\t\t\t\t\n\t\t\t\t\t\t\t<div class=\"upk-item\">\n\t\t\t<div class=\"upk-item-box\">\n\t\t\t\t<div class=\"upk-image-wrap\">\n\t\t\t\t\t<div class=\"upk-main-image\">\n\t\t\t\t\t\t<img loading=\"lazy\" decoding=\"async\" width=\"150\" height=\"150\" src=\"https:\/\/cooprinforma.cl\/wp-content\/uploads\/2024\/08\/MicrosoftTeams-image-2-150x150.png\" class=\"upk-img\" alt=\"SQM: Fertilizantes Minerales y su impacto en la Alimentaci\u00f3n mundial\" \/>\t\t\t\t\t<\/div>\n\n\t\t\t\t\t\n\t\t\t\t<\/div>\n\n\t\t\t\t<div class=\"upk-content\">\n\t\t\t\t\t<div class=\"upk-content-inner\">\n\n\t\t\t\t\t\t\n\t\t\t\t\t\t<div class=\"upk-title\"><a href=\"https:\/\/cooprinforma.cl\/index.php\/2024\/08\/18\/sqm-fertilizantes-minerales-y-su-impacto-en-la-alimentacion-mundial\/\" title=\"SQM: Fertilizantes Minerales y su impacto en la Alimentaci\u00f3n mundial\" class=\"title-animation-underline\" >SQM: Fertilizantes Minerales y su impacto en la Alimentaci\u00f3n mundial<\/a><\/div>\n\t\t\t\t\t\t\t\t\t\t\t<\/div>\n\t\t\t\t<\/div>\n\n\t\t\t<\/div>\n\t\t<\/div>\n\n\n\t\n\t\t\t\t\n\t\t\t\t\t\t\t<div class=\"upk-item\">\n\t\t\t<div class=\"upk-item-box\">\n\t\t\t\t<div class=\"upk-image-wrap\">\n\t\t\t\t\t<div class=\"upk-main-image\">\n\t\t\t\t\t\t<img loading=\"lazy\" decoding=\"async\" width=\"150\" height=\"150\" src=\"https:\/\/cooprinforma.cl\/wp-content\/uploads\/2024\/08\/150218-dairy-calves-c-tim-scrivener-232015-21428-150x150.jpeg\" class=\"upk-img\" alt=\"Importancia de una buena alimentaci\u00f3n l\u00e1ctea en crianza de terneros\" \/>\t\t\t\t\t<\/div>\n\n\t\t\t\t\t\n\t\t\t\t<\/div>\n\n\t\t\t\t<div class=\"upk-content\">\n\t\t\t\t\t<div class=\"upk-content-inner\">\n\n\t\t\t\t\t\t\n\t\t\t\t\t\t<div class=\"upk-title\"><a href=\"https:\/\/cooprinforma.cl\/index.php\/2024\/08\/17\/importancia-de-una-buena-alimentacion-lactea-en-crianza-de-terneros\/\" title=\"Importancia de una buena alimentaci\u00f3n l\u00e1ctea en crianza de terneros\" class=\"title-animation-underline\" >Importancia de una buena alimentaci\u00f3n l\u00e1ctea en crianza de terneros<\/a><\/div>\n\t\t\t\t\t\t\t\t\t\t\t<\/div>\n\t\t\t\t<\/div>\n\n\t\t\t<\/div>\n\t\t<\/div>\n\n\n\t\n\t\t\t\t\n\t\t\t\t\t\t\t<div class=\"upk-item\">\n\t\t\t<div class=\"upk-item-box\">\n\t\t\t\t<div class=\"upk-image-wrap\">\n\t\t\t\t\t<div class=\"upk-main-image\">\n\t\t\t\t\t\t<img loading=\"lazy\" decoding=\"async\" width=\"150\" height=\"150\" src=\"https:\/\/cooprinforma.cl\/wp-content\/uploads\/2024\/08\/20240625_193020-150x150.jpg\" class=\"upk-img\" alt=\"Impresiones de Gira a Nueva Zelanda\" \/>\t\t\t\t\t<\/div>\n\n\t\t\t\t\t\n\t\t\t\t<\/div>\n\n\t\t\t\t<div class=\"upk-content\">\n\t\t\t\t\t<div class=\"upk-content-inner\">\n\n\t\t\t\t\t\t\n\t\t\t\t\t\t<div class=\"upk-title\"><a href=\"https:\/\/cooprinforma.cl\/index.php\/2024\/08\/12\/gira-a-nueva-zelanda\/\" title=\"Impresiones de Gira a Nueva Zelanda\" class=\"title-animation-underline\" >Impresiones de Gira a Nueva Zelanda<\/a><\/div>\n\t\t\t\t\t\t\t\t\t\t\t<\/div>\n\t\t\t\t<\/div>\n\n\t\t\t<\/div>\n\t\t<\/div>\n\n\n\t\n\t\t\t\t\n\t\t\t\t\t\t\t<div class=\"upk-item\">\n\t\t\t<div class=\"upk-item-box\">\n\t\t\t\t<div class=\"upk-image-wrap\">\n\t\t\t\t\t<div class=\"upk-main-image\">\n\t\t\t\t\t\t<img loading=\"lazy\" decoding=\"async\" width=\"150\" height=\"150\" src=\"https:\/\/cooprinforma.cl\/wp-content\/uploads\/2024\/06\/foto-principal-150x150.jpg\" class=\"upk-img\" alt=\"Fedeleche presenta resultados del XIV Observatorio L\u00e1cteo Nacional\" \/>\t\t\t\t\t<\/div>\n\n\t\t\t\t\t\n\t\t\t\t<\/div>\n\n\t\t\t\t<div class=\"upk-content\">\n\t\t\t\t\t<div class=\"upk-content-inner\">\n\n\t\t\t\t\t\t\n\t\t\t\t\t\t<div class=\"upk-title\"><a href=\"https:\/\/cooprinforma.cl\/index.php\/2024\/06\/18\/fedeleche-presenta-resultados-del-xiv-observatorio-lacteo-nacional\/\" title=\"Fedeleche presenta resultados del XIV Observatorio L\u00e1cteo Nacional\" class=\"title-animation-underline\" >Fedeleche presenta resultados del XIV Observatorio L\u00e1cteo Nacional<\/a><\/div>\n\t\t\t\t\t\t\t\t\t\t\t<\/div>\n\t\t\t\t<\/div>\n\n\t\t\t<\/div>\n\t\t<\/div>\n\n\n\t\n\t\t\t\t\n\t\t\t\t\t\t\t<div class=\"upk-item\">\n\t\t\t<div class=\"upk-item-box\">\n\t\t\t\t<div class=\"upk-image-wrap\">\n\t\t\t\t\t<div class=\"upk-main-image\">\n\t\t\t\t\t\t<img loading=\"lazy\" decoding=\"async\" width=\"150\" height=\"150\" src=\"https:\/\/cooprinforma.cl\/wp-content\/uploads\/2024\/06\/Foto-1-principal-150x150.jpg\" class=\"upk-img\" alt=\"Luis Momberg:\u201cEsta cooperativa tiene el potencial de seguir beneficiando a sus miembros al ofrecer m\u00e1s servicios y expandir su alcance\u201d\" \/>\t\t\t\t\t<\/div>\n\n\t\t\t\t\t\n\t\t\t\t<\/div>\n\n\t\t\t\t<div class=\"upk-content\">\n\t\t\t\t\t<div class=\"upk-content-inner\">\n\n\t\t\t\t\t\t\n\t\t\t\t\t\t<div class=\"upk-title\"><a href=\"https:\/\/cooprinforma.cl\/index.php\/2024\/06\/18\/luis-mombergesta-cooperativa-tiene-el-potencial-de-seguir-beneficiando-a-sus-miembros-al-ofrecer-mas-servicios-y-expandir-su-alcance\/\" title=\"Luis Momberg:\u201cEsta cooperativa tiene el potencial de seguir beneficiando a sus miembros al ofrecer m\u00e1s servicios y expandir su alcance\u201d\" class=\"title-animation-underline\" >Luis Momberg:\u201cEsta cooperativa tiene el potencial de seguir beneficiando a sus miembros al ofrecer m\u00e1s servicios y expandir su alcance\u201d<\/a><\/div>\n\t\t\t\t\t\t\t\t\t\t\t<\/div>\n\t\t\t\t<\/div>\n\n\t\t\t<\/div>\n\t\t<\/div>\n\n\n\t\n\t\t\t\t\n\t\t\t\t\t\t\t<div class=\"upk-item\">\n\t\t\t<div class=\"upk-item-box\">\n\t\t\t\t<div class=\"upk-image-wrap\">\n\t\t\t\t\t<div class=\"upk-main-image\">\n\t\t\t\t\t\t<img loading=\"lazy\" decoding=\"async\" width=\"150\" height=\"150\" src=\"https:\/\/cooprinforma.cl\/wp-content\/uploads\/2024\/06\/foto-inicial-2-150x150.jpg\" class=\"upk-img\" alt=\"Los drones llegaron para quedarse\" \/>\t\t\t\t\t<\/div>\n\n\t\t\t\t\t\n\t\t\t\t<\/div>\n\n\t\t\t\t<div class=\"upk-content\">\n\t\t\t\t\t<div class=\"upk-content-inner\">\n\n\t\t\t\t\t\t\n\t\t\t\t\t\t<div class=\"upk-title\"><a href=\"https:\/\/cooprinforma.cl\/index.php\/2024\/06\/18\/los-drones-llegaron-para-quedarse\/\" title=\"Los drones llegaron para quedarse\" class=\"title-animation-underline\" >Los drones llegaron para quedarse<\/a><\/div>\n\t\t\t\t\t\t\t\t\t\t\t<\/div>\n\t\t\t\t<\/div>\n\n\t\t\t<\/div>\n\t\t<\/div>\n\n\n\t\n\t\t\t\t\n\t\t\t\t\t\t\t<div class=\"upk-item\">\n\t\t\t<div class=\"upk-item-box\">\n\t\t\t\t<div class=\"upk-image-wrap\">\n\t\t\t\t\t<div class=\"upk-main-image\">\n\t\t\t\t\t\t<img loading=\"lazy\" decoding=\"async\" width=\"150\" height=\"150\" src=\"https:\/\/cooprinforma.cl\/wp-content\/uploads\/2024\/06\/portada-150x150.jpg\" class=\"upk-img\" alt=\"Planta de Alimentos Balanceados Cooprinsem\" \/>\t\t\t\t\t<\/div>\n\n\t\t\t\t\t\n\t\t\t\t<\/div>\n\n\t\t\t\t<div class=\"upk-content\">\n\t\t\t\t\t<div class=\"upk-content-inner\">\n\n\t\t\t\t\t\t\n\t\t\t\t\t\t<div class=\"upk-title\"><a href=\"https:\/\/cooprinforma.cl\/index.php\/2024\/06\/18\/planta-de-alimentos-balanceados-cooprinsem\/\" title=\"Planta de Alimentos Balanceados Cooprinsem\" class=\"title-animation-underline\" >Planta de Alimentos Balanceados Cooprinsem<\/a><\/div>\n\t\t\t\t\t\t\t\t\t\t\t<\/div>\n\t\t\t\t<\/div>\n\n\t\t\t<\/div>\n\t\t<\/div>\n\n\n\t\n\t\t\t\t\n\t\t\t\t\t\t\t<div class=\"upk-item\">\n\t\t\t<div class=\"upk-item-box\">\n\t\t\t\t<div class=\"upk-image-wrap\">\n\t\t\t\t\t<div class=\"upk-main-image\">\n\t\t\t\t\t\t<img loading=\"lazy\" decoding=\"async\" width=\"150\" height=\"150\" src=\"https:\/\/cooprinforma.cl\/wp-content\/uploads\/2024\/06\/foto-interior-150x150.jpeg\" class=\"upk-img\" alt=\"Encuentro de la Red Latinoamericana de Laboratorios de Suelos (LATSOLAN) Caminos hacia la Precisi\u00f3n en el An\u00e1lisis de Suelos: Avance de los Laboratorios de Suelos en Am\u00e9rica Latina y el Caribe\" \/>\t\t\t\t\t<\/div>\n\n\t\t\t\t\t\n\t\t\t\t<\/div>\n\n\t\t\t\t<div class=\"upk-content\">\n\t\t\t\t\t<div class=\"upk-content-inner\">\n\n\t\t\t\t\t\t\n\t\t\t\t\t\t<div class=\"upk-title\"><a href=\"https:\/\/cooprinforma.cl\/index.php\/2024\/06\/18\/encuentro-de-la-red-latinoamericana-de-laboratorios-de-suelos-latsolan-caminos-hacia-la-precision-en-el-analisis-de-suelos-avance-de-los-laboratorios-de-suelos-en-america-latina-y-el-caribe\/\" title=\"Encuentro de la Red Latinoamericana de Laboratorios de Suelos (LATSOLAN) Caminos hacia la Precisi\u00f3n en el An\u00e1lisis de Suelos: Avance de los Laboratorios de Suelos en Am\u00e9rica Latina y el Caribe\" class=\"title-animation-underline\" >Encuentro de la Red Latinoamericana de Laboratorios de Suelos (LATSOLAN) Caminos hacia la Precisi\u00f3n en el An\u00e1lisis de Suelos: Avance de los Laboratorios de Suelos en Am\u00e9rica Latina y el Caribe<\/a><\/div>\n\t\t\t\t\t\t\t\t\t\t\t<\/div>\n\t\t\t\t<\/div>\n\n\t\t\t<\/div>\n\t\t<\/div>\n\n\n\t\n\t\t\t\t\n\t\t\t\t\t\t\t<div class=\"upk-item\">\n\t\t\t<div class=\"upk-item-box\">\n\t\t\t\t<div class=\"upk-image-wrap\">\n\t\t\t\t\t<div class=\"upk-main-image\">\n\t\t\t\t\t\t<img loading=\"lazy\" decoding=\"async\" width=\"150\" height=\"150\" src=\"https:\/\/cooprinforma.cl\/wp-content\/uploads\/2024\/06\/foto-inicial-scaled-e1718745413749-150x150.jpg\" class=\"upk-img\" alt=\"IFCN:Situaci\u00f3n del mercado l\u00e1cteo durante Mayo 2024\" \/>\t\t\t\t\t<\/div>\n\n\t\t\t\t\t\n\t\t\t\t<\/div>\n\n\t\t\t\t<div class=\"upk-content\">\n\t\t\t\t\t<div class=\"upk-content-inner\">\n\n\t\t\t\t\t\t\n\t\t\t\t\t\t<div class=\"upk-title\"><a href=\"https:\/\/cooprinforma.cl\/index.php\/2024\/06\/18\/ifcnsituacion-del-mercado-lacteo-durante-mayo-2024\/\" title=\"IFCN:Situaci\u00f3n del mercado l\u00e1cteo durante Mayo 2024\" class=\"title-animation-underline\" >IFCN:Situaci\u00f3n del mercado l\u00e1cteo durante Mayo 2024<\/a><\/div>\n\t\t\t\t\t\t\t\t\t\t\t<\/div>\n\t\t\t\t<\/div>\n\n\t\t\t<\/div>\n\t\t<\/div>\n\n\n\t\n\t\t\t\t\n\t\t\t\t\t\t\t<div class=\"upk-item\">\n\t\t\t<div class=\"upk-item-box\">\n\t\t\t\t<div class=\"upk-image-wrap\">\n\t\t\t\t\t<div class=\"upk-main-image\">\n\t\t\t\t\t\t<img loading=\"lazy\" decoding=\"async\" width=\"150\" height=\"150\" src=\"https:\/\/cooprinforma.cl\/wp-content\/uploads\/2024\/06\/agua_pozo-150x150.png\" class=\"upk-img\" alt=\"Extracci\u00f3n de Agua de Pozo Profundo en ChileAspectos Legales y Regulaciones de la DGA\" \/>\t\t\t\t\t<\/div>\n\n\t\t\t\t\t\n\t\t\t\t<\/div>\n\n\t\t\t\t<div class=\"upk-content\">\n\t\t\t\t\t<div class=\"upk-content-inner\">\n\n\t\t\t\t\t\t\n\t\t\t\t\t\t<div class=\"upk-title\"><a href=\"https:\/\/cooprinforma.cl\/index.php\/2024\/06\/18\/extraccion-de-agua-depozo-profundo-en-chileaspectos-legales-y-regulaciones-de-la-dga\/\" title=\"Extracci\u00f3n de Agua de Pozo Profundo en ChileAspectos Legales y Regulaciones de la DGA\" class=\"title-animation-underline\" >Extracci\u00f3n de Agua de Pozo Profundo en ChileAspectos Legales y Regulaciones de la DGA<\/a><\/div>\n\t\t\t\t\t\t\t\t\t\t\t<\/div>\n\t\t\t\t<\/div>\n\n\t\t\t<\/div>\n\t\t<\/div>\n\n\n\t\n\t\t\t\t\n\t\t\t\t\t\t\t<div class=\"upk-item\">\n\t\t\t<div class=\"upk-item-box\">\n\t\t\t\t<div class=\"upk-image-wrap\">\n\t\t\t\t\t<div class=\"upk-main-image\">\n\t\t\t\t\t\t<img loading=\"lazy\" decoding=\"async\" width=\"150\" height=\"150\" src=\"https:\/\/cooprinforma.cl\/wp-content\/uploads\/2023\/06\/vacas-ganaderia-1-150x150.jpg\" class=\"upk-img\" alt=\"Certifica la Sustentabilidad de tu Predio Lechero\" srcset=\"https:\/\/cooprinforma.cl\/wp-content\/uploads\/2023\/06\/vacas-ganaderia-1-150x150.jpg 150w, https:\/\/cooprinforma.cl\/wp-content\/uploads\/2023\/06\/vacas-ganaderia-1-70x70.jpg 70w\" sizes=\"auto, (max-width: 150px) 100vw, 150px\" \/>\t\t\t\t\t<\/div>\n\n\t\t\t\t\t\n\t\t\t\t<\/div>\n\n\t\t\t\t<div class=\"upk-content\">\n\t\t\t\t\t<div class=\"upk-content-inner\">\n\n\t\t\t\t\t\t\n\t\t\t\t\t\t<div class=\"upk-title\"><a href=\"https:\/\/cooprinforma.cl\/index.php\/2024\/04\/14\/certifica-la-sustentabilidad-de-tu-predio-lechero\/\" title=\"Certifica la Sustentabilidad de tu Predio Lechero\" class=\"title-animation-underline\" >Certifica la Sustentabilidad de tu Predio Lechero<\/a><\/div>\n\t\t\t\t\t\t\t\t\t\t\t<\/div>\n\t\t\t\t<\/div>\n\n\t\t\t<\/div>\n\t\t<\/div>\n\n\n\t\n\t\t\t\t\n\t\t\t\t\t\t\t<div class=\"upk-item\">\n\t\t\t<div class=\"upk-item-box\">\n\t\t\t\t<div class=\"upk-image-wrap\">\n\t\t\t\t\t<div class=\"upk-main-image\">\n\t\t\t\t\t\t<img loading=\"lazy\" decoding=\"async\" width=\"150\" height=\"150\" src=\"https:\/\/cooprinforma.cl\/wp-content\/uploads\/2024\/04\/foto-inicio-150x150.jpg\" class=\"upk-img\" alt=\"Centeno h\u00edbrido de KWS el grano eficiente para la agricultura actual\" \/>\t\t\t\t\t<\/div>\n\n\t\t\t\t\t\n\t\t\t\t<\/div>\n\n\t\t\t\t<div class=\"upk-content\">\n\t\t\t\t\t<div class=\"upk-content-inner\">\n\n\t\t\t\t\t\t\n\t\t\t\t\t\t<div class=\"upk-title\"><a href=\"https:\/\/cooprinforma.cl\/index.php\/2024\/04\/14\/centeno-hibrido-de-kws-el-grano-eficiente-para-la-agricultura-actual\/\" title=\"Centeno h\u00edbrido de KWS el grano eficiente para la agricultura actual\" class=\"title-animation-underline\" >Centeno h\u00edbrido de KWS el grano eficiente para la agricultura actual<\/a><\/div>\n\t\t\t\t\t\t\t\t\t\t\t<\/div>\n\t\t\t\t<\/div>\n\n\t\t\t<\/div>\n\t\t<\/div>\n\n\n\t\n\t\t\t\t\n\t\t\t\t\t\t\t<div class=\"upk-item\">\n\t\t\t<div class=\"upk-item-box\">\n\t\t\t\t<div class=\"upk-image-wrap\">\n\t\t\t\t\t<div class=\"upk-main-image\">\n\t\t\t\t\t\t<img loading=\"lazy\" decoding=\"async\" width=\"150\" height=\"150\" src=\"https:\/\/cooprinforma.cl\/wp-content\/uploads\/2024\/04\/foto-inicio-150x150.jpeg\" class=\"upk-img\" alt=\"La Revoluci\u00f3n del PCR en Veterinaria Innovaci\u00f3n en el Diagn\u00f3stico Veterinario y avances en la Producci\u00f3n Lechera\" \/>\t\t\t\t\t<\/div>\n\n\t\t\t\t\t\n\t\t\t\t<\/div>\n\n\t\t\t\t<div class=\"upk-content\">\n\t\t\t\t\t<div class=\"upk-content-inner\">\n\n\t\t\t\t\t\t\n\t\t\t\t\t\t<div class=\"upk-title\"><a href=\"https:\/\/cooprinforma.cl\/index.php\/2024\/04\/14\/la-revolucion-del-pcr-en-veterinaria-innovacion-en-el-diagnostico-veterinario-y-avances-en-la-produccion-lechera\/\" title=\"La Revoluci\u00f3n del PCR en Veterinaria Innovaci\u00f3n en el Diagn\u00f3stico Veterinario y avances en la Producci\u00f3n Lechera\" class=\"title-animation-underline\" >La Revoluci\u00f3n del PCR en Veterinaria Innovaci\u00f3n en el Diagn\u00f3stico Veterinario y avances en la Producci\u00f3n Lechera<\/a><\/div>\n\t\t\t\t\t\t\t\t\t\t\t<\/div>\n\t\t\t\t<\/div>\n\n\t\t\t<\/div>\n\t\t<\/div>\n\n\n\t\n\t\t\t\t\n\t\t\t\t\t\t\t<div class=\"upk-item\">\n\t\t\t<div class=\"upk-item-box\">\n\t\t\t\t<div class=\"upk-image-wrap\">\n\t\t\t\t\t<div class=\"upk-main-image\">\n\t\t\t\t\t\t<img loading=\"lazy\" decoding=\"async\" width=\"150\" height=\"150\" src=\"https:\/\/cooprinforma.cl\/wp-content\/uploads\/2024\/04\/RTD-150x150.jpg\" class=\"upk-img\" alt=\"Limpieza e higiene de los equipos de orde\u00f1a Un proceso clave en la extracci\u00f3n de leche fresca\" \/>\t\t\t\t\t<\/div>\n\n\t\t\t\t\t\n\t\t\t\t<\/div>\n\n\t\t\t\t<div class=\"upk-content\">\n\t\t\t\t\t<div class=\"upk-content-inner\">\n\n\t\t\t\t\t\t\n\t\t\t\t\t\t<div class=\"upk-title\"><a href=\"https:\/\/cooprinforma.cl\/index.php\/2024\/04\/14\/limpieza-e-higiene-de-los-equipos-de-ordena-un-proceso-clave-en-la-extraccion-de-leche-fresca\/\" title=\"Limpieza e higiene de los equipos de orde\u00f1a Un proceso clave en la extracci\u00f3n de leche fresca\" class=\"title-animation-underline\" >Limpieza e higiene de los equipos de orde\u00f1a Un proceso clave en la extracci\u00f3n de leche fresca<\/a><\/div>\n\t\t\t\t\t\t\t\t\t\t\t<\/div>\n\t\t\t\t<\/div>\n\n\t\t\t<\/div>\n\t\t<\/div>\n\n\n\t\n\t\t\t\t\n\t\t\t\t\t\t\t<div class=\"upk-item\">\n\t\t\t<div class=\"upk-item-box\">\n\t\t\t\t<div class=\"upk-image-wrap\">\n\t\t\t\t\t<div class=\"upk-main-image\">\n\t\t\t\t\t\t<img loading=\"lazy\" decoding=\"async\" width=\"150\" height=\"150\" src=\"https:\/\/cooprinforma.cl\/wp-content\/uploads\/2024\/04\/foto-inicio-copia-150x150.jpg\" class=\"upk-img\" alt=\"La ca\u00edda en la demanda causa una disminuci\u00f3n en el precio mundial de los l\u00e1cteos\" \/>\t\t\t\t\t<\/div>\n\n\t\t\t\t\t\n\t\t\t\t<\/div>\n\n\t\t\t\t<div class=\"upk-content\">\n\t\t\t\t\t<div class=\"upk-content-inner\">\n\n\t\t\t\t\t\t\n\t\t\t\t\t\t<div class=\"upk-title\"><a href=\"https:\/\/cooprinforma.cl\/index.php\/2024\/04\/14\/la-caida-en-la-demanda-causa-una-disminucion-en-el-precio-mundial-de-los-lacteos\/\" title=\"La ca\u00edda en la demanda causa una disminuci\u00f3n en el precio mundial de los l\u00e1cteos\" class=\"title-animation-underline\" >La ca\u00edda en la demanda causa una disminuci\u00f3n en el precio mundial de los l\u00e1cteos<\/a><\/div>\n\t\t\t\t\t\t\t\t\t\t\t<\/div>\n\t\t\t\t<\/div>\n\n\t\t\t<\/div>\n\t\t<\/div>\n\n\n\t\n\t\t\t\t\n\t\t\t\t\t\t\t<div class=\"upk-item\">\n\t\t\t<div class=\"upk-item-box\">\n\t\t\t\t<div class=\"upk-image-wrap\">\n\t\t\t\t\t<div class=\"upk-main-image\">\n\t\t\t\t\t\t<img loading=\"lazy\" decoding=\"async\" width=\"150\" height=\"150\" src=\"https:\/\/cooprinforma.cl\/wp-content\/uploads\/2024\/04\/Foto-de-portada-150x150.jpg\" class=\"upk-img\" alt=\"El Valor de los Purines como Fertilizantes en la Agricultura: Perspectivas para las Lecher\u00edas Chilenas\" \/>\t\t\t\t\t<\/div>\n\n\t\t\t\t\t\n\t\t\t\t<\/div>\n\n\t\t\t\t<div class=\"upk-content\">\n\t\t\t\t\t<div class=\"upk-content-inner\">\n\n\t\t\t\t\t\t\n\t\t\t\t\t\t<div class=\"upk-title\"><a href=\"https:\/\/cooprinforma.cl\/index.php\/2024\/04\/14\/el-valor-de-los-purines-como-fertilizantes-en-la-agricultura-perspectivas-para-las-lecherias-chilenas\/\" title=\"El Valor de los Purines como Fertilizantes en la Agricultura: Perspectivas para las Lecher\u00edas Chilenas\" class=\"title-animation-underline\" >El Valor de los Purines como Fertilizantes en la Agricultura: Perspectivas para las Lecher\u00edas Chilenas<\/a><\/div>\n\t\t\t\t\t\t\t\t\t\t\t<\/div>\n\t\t\t\t<\/div>\n\n\t\t\t<\/div>\n\t\t<\/div>\n\n\n\t\n\t\t\t\t\n\t\t\t\t\t\t\t<div class=\"upk-item\">\n\t\t\t<div class=\"upk-item-box\">\n\t\t\t\t<div class=\"upk-image-wrap\">\n\t\t\t\t\t<div class=\"upk-main-image\">\n\t\t\t\t\t\t<img loading=\"lazy\" decoding=\"async\" width=\"150\" height=\"150\" src=\"https:\/\/cooprinforma.cl\/wp-content\/uploads\/2024\/04\/foto-inicio-1-150x150.jpg\" class=\"upk-img\" alt=\"Para la agricultura de hoy,LA SOSTENIBILIDAD es un requisito\" \/>\t\t\t\t\t<\/div>\n\n\t\t\t\t\t\n\t\t\t\t<\/div>\n\n\t\t\t\t<div class=\"upk-content\">\n\t\t\t\t\t<div class=\"upk-content-inner\">\n\n\t\t\t\t\t\t\n\t\t\t\t\t\t<div class=\"upk-title\"><a href=\"https:\/\/cooprinforma.cl\/index.php\/2024\/04\/14\/para-la-agricultura-de-hoyla-sostenibilidad-es-un-requisito\/\" title=\"Para la agricultura de hoy,LA SOSTENIBILIDAD es un requisito\" class=\"title-animation-underline\" >Para la agricultura de hoy,LA SOSTENIBILIDAD es un requisito<\/a><\/div>\n\t\t\t\t\t\t\t\t\t\t\t<\/div>\n\t\t\t\t<\/div>\n\n\t\t\t<\/div>\n\t\t<\/div>\n\n\n\t\n\t\t\t\t\n\t\t\t\t\t\t\t<div class=\"upk-item\">\n\t\t\t<div class=\"upk-item-box\">\n\t\t\t\t<div class=\"upk-image-wrap\">\n\t\t\t\t\t<div class=\"upk-main-image\">\n\t\t\t\t\t\t<img loading=\"lazy\" decoding=\"async\" width=\"150\" height=\"150\" src=\"https:\/\/cooprinforma.cl\/wp-content\/uploads\/2023\/08\/PORTADA-3-150x150.jpg\" class=\"upk-img\" alt=\"Evaluaci\u00f3n Gen\u00e9tica Diciembre 2023\" \/>\t\t\t\t\t<\/div>\n\n\t\t\t\t\t\n\t\t\t\t<\/div>\n\n\t\t\t\t<div class=\"upk-content\">\n\t\t\t\t\t<div class=\"upk-content-inner\">\n\n\t\t\t\t\t\t\n\t\t\t\t\t\t<div class=\"upk-title\"><a href=\"https:\/\/cooprinforma.cl\/index.php\/2023\/12\/31\/evaluacion-genetica-diciembre-2023\/\" title=\"Evaluaci\u00f3n Gen\u00e9tica Diciembre 2023\" class=\"title-animation-underline\" >Evaluaci\u00f3n Gen\u00e9tica Diciembre 2023<\/a><\/div>\n\t\t\t\t\t\t\t\t\t\t\t<\/div>\n\t\t\t\t<\/div>\n\n\t\t\t<\/div>\n\t\t<\/div>\n\n\n\t\n\t\t\t\t\n\t\t\t\t\t\t\t<div class=\"upk-item\">\n\t\t\t<div class=\"upk-item-box\">\n\t\t\t\t<div class=\"upk-image-wrap\">\n\t\t\t\t\t<div class=\"upk-main-image\">\n\t\t\t\t\t\t<img loading=\"lazy\" decoding=\"async\" width=\"150\" height=\"150\" src=\"https:\/\/cooprinforma.cl\/wp-content\/uploads\/2023\/12\/vacas033-1-copia-150x150.png\" class=\"upk-img\" alt=\"Fedeleche:Monitoreo y perspectivas del sector: Contribuciones del XIII Observatorio L\u00e1cteo Nacional\" \/>\t\t\t\t\t<\/div>\n\n\t\t\t\t\t\n\t\t\t\t<\/div>\n\n\t\t\t\t<div class=\"upk-content\">\n\t\t\t\t\t<div class=\"upk-content-inner\">\n\n\t\t\t\t\t\t\n\t\t\t\t\t\t<div class=\"upk-title\"><a href=\"https:\/\/cooprinforma.cl\/index.php\/2023\/12\/31\/fedelechemonitoreo-y-perspectivas-del-sector-contribuciones-del-xiii-observatorio-lacteo-nacional\/\" title=\"Fedeleche:Monitoreo y perspectivas del sector: Contribuciones del XIII Observatorio L\u00e1cteo Nacional\" class=\"title-animation-underline\" >Fedeleche:Monitoreo y perspectivas del sector: Contribuciones del XIII Observatorio L\u00e1cteo Nacional<\/a><\/div>\n\t\t\t\t\t\t\t\t\t\t\t<\/div>\n\t\t\t\t<\/div>\n\n\t\t\t<\/div>\n\t\t<\/div>\n\n\n\t\n\t\t\t\t\n\t\t\t\t\t\t\t<div class=\"upk-item\">\n\t\t\t<div class=\"upk-item-box\">\n\t\t\t\t<div class=\"upk-image-wrap\">\n\t\t\t\t\t<div class=\"upk-main-image\">\n\t\t\t\t\t\t<img loading=\"lazy\" decoding=\"async\" width=\"150\" height=\"150\" src=\"https:\/\/cooprinforma.cl\/wp-content\/uploads\/2023\/12\/jj-119-copia-150x150.jpg\" class=\"upk-img\" alt=\"Empresas procesadoras del sector l\u00e1cteo certifican avances en sustentabilidad\" \/>\t\t\t\t\t<\/div>\n\n\t\t\t\t\t\n\t\t\t\t<\/div>\n\n\t\t\t\t<div class=\"upk-content\">\n\t\t\t\t\t<div class=\"upk-content-inner\">\n\n\t\t\t\t\t\t\n\t\t\t\t\t\t<div class=\"upk-title\"><a href=\"https:\/\/cooprinforma.cl\/index.php\/2023\/12\/31\/empresas-procesadoras-del-sector-lacteo-certifican-avances-en-sustentabilidad\/\" title=\"Empresas procesadoras del sector l\u00e1cteo certifican avances en sustentabilidad\" class=\"title-animation-underline\" >Empresas procesadoras del sector l\u00e1cteo certifican avances en sustentabilidad<\/a><\/div>\n\t\t\t\t\t\t\t\t\t\t\t<\/div>\n\t\t\t\t<\/div>\n\n\t\t\t<\/div>\n\t\t<\/div>\n\n\n\t\n\t\t\t\t\n\t\t\t\t\t\t\t<div class=\"upk-item\">\n\t\t\t<div class=\"upk-item-box\">\n\t\t\t\t<div class=\"upk-image-wrap\">\n\t\t\t\t\t<div class=\"upk-main-image\">\n\t\t\t\t\t\t<img loading=\"lazy\" decoding=\"async\" width=\"150\" height=\"150\" src=\"https:\/\/cooprinforma.cl\/wp-content\/uploads\/2023\/12\/portada-Instacrops-2023-150x150.jpg\" class=\"upk-img\" alt=\"Cultivando Eficiencia:Herramientas de Agricultura de Precisi\u00f3n para el Control H\u00eddrico en el Sur de Chile\" \/>\t\t\t\t\t<\/div>\n\n\t\t\t\t\t\n\t\t\t\t<\/div>\n\n\t\t\t\t<div class=\"upk-content\">\n\t\t\t\t\t<div class=\"upk-content-inner\">\n\n\t\t\t\t\t\t\n\t\t\t\t\t\t<div class=\"upk-title\"><a href=\"https:\/\/cooprinforma.cl\/index.php\/2023\/12\/31\/cultivando-eficienciaherramientas-de-agricultura-de-precision-para-el-control-hidrico-en-el-sur-de-chile\/\" title=\"Cultivando Eficiencia:Herramientas de Agricultura de Precisi\u00f3n para el Control H\u00eddrico en el Sur de Chile\" class=\"title-animation-underline\" >Cultivando Eficiencia:Herramientas de Agricultura de Precisi\u00f3n para el Control H\u00eddrico en el Sur de Chile<\/a><\/div>\n\t\t\t\t\t\t\t\t\t\t\t<\/div>\n\t\t\t\t<\/div>\n\n\t\t\t<\/div>\n\t\t<\/div>\n\n\n\t\n\t\t\t\t\n\t\t\t\t\t\t\t<div class=\"upk-item\">\n\t\t\t<div class=\"upk-item-box\">\n\t\t\t\t<div class=\"upk-image-wrap\">\n\t\t\t\t\t<div class=\"upk-main-image\">\n\t\t\t\t\t\t<img loading=\"lazy\" decoding=\"async\" width=\"150\" height=\"150\" src=\"https:\/\/cooprinforma.cl\/wp-content\/uploads\/2023\/12\/foto-portada-150x150.jpg\" class=\"upk-img\" alt=\"Tiz\u00f3n Bacteriano en Avellano Europeo\" \/>\t\t\t\t\t<\/div>\n\n\t\t\t\t\t\n\t\t\t\t<\/div>\n\n\t\t\t\t<div class=\"upk-content\">\n\t\t\t\t\t<div class=\"upk-content-inner\">\n\n\t\t\t\t\t\t\n\t\t\t\t\t\t<div class=\"upk-title\"><a href=\"https:\/\/cooprinforma.cl\/index.php\/2023\/12\/31\/tizon-bacteriano-en-avellano-europeo\/\" title=\"Tiz\u00f3n Bacteriano en Avellano Europeo\" class=\"title-animation-underline\" >Tiz\u00f3n Bacteriano en Avellano Europeo<\/a><\/div>\n\t\t\t\t\t\t\t\t\t\t\t<\/div>\n\t\t\t\t<\/div>\n\n\t\t\t<\/div>\n\t\t<\/div>\n\n\n\t\n\t\t\t\t\n\t\t\t\t\t\t\t<div class=\"upk-item\">\n\t\t\t<div class=\"upk-item-box\">\n\t\t\t\t<div class=\"upk-image-wrap\">\n\t\t\t\t\t<div class=\"upk-main-image\">\n\t\t\t\t\t\t<img loading=\"lazy\" decoding=\"async\" width=\"150\" height=\"150\" src=\"https:\/\/cooprinforma.cl\/wp-content\/uploads\/2023\/12\/leche-mesa-fondo-natural-150x150.png\" class=\"upk-img\" alt=\"El precio internacional de los l\u00e1cteos comienza a elevarse nuevamente\" \/>\t\t\t\t\t<\/div>\n\n\t\t\t\t\t\n\t\t\t\t<\/div>\n\n\t\t\t\t<div class=\"upk-content\">\n\t\t\t\t\t<div class=\"upk-content-inner\">\n\n\t\t\t\t\t\t\n\t\t\t\t\t\t<div class=\"upk-title\"><a href=\"https:\/\/cooprinforma.cl\/index.php\/2023\/12\/31\/el-precio-internacional-de-los-lacteos-comienza-a-elevarse-nuevamente\/\" title=\"El precio internacional de los l\u00e1cteos comienza a elevarse nuevamente\" class=\"title-animation-underline\" >El precio internacional de los l\u00e1cteos comienza a elevarse nuevamente<\/a><\/div>\n\t\t\t\t\t\t\t\t\t\t\t<\/div>\n\t\t\t\t<\/div>\n\n\t\t\t<\/div>\n\t\t<\/div>\n\n\n\t\n\t\t\t\t\n\t\t\t\t\t\t\t<div class=\"upk-item\">\n\t\t\t<div class=\"upk-item-box\">\n\t\t\t\t<div class=\"upk-image-wrap\">\n\t\t\t\t\t<div class=\"upk-main-image\">\n\t\t\t\t\t\t<img loading=\"lazy\" decoding=\"async\" width=\"150\" height=\"150\" src=\"https:\/\/cooprinforma.cl\/wp-content\/uploads\/2023\/12\/portada-150x150.png\" class=\"upk-img\" alt=\"Control Lechero Cooprinsem y sus\u00a0 servicios adicionales\" \/>\t\t\t\t\t<\/div>\n\n\t\t\t\t\t\n\t\t\t\t<\/div>\n\n\t\t\t\t<div class=\"upk-content\">\n\t\t\t\t\t<div class=\"upk-content-inner\">\n\n\t\t\t\t\t\t\n\t\t\t\t\t\t<div class=\"upk-title\"><a href=\"https:\/\/cooprinforma.cl\/index.php\/2023\/12\/31\/control-lechero-cooprinsem-y-sus-servicios-adicionales\/\" title=\"Control Lechero Cooprinsem y sus\u00a0 servicios adicionales\" class=\"title-animation-underline\" >Control Lechero Cooprinsem y sus\u00a0 servicios adicionales<\/a><\/div>\n\t\t\t\t\t\t\t\t\t\t\t<\/div>\n\t\t\t\t<\/div>\n\n\t\t\t<\/div>\n\t\t<\/div>\n\n\n\t\n\t\t\t\t\n\t\t\t\t\t\t\t<div class=\"upk-item\">\n\t\t\t<div class=\"upk-item-box\">\n\t\t\t\t<div class=\"upk-image-wrap\">\n\t\t\t\t\t<div class=\"upk-main-image\">\n\t\t\t\t\t\t<img loading=\"lazy\" decoding=\"async\" width=\"150\" height=\"150\" src=\"https:\/\/cooprinforma.cl\/wp-content\/uploads\/2023\/06\/vacas-ganaderia-150x150.jpg\" class=\"upk-img\" alt=\"Evaluaci\u00f3n Gen\u00e9tica Agosto 2023\" srcset=\"https:\/\/cooprinforma.cl\/wp-content\/uploads\/2023\/06\/vacas-ganaderia-150x150.jpg 150w, https:\/\/cooprinforma.cl\/wp-content\/uploads\/2023\/06\/vacas-ganaderia-70x70.jpg 70w\" sizes=\"auto, (max-width: 150px) 100vw, 150px\" \/>\t\t\t\t\t<\/div>\n\n\t\t\t\t\t\n\t\t\t\t<\/div>\n\n\t\t\t\t<div class=\"upk-content\">\n\t\t\t\t\t<div class=\"upk-content-inner\">\n\n\t\t\t\t\t\t\n\t\t\t\t\t\t<div class=\"upk-title\"><a href=\"https:\/\/cooprinforma.cl\/index.php\/2023\/10\/14\/evaluacion-genetica-agosto-2023\/\" title=\"Evaluaci\u00f3n Gen\u00e9tica Agosto 2023\" class=\"title-animation-underline\" >Evaluaci\u00f3n Gen\u00e9tica Agosto 2023<\/a><\/div>\n\t\t\t\t\t\t\t\t\t\t\t<\/div>\n\t\t\t\t<\/div>\n\n\t\t\t<\/div>\n\t\t<\/div>\n\n\n\t\n\t\t\t\t\n\t\t\t\t\t\t\t<div class=\"upk-item\">\n\t\t\t<div class=\"upk-item-box\">\n\t\t\t\t<div class=\"upk-image-wrap\">\n\t\t\t\t\t<div class=\"upk-main-image\">\n\t\t\t\t\t\t<img loading=\"lazy\" decoding=\"async\" width=\"150\" height=\"150\" src=\"https:\/\/cooprinforma.cl\/wp-content\/uploads\/2023\/10\/5-150x150.png\" class=\"upk-img\" alt=\"Rol de los microorganismos ben\u00e9ficos en la agricultura\" \/>\t\t\t\t\t<\/div>\n\n\t\t\t\t\t\n\t\t\t\t<\/div>\n\n\t\t\t\t<div class=\"upk-content\">\n\t\t\t\t\t<div class=\"upk-content-inner\">\n\n\t\t\t\t\t\t\n\t\t\t\t\t\t<div class=\"upk-title\"><a href=\"https:\/\/cooprinforma.cl\/index.php\/2023\/10\/14\/rol-de-los-microorganismos-beneficos-en-la-agricultura\/\" title=\"Rol de los microorganismos ben\u00e9ficos en la agricultura\" class=\"title-animation-underline\" >Rol de los microorganismos ben\u00e9ficos en la agricultura<\/a><\/div>\n\t\t\t\t\t\t\t\t\t\t\t<\/div>\n\t\t\t\t<\/div>\n\n\t\t\t<\/div>\n\t\t<\/div>\n\n\n\t\n\t\t\t\t\n\t\t\t\t\t\t\t<div class=\"upk-item\">\n\t\t\t<div class=\"upk-item-box\">\n\t\t\t\t<div class=\"upk-image-wrap\">\n\t\t\t\t\t<div class=\"upk-main-image\">\n\t\t\t\t\t\t<img loading=\"lazy\" decoding=\"async\" width=\"150\" height=\"150\" src=\"https:\/\/cooprinforma.cl\/wp-content\/uploads\/2023\/06\/DSC_0764-150x150.jpg\" class=\"upk-img\" alt=\"Importancia del muestreo en estanque de leche\" srcset=\"https:\/\/cooprinforma.cl\/wp-content\/uploads\/2023\/06\/DSC_0764-150x150.jpg 150w, https:\/\/cooprinforma.cl\/wp-content\/uploads\/2023\/06\/DSC_0764-70x70.jpg 70w\" sizes=\"auto, (max-width: 150px) 100vw, 150px\" \/>\t\t\t\t\t<\/div>\n\n\t\t\t\t\t\n\t\t\t\t<\/div>\n\n\t\t\t\t<div class=\"upk-content\">\n\t\t\t\t\t<div class=\"upk-content-inner\">\n\n\t\t\t\t\t\t\n\t\t\t\t\t\t<div class=\"upk-title\"><a href=\"https:\/\/cooprinforma.cl\/index.php\/2023\/10\/14\/importancia-del-muestreo-en-estanque-de-leche\/\" title=\"Importancia del muestreo en estanque de leche\" class=\"title-animation-underline\" >Importancia del muestreo en estanque de leche<\/a><\/div>\n\t\t\t\t\t\t\t\t\t\t\t<\/div>\n\t\t\t\t<\/div>\n\n\t\t\t<\/div>\n\t\t<\/div>\n\n\n\t\n\t\t\t\t\n\t\t\t\t\t\t\t<div class=\"upk-item\">\n\t\t\t<div class=\"upk-item-box\">\n\t\t\t\t<div class=\"upk-image-wrap\">\n\t\t\t\t\t<div class=\"upk-main-image\">\n\t\t\t\t\t\t<img loading=\"lazy\" decoding=\"async\" width=\"150\" height=\"150\" src=\"https:\/\/cooprinforma.cl\/wp-content\/uploads\/2023\/10\/portada-2-150x150.png\" class=\"upk-img\" alt=\"Centro de Informaci\u00f3n L\u00e1ctea present\u00f3 Indicadores Sectoriales\" \/>\t\t\t\t\t<\/div>\n\n\t\t\t\t\t\n\t\t\t\t<\/div>\n\n\t\t\t\t<div class=\"upk-content\">\n\t\t\t\t\t<div class=\"upk-content-inner\">\n\n\t\t\t\t\t\t\n\t\t\t\t\t\t<div class=\"upk-title\"><a href=\"https:\/\/cooprinforma.cl\/index.php\/2023\/10\/14\/centro-de-informacion-lactea-presento-indicadores-sectoriales\/\" title=\"Centro de Informaci\u00f3n L\u00e1ctea present\u00f3 Indicadores Sectoriales\" class=\"title-animation-underline\" >Centro de Informaci\u00f3n L\u00e1ctea present\u00f3 Indicadores Sectoriales<\/a><\/div>\n\t\t\t\t\t\t\t\t\t\t\t<\/div>\n\t\t\t\t<\/div>\n\n\t\t\t<\/div>\n\t\t<\/div>\n\n\n\t\n\t\t\t\t\n\t\t\t\t\t\t\t<div class=\"upk-item\">\n\t\t\t<div class=\"upk-item-box\">\n\t\t\t\t<div class=\"upk-image-wrap\">\n\t\t\t\t\t<div class=\"upk-main-image\">\n\t\t\t\t\t\t<img loading=\"lazy\" decoding=\"async\" width=\"150\" height=\"150\" src=\"https:\/\/cooprinforma.cl\/wp-content\/uploads\/2023\/10\/Captura-de-pantalla-2023-09-14-a-las-11.29.42-150x150.png\" class=\"upk-img\" alt=\"Ventajas de un buen mantenimiento en equipos de riego y purines\" \/>\t\t\t\t\t<\/div>\n\n\t\t\t\t\t\n\t\t\t\t<\/div>\n\n\t\t\t\t<div class=\"upk-content\">\n\t\t\t\t\t<div class=\"upk-content-inner\">\n\n\t\t\t\t\t\t\n\t\t\t\t\t\t<div class=\"upk-title\"><a href=\"https:\/\/cooprinforma.cl\/index.php\/2023\/10\/14\/ventajas-de-un-buen-mantenimiento-en-equipos-de-riego-y-purines\/\" title=\"Ventajas de un buen mantenimiento en equipos de riego y purines\" class=\"title-animation-underline\" >Ventajas de un buen mantenimiento en equipos de riego y purines<\/a><\/div>\n\t\t\t\t\t\t\t\t\t\t\t<\/div>\n\t\t\t\t<\/div>\n\n\t\t\t<\/div>\n\t\t<\/div>\n\n\n\t\n\t\t\t\t\n\t\t\t\t\t\t\t<div class=\"upk-item\">\n\t\t\t<div class=\"upk-item-box\">\n\t\t\t\t<div class=\"upk-image-wrap\">\n\t\t\t\t\t<div class=\"upk-main-image\">\n\t\t\t\t\t\t<img loading=\"lazy\" decoding=\"async\" width=\"150\" height=\"150\" src=\"https:\/\/cooprinforma.cl\/wp-content\/uploads\/2023\/10\/PORTADA-4-150x150.png\" class=\"upk-img\" alt=\"Fertilizaci\u00f3n nitrogenada c\u00f3mo pilar de la productividad sostenible\" \/>\t\t\t\t\t<\/div>\n\n\t\t\t\t\t\n\t\t\t\t<\/div>\n\n\t\t\t\t<div class=\"upk-content\">\n\t\t\t\t\t<div class=\"upk-content-inner\">\n\n\t\t\t\t\t\t\n\t\t\t\t\t\t<div class=\"upk-title\"><a href=\"https:\/\/cooprinforma.cl\/index.php\/2023\/10\/14\/fertilizacion-nitrogenada-como-pilar-de-la-productividad-sostenible\/\" title=\"Fertilizaci\u00f3n nitrogenada c\u00f3mo pilar de la productividad sostenible\" class=\"title-animation-underline\" >Fertilizaci\u00f3n nitrogenada c\u00f3mo pilar de la productividad sostenible<\/a><\/div>\n\t\t\t\t\t\t\t\t\t\t\t<\/div>\n\t\t\t\t<\/div>\n\n\t\t\t<\/div>\n\t\t<\/div>\n\n\n\t\n\t\t\t\t\n\t\t\t\t\t\t\t<div class=\"upk-item\">\n\t\t\t<div class=\"upk-item-box\">\n\t\t\t\t<div class=\"upk-image-wrap\">\n\t\t\t\t\t<div class=\"upk-main-image\">\n\t\t\t\t\t\t<img loading=\"lazy\" decoding=\"async\" width=\"150\" height=\"150\" src=\"https:\/\/cooprinforma.cl\/wp-content\/uploads\/2023\/10\/Pezonera-DeLaval-150x150.jpg\" class=\"upk-img\" alt=\"La importancia de la mantenci\u00f3n en su equipo de orde\u00f1o\" \/>\t\t\t\t\t<\/div>\n\n\t\t\t\t\t\n\t\t\t\t<\/div>\n\n\t\t\t\t<div class=\"upk-content\">\n\t\t\t\t\t<div class=\"upk-content-inner\">\n\n\t\t\t\t\t\t\n\t\t\t\t\t\t<div class=\"upk-title\"><a href=\"https:\/\/cooprinforma.cl\/index.php\/2023\/10\/14\/la-importancia-de-la-mantencion-en-su-equipo-de-ordeno\/\" title=\"La importancia de la mantenci\u00f3n en su equipo de orde\u00f1o\" class=\"title-animation-underline\" >La importancia de la mantenci\u00f3n en su equipo de orde\u00f1o<\/a><\/div>\n\t\t\t\t\t\t\t\t\t\t\t<\/div>\n\t\t\t\t<\/div>\n\n\t\t\t<\/div>\n\t\t<\/div>\n\n\n\t\n\t\t\t\t\n\t\t\t\t\t\t\t<div class=\"upk-item\">\n\t\t\t<div class=\"upk-item-box\">\n\t\t\t\t<div class=\"upk-image-wrap\">\n\t\t\t\t\t<div class=\"upk-main-image\">\n\t\t\t\t\t\t<img loading=\"lazy\" decoding=\"async\" width=\"150\" height=\"150\" src=\"https:\/\/cooprinforma.cl\/wp-content\/uploads\/2023\/10\/portada-150x150.jpg\" class=\"upk-img\" alt=\"Detecci\u00f3n de agentes infecciosos en bovinos  de lecher\u00eda utilizando  la t\u00e9cnica de PCR\" \/>\t\t\t\t\t<\/div>\n\n\t\t\t\t\t\n\t\t\t\t<\/div>\n\n\t\t\t\t<div class=\"upk-content\">\n\t\t\t\t\t<div class=\"upk-content-inner\">\n\n\t\t\t\t\t\t\n\t\t\t\t\t\t<div class=\"upk-title\"><a href=\"https:\/\/cooprinforma.cl\/index.php\/2023\/10\/14\/deteccion-de-agentes-infecciosos-en-bovinos-de-lecheria-utilizando-la-tecnica-de-pcr\/\" title=\"Detecci\u00f3n de agentes infecciosos en bovinos  de lecher\u00eda utilizando  la t\u00e9cnica de PCR\" class=\"title-animation-underline\" >Detecci\u00f3n de agentes infecciosos en bovinos  de lecher\u00eda utilizando  la t\u00e9cnica de PCR<\/a><\/div>\n\t\t\t\t\t\t\t\t\t\t\t<\/div>\n\t\t\t\t<\/div>\n\n\t\t\t<\/div>\n\t\t<\/div>\n\n\n\t\n\t\t\t\t\n\t\t\t\t\t\t\t<div class=\"upk-item\">\n\t\t\t<div class=\"upk-item-box\">\n\t\t\t\t<div class=\"upk-image-wrap\">\n\t\t\t\t\t<div class=\"upk-main-image\">\n\t\t\t\t\t\t<img loading=\"lazy\" decoding=\"async\" width=\"150\" height=\"150\" src=\"https:\/\/cooprinforma.cl\/wp-content\/uploads\/2023\/10\/PORTADA-3-150x150.png\" class=\"upk-img\" alt=\"Acidosis ruminal  sub-cl\u00ednica (SARA):  Comprendiendo y tratando los desequilibrios en la fermentaci\u00f3n ruminal\" \/>\t\t\t\t\t<\/div>\n\n\t\t\t\t\t\n\t\t\t\t<\/div>\n\n\t\t\t\t<div class=\"upk-content\">\n\t\t\t\t\t<div class=\"upk-content-inner\">\n\n\t\t\t\t\t\t\n\t\t\t\t\t\t<div class=\"upk-title\"><a href=\"https:\/\/cooprinforma.cl\/index.php\/2023\/10\/14\/acidosis-ruminal-sub-clinica-sara-comprendiendo-y-tratando-los-desequilibrios-en-la-fermentacion-ruminal\/\" title=\"Acidosis ruminal  sub-cl\u00ednica (SARA):  Comprendiendo y tratando los desequilibrios en la fermentaci\u00f3n ruminal\" class=\"title-animation-underline\" >Acidosis ruminal  sub-cl\u00ednica (SARA):  Comprendiendo y tratando los desequilibrios en la fermentaci\u00f3n ruminal<\/a><\/div>\n\t\t\t\t\t\t\t\t\t\t\t<\/div>\n\t\t\t\t<\/div>\n\n\t\t\t<\/div>\n\t\t<\/div>\n\n\n\t\n\t\t\t\t\n\t\t\t\t\t\t\t<div class=\"upk-item\">\n\t\t\t<div class=\"upk-item-box\">\n\t\t\t\t<div class=\"upk-image-wrap\">\n\t\t\t\t\t<div class=\"upk-main-image\">\n\t\t\t\t\t\t<img loading=\"lazy\" decoding=\"async\" width=\"150\" height=\"150\" src=\"https:\/\/cooprinforma.cl\/wp-content\/uploads\/2023\/10\/PORTADA-1-150x150.png\" class=\"upk-img\" alt=\"Consanguinidad en el  bovino lechero  Origen y Consecuencias\" \/>\t\t\t\t\t<\/div>\n\n\t\t\t\t\t\n\t\t\t\t<\/div>\n\n\t\t\t\t<div class=\"upk-content\">\n\t\t\t\t\t<div class=\"upk-content-inner\">\n\n\t\t\t\t\t\t\n\t\t\t\t\t\t<div class=\"upk-title\"><a href=\"https:\/\/cooprinforma.cl\/index.php\/2023\/10\/14\/consanguinidad-en-el-bovino-lechero-origen-y-consecuencias\/\" title=\"Consanguinidad en el  bovino lechero  Origen y Consecuencias\" class=\"title-animation-underline\" >Consanguinidad en el  bovino lechero  Origen y Consecuencias<\/a><\/div>\n\t\t\t\t\t\t\t\t\t\t\t<\/div>\n\t\t\t\t<\/div>\n\n\t\t\t<\/div>\n\t\t<\/div>\n\n\n\t\n\t\t\t\t\n\t\t\t\t\t\t\t<div class=\"upk-item\">\n\t\t\t<div class=\"upk-item-box\">\n\t\t\t\t<div class=\"upk-image-wrap\">\n\t\t\t\t\t<div class=\"upk-main-image\">\n\t\t\t\t\t\t<img loading=\"lazy\" decoding=\"async\" width=\"150\" height=\"150\" src=\"https:\/\/cooprinforma.cl\/wp-content\/uploads\/2023\/10\/PORTADA-150x150.png\" class=\"upk-img\" alt=\"Competitividad de la producci\u00f3n lechera en Mercosur\" \/>\t\t\t\t\t<\/div>\n\n\t\t\t\t\t\n\t\t\t\t<\/div>\n\n\t\t\t\t<div class=\"upk-content\">\n\t\t\t\t\t<div class=\"upk-content-inner\">\n\n\t\t\t\t\t\t\n\t\t\t\t\t\t<div class=\"upk-title\"><a href=\"https:\/\/cooprinforma.cl\/index.php\/2023\/10\/14\/competitividad-de-la-produccion-lechera-en-mercosur\/\" title=\"Competitividad de la producci\u00f3n lechera en Mercosur\" class=\"title-animation-underline\" >Competitividad de la producci\u00f3n lechera en Mercosur<\/a><\/div>\n\t\t\t\t\t\t\t\t\t\t\t<\/div>\n\t\t\t\t<\/div>\n\n\t\t\t<\/div>\n\t\t<\/div>\n\n\n\t\n\t\t\t\t\n\t\t\t\t\t\t\t<div class=\"upk-item\">\n\t\t\t<div class=\"upk-item-box\">\n\t\t\t\t<div class=\"upk-image-wrap\">\n\t\t\t\t\t<div class=\"upk-main-image\">\n\t\t\t\t\t\t<img loading=\"lazy\" decoding=\"async\" width=\"150\" height=\"150\" src=\"https:\/\/cooprinforma.cl\/wp-content\/uploads\/2023\/08\/Pezoneras-DeLaval-150x150.jpg\" class=\"upk-img\" alt=\"Tecnolog\u00eda premium en su orde\u00f1o: Pezoneras de silicona DeLaval\" \/>\t\t\t\t\t<\/div>\n\n\t\t\t\t\t\n\t\t\t\t<\/div>\n\n\t\t\t\t<div class=\"upk-content\">\n\t\t\t\t\t<div class=\"upk-content-inner\">\n\n\t\t\t\t\t\t\n\t\t\t\t\t\t<div class=\"upk-title\"><a href=\"https:\/\/cooprinforma.cl\/index.php\/2023\/08\/13\/tecnologia-premium-en-su-ordeno-pezoneras-de-silicona-delaval\/\" title=\"Tecnolog\u00eda premium en su orde\u00f1o: Pezoneras de silicona DeLaval\" class=\"title-animation-underline\" >Tecnolog\u00eda premium en su orde\u00f1o: Pezoneras de silicona DeLaval<\/a><\/div>\n\t\t\t\t\t\t\t\t\t\t\t<\/div>\n\t\t\t\t<\/div>\n\n\t\t\t<\/div>\n\t\t<\/div>\n\n\n\t\n\t\t\t\t\n\t\t\t\t\t\t\t<div class=\"upk-item\">\n\t\t\t<div class=\"upk-item-box\">\n\t\t\t\t<div class=\"upk-image-wrap\">\n\t\t\t\t\t<div class=\"upk-main-image\">\n\t\t\t\t\t\t<img loading=\"lazy\" decoding=\"async\" width=\"150\" height=\"150\" src=\"https:\/\/cooprinforma.cl\/wp-content\/uploads\/2023\/08\/Imagen-1.-Dron-DJI-Agras-T-40-150x150.jpg\" class=\"upk-img\" alt=\"Drones para Uso Agr\u00edcola Consideraciones T\u00e9cnicas y alternativas Cooprinsem\" \/>\t\t\t\t\t<\/div>\n\n\t\t\t\t\t\n\t\t\t\t<\/div>\n\n\t\t\t\t<div class=\"upk-content\">\n\t\t\t\t\t<div class=\"upk-content-inner\">\n\n\t\t\t\t\t\t\n\t\t\t\t\t\t<div class=\"upk-title\"><a href=\"https:\/\/cooprinforma.cl\/index.php\/2023\/08\/13\/drones-para-uso-agricola-consideraciones-tecnicas-y-alternativas-cooprinsem\/\" title=\"Drones para Uso Agr\u00edcola Consideraciones T\u00e9cnicas y alternativas Cooprinsem\" class=\"title-animation-underline\" >Drones para Uso Agr\u00edcola Consideraciones T\u00e9cnicas y alternativas Cooprinsem<\/a><\/div>\n\t\t\t\t\t\t\t\t\t\t\t<\/div>\n\t\t\t\t<\/div>\n\n\t\t\t<\/div>\n\t\t<\/div>\n\n\n\t\n\t\t\t\t\n\t\t\t\t\t\t\t<div class=\"upk-item\">\n\t\t\t<div class=\"upk-item-box\">\n\t\t\t\t<div class=\"upk-image-wrap\">\n\t\t\t\t\t<div class=\"upk-main-image\">\n\t\t\t\t\t\t<img loading=\"lazy\" decoding=\"async\" width=\"150\" height=\"150\" src=\"https:\/\/cooprinforma.cl\/wp-content\/uploads\/2023\/08\/portada-4-150x150.jpg\" class=\"upk-img\" alt=\"XII Observatorio L\u00e1cteo Nacional de Fedeleche\u00a0Revela Estimaciones de un experimentado panel sobre las principales variables del rubro lechero\" \/>\t\t\t\t\t<\/div>\n\n\t\t\t\t\t\n\t\t\t\t<\/div>\n\n\t\t\t\t<div class=\"upk-content\">\n\t\t\t\t\t<div class=\"upk-content-inner\">\n\n\t\t\t\t\t\t\n\t\t\t\t\t\t<div class=\"upk-title\"><a href=\"https:\/\/cooprinforma.cl\/index.php\/2023\/08\/13\/xii-observatorio-lacteo-nacional-de-fedeleche-revela-estimaciones-de-un-experimentado-panel-sobre-las-principales-variables-del-rubro-lechero\/\" title=\"XII Observatorio L\u00e1cteo Nacional de Fedeleche\u00a0Revela Estimaciones de un experimentado panel sobre las principales variables del rubro lechero\" class=\"title-animation-underline\" >XII Observatorio L\u00e1cteo Nacional de Fedeleche\u00a0Revela Estimaciones de un experimentado panel sobre las principales variables del rubro lechero<\/a><\/div>\n\t\t\t\t\t\t\t\t\t\t\t<\/div>\n\t\t\t\t<\/div>\n\n\t\t\t<\/div>\n\t\t<\/div>\n\n\n\t\n\t\t\t\t\n\t\t\t\t\t\t\t<div class=\"upk-item\">\n\t\t\t<div class=\"upk-item-box\">\n\t\t\t\t<div class=\"upk-image-wrap\">\n\t\t\t\t\t<div class=\"upk-main-image\">\n\t\t\t\t\t\t<img loading=\"lazy\" decoding=\"async\" width=\"150\" height=\"150\" src=\"https:\/\/cooprinforma.cl\/wp-content\/uploads\/2023\/08\/Nedap-Necktag-front-FER4-web-150x150.png\" class=\"upk-img\" alt=\"Nedap COWcontrol: Sistema Integral de Supervisi\u00f3n de Reba\u00f1os\" \/>\t\t\t\t\t<\/div>\n\n\t\t\t\t\t\n\t\t\t\t<\/div>\n\n\t\t\t\t<div class=\"upk-content\">\n\t\t\t\t\t<div class=\"upk-content-inner\">\n\n\t\t\t\t\t\t\n\t\t\t\t\t\t<div class=\"upk-title\"><a href=\"https:\/\/cooprinforma.cl\/index.php\/2023\/08\/13\/nedap-cowcontrol-sistema-integral-de-supervision-de-rebanos\/\" title=\"Nedap COWcontrol: Sistema Integral de Supervisi\u00f3n de Reba\u00f1os\" class=\"title-animation-underline\" >Nedap COWcontrol: Sistema Integral de Supervisi\u00f3n de Reba\u00f1os<\/a><\/div>\n\t\t\t\t\t\t\t\t\t\t\t<\/div>\n\t\t\t\t<\/div>\n\n\t\t\t<\/div>\n\t\t<\/div>\n\n\n\t\n\t\t\t\t\n\t\t\t\t\t\t\t<div class=\"upk-item\">\n\t\t\t<div class=\"upk-item-box\">\n\t\t\t\t<div class=\"upk-image-wrap\">\n\t\t\t\t\t<div class=\"upk-main-image\">\n\t\t\t\t\t\t<img loading=\"lazy\" decoding=\"async\" width=\"150\" height=\"150\" src=\"https:\/\/cooprinforma.cl\/wp-content\/uploads\/2023\/08\/PORTADA-3-150x150.jpg\" class=\"upk-img\" alt=\"Puntaje de cojera: Servicio adicional de Control Lechero Oficial\" \/>\t\t\t\t\t<\/div>\n\n\t\t\t\t\t\n\t\t\t\t<\/div>\n\n\t\t\t\t<div class=\"upk-content\">\n\t\t\t\t\t<div class=\"upk-content-inner\">\n\n\t\t\t\t\t\t\n\t\t\t\t\t\t<div class=\"upk-title\"><a href=\"https:\/\/cooprinforma.cl\/index.php\/2023\/08\/13\/puntaje-de-cojera-servicio-adicional-de-control-lechero-oficial\/\" title=\"Puntaje de cojera: Servicio adicional de Control Lechero Oficial\" class=\"title-animation-underline\" >Puntaje de cojera: Servicio adicional de Control Lechero Oficial<\/a><\/div>\n\t\t\t\t\t\t\t\t\t\t\t<\/div>\n\t\t\t\t<\/div>\n\n\t\t\t<\/div>\n\t\t<\/div>\n\n\n\t\n\t\t\t\t\n\t\t\t\t\t\t\t<div class=\"upk-item\">\n\t\t\t<div class=\"upk-item-box\">\n\t\t\t\t<div class=\"upk-image-wrap\">\n\t\t\t\t\t<div class=\"upk-main-image\">\n\t\t\t\t\t\t<img loading=\"lazy\" decoding=\"async\" width=\"150\" height=\"150\" src=\"https:\/\/cooprinforma.cl\/wp-content\/uploads\/2023\/08\/portada-2-150x150.jpg\" class=\"upk-img\" alt=\"Conferencia\u00a0IFCN 2023\" \/>\t\t\t\t\t<\/div>\n\n\t\t\t\t\t\n\t\t\t\t<\/div>\n\n\t\t\t\t<div class=\"upk-content\">\n\t\t\t\t\t<div class=\"upk-content-inner\">\n\n\t\t\t\t\t\t\n\t\t\t\t\t\t<div class=\"upk-title\"><a href=\"https:\/\/cooprinforma.cl\/index.php\/2023\/08\/13\/conferencia-ifcn-2023\/\" title=\"Conferencia\u00a0IFCN 2023\" class=\"title-animation-underline\" >Conferencia\u00a0IFCN 2023<\/a><\/div>\n\t\t\t\t\t\t\t\t\t\t\t<\/div>\n\t\t\t\t<\/div>\n\n\t\t\t<\/div>\n\t\t<\/div>\n\n\n\t\n\t\t\t\t\n\t\t\t\t\t\t\t<div class=\"upk-item\">\n\t\t\t<div class=\"upk-item-box\">\n\t\t\t\t<div class=\"upk-image-wrap\">\n\t\t\t\t\t<div class=\"upk-main-image\">\n\t\t\t\t\t\t<img loading=\"lazy\" decoding=\"async\" width=\"150\" height=\"150\" src=\"https:\/\/cooprinforma.cl\/wp-content\/uploads\/2023\/08\/PORTADA-1-150x150.jpg\" class=\"upk-img\" alt=\"El precio mundial de la leche cambi\u00f3 de direcci\u00f3n y est\u00e1 cayendo nuevamente\" \/>\t\t\t\t\t<\/div>\n\n\t\t\t\t\t\n\t\t\t\t<\/div>\n\n\t\t\t\t<div class=\"upk-content\">\n\t\t\t\t\t<div class=\"upk-content-inner\">\n\n\t\t\t\t\t\t\n\t\t\t\t\t\t<div class=\"upk-title\"><a href=\"https:\/\/cooprinforma.cl\/index.php\/2023\/08\/13\/el-precio-mundial-de-la-leche-cambio-de-direccion-y-esta-cayendo-nuevamente\/\" title=\"El precio mundial de la leche cambi\u00f3 de direcci\u00f3n y est\u00e1 cayendo nuevamente\" class=\"title-animation-underline\" >El precio mundial de la leche cambi\u00f3 de direcci\u00f3n y est\u00e1 cayendo nuevamente<\/a><\/div>\n\t\t\t\t\t\t\t\t\t\t\t<\/div>\n\t\t\t\t<\/div>\n\n\t\t\t<\/div>\n\t\t<\/div>\n\n\n\t\n\t\t\t\t\n\t\t\t\t\t\t\t<div class=\"upk-item\">\n\t\t\t<div class=\"upk-item-box\">\n\t\t\t\t<div class=\"upk-image-wrap\">\n\t\t\t\t\t<div class=\"upk-main-image\">\n\t\t\t\t\t\t<img loading=\"lazy\" decoding=\"async\" width=\"150\" height=\"150\" src=\"https:\/\/cooprinforma.cl\/wp-content\/uploads\/2023\/08\/20170418_151025-150x150.jpg\" class=\"upk-img\" alt=\"Nutrici\u00f3n y manejo alimentario de terneras\" \/>\t\t\t\t\t<\/div>\n\n\t\t\t\t\t\n\t\t\t\t<\/div>\n\n\t\t\t\t<div class=\"upk-content\">\n\t\t\t\t\t<div class=\"upk-content-inner\">\n\n\t\t\t\t\t\t\n\t\t\t\t\t\t<div class=\"upk-title\"><a href=\"https:\/\/cooprinforma.cl\/index.php\/2023\/08\/13\/nutricion-y-manejo-alimentario-de-terneras\/\" title=\"Nutrici\u00f3n y manejo alimentario de terneras\" class=\"title-animation-underline\" >Nutrici\u00f3n y manejo alimentario de terneras<\/a><\/div>\n\t\t\t\t\t\t\t\t\t\t\t<\/div>\n\t\t\t\t<\/div>\n\n\t\t\t<\/div>\n\t\t<\/div>\n\n\n\t\n\t\t\t\t\n\t\t\t\t\t\t\t<div class=\"upk-item\">\n\t\t\t<div class=\"upk-item-box\">\n\t\t\t\t<div class=\"upk-image-wrap\">\n\t\t\t\t\t<div class=\"upk-main-image\">\n\t\t\t\t\t\t<img loading=\"lazy\" decoding=\"async\" width=\"150\" height=\"150\" src=\"https:\/\/cooprinforma.cl\/wp-content\/uploads\/2023\/08\/PORTADA--150x150.jpg\" class=\"upk-img\" alt=\"Cooprinsem celebr\u00f3 55 a\u00f1os de liderazgo e innovaci\u00f3n en el sector agropecuario\" \/>\t\t\t\t\t<\/div>\n\n\t\t\t\t\t\n\t\t\t\t<\/div>\n\n\t\t\t\t<div class=\"upk-content\">\n\t\t\t\t\t<div class=\"upk-content-inner\">\n\n\t\t\t\t\t\t\n\t\t\t\t\t\t<div class=\"upk-title\"><a href=\"https:\/\/cooprinforma.cl\/index.php\/2023\/08\/13\/cooprinsem-celebro-55-anos-de-liderazgo-e-innovacion-en-el-sector-agropecuario\/\" title=\"Cooprinsem celebr\u00f3 55 a\u00f1os de liderazgo e innovaci\u00f3n en el sector agropecuario\" class=\"title-animation-underline\" >Cooprinsem celebr\u00f3 55 a\u00f1os de liderazgo e innovaci\u00f3n en el sector agropecuario<\/a><\/div>\n\t\t\t\t\t\t\t\t\t\t\t<\/div>\n\t\t\t\t<\/div>\n\n\t\t\t<\/div>\n\t\t<\/div>\n\n\n\t\n\t\t\t\t\n\t\t\t\t\t\t\t<div class=\"upk-item\">\n\t\t\t<div class=\"upk-item-box\">\n\t\t\t\t<div class=\"upk-image-wrap\">\n\t\t\t\t\t<div class=\"upk-main-image\">\n\t\t\t\t\t\t<img loading=\"lazy\" decoding=\"async\" width=\"150\" height=\"150\" src=\"https:\/\/cooprinforma.cl\/wp-content\/uploads\/2023\/08\/PORTADA-150x150.jpg\" class=\"upk-img\" alt=\"Fertilizantes eficientes que impulsan la producci\u00f3n sostenible\" \/>\t\t\t\t\t<\/div>\n\n\t\t\t\t\t\n\t\t\t\t<\/div>\n\n\t\t\t\t<div class=\"upk-content\">\n\t\t\t\t\t<div class=\"upk-content-inner\">\n\n\t\t\t\t\t\t\n\t\t\t\t\t\t<div class=\"upk-title\"><a href=\"https:\/\/cooprinforma.cl\/index.php\/2023\/08\/12\/fertilizantes-eficientes-que-impulsan-la-produccion-sostenible\/\" title=\"Fertilizantes eficientes que impulsan la producci\u00f3n sostenible\" class=\"title-animation-underline\" >Fertilizantes eficientes que impulsan la producci\u00f3n sostenible<\/a><\/div>\n\t\t\t\t\t\t\t\t\t\t\t<\/div>\n\t\t\t\t<\/div>\n\n\t\t\t<\/div>\n\t\t<\/div>\n\n\n\t\n\t\t\t\t\n\t\t\t\t\t\t\t<div class=\"upk-item\">\n\t\t\t<div class=\"upk-item-box\">\n\t\t\t\t<div class=\"upk-image-wrap\">\n\t\t\t\t\t<div class=\"upk-main-image\">\n\t\t\t\t\t\t<img loading=\"lazy\" decoding=\"async\" width=\"150\" height=\"150\" src=\"https:\/\/cooprinforma.cl\/wp-content\/uploads\/2023\/06\/WMD_Spanish-e1686378622325-150x150.jpg\" class=\"upk-img\" alt=\"D\u00eda Mundial de la Leche\" srcset=\"https:\/\/cooprinforma.cl\/wp-content\/uploads\/2023\/06\/WMD_Spanish-e1686378622325-150x150.jpg 150w, https:\/\/cooprinforma.cl\/wp-content\/uploads\/2023\/06\/WMD_Spanish-e1686378622325-70x70.jpg 70w\" sizes=\"auto, (max-width: 150px) 100vw, 150px\" \/>\t\t\t\t\t<\/div>\n\n\t\t\t\t\t\n\t\t\t\t<\/div>\n\n\t\t\t\t<div class=\"upk-content\">\n\t\t\t\t\t<div class=\"upk-content-inner\">\n\n\t\t\t\t\t\t\n\t\t\t\t\t\t<div class=\"upk-title\"><a href=\"https:\/\/cooprinforma.cl\/index.php\/2023\/06\/15\/dia-mundial-de-la-leche\/\" title=\"D\u00eda Mundial de la Leche\" class=\"title-animation-underline\" >D\u00eda Mundial de la Leche<\/a><\/div>\n\t\t\t\t\t\t\t\t\t\t\t<\/div>\n\t\t\t\t<\/div>\n\n\t\t\t<\/div>\n\t\t<\/div>\n\n\n\t\n\t\t\t\t\n\t\t\t\t\t\t\t<div class=\"upk-item\">\n\t\t\t<div class=\"upk-item-box\">\n\t\t\t\t<div class=\"upk-image-wrap\">\n\t\t\t\t\t<div class=\"upk-main-image\">\n\t\t\t\t\t\t<img loading=\"lazy\" decoding=\"async\" width=\"150\" height=\"150\" src=\"https:\/\/cooprinforma.cl\/wp-content\/uploads\/2023\/06\/foto-crv-150x150.jpg\" class=\"upk-img\" alt=\"CRV presenta FeedExcel: Mejora de la eficiencia alimentaria para garantizar una ganader\u00eda lechera sostenible y rentable\" \/>\t\t\t\t\t<\/div>\n\n\t\t\t\t\t\n\t\t\t\t<\/div>\n\n\t\t\t\t<div class=\"upk-content\">\n\t\t\t\t\t<div class=\"upk-content-inner\">\n\n\t\t\t\t\t\t\n\t\t\t\t\t\t<div class=\"upk-title\"><a href=\"https:\/\/cooprinforma.cl\/index.php\/2023\/06\/15\/crv-presenta-feedexcel-mejora-de-la-eficiencia-alimentaria-para-garantizar-una-ganaderia-lechera-sostenible-y-rentable\/\" title=\"CRV presenta FeedExcel: Mejora de la eficiencia alimentaria para garantizar una ganader\u00eda lechera sostenible y rentable\" class=\"title-animation-underline\" >CRV presenta FeedExcel: Mejora de la eficiencia alimentaria para garantizar una ganader\u00eda lechera sostenible y rentable<\/a><\/div>\n\t\t\t\t\t\t\t\t\t\t\t<\/div>\n\t\t\t\t<\/div>\n\n\t\t\t<\/div>\n\t\t<\/div>\n\n\n\t\n\t\t\t\t\n\t\t\t\t\t\t\t<div class=\"upk-item\">\n\t\t\t<div class=\"upk-item-box\">\n\t\t\t\t<div class=\"upk-image-wrap\">\n\t\t\t\t\t<div class=\"upk-main-image\">\n\t\t\t\t\t\t<img loading=\"lazy\" decoding=\"async\" width=\"150\" height=\"150\" src=\"https:\/\/cooprinforma.cl\/wp-content\/uploads\/2023\/06\/don-humberto-2-150x150.png\" class=\"upk-img\" alt=\"En honor a Don Humberto Smulders Schoenmakers,un referente del trabajo y los valores\u00a0 de Cooprinsem.\u00a0\u00a0\" srcset=\"https:\/\/cooprinforma.cl\/wp-content\/uploads\/2023\/06\/don-humberto-2-150x150.png 150w, https:\/\/cooprinforma.cl\/wp-content\/uploads\/2023\/06\/don-humberto-2-70x70.png 70w\" sizes=\"auto, (max-width: 150px) 100vw, 150px\" \/>\t\t\t\t\t<\/div>\n\n\t\t\t\t\t\n\t\t\t\t<\/div>\n\n\t\t\t\t<div class=\"upk-content\">\n\t\t\t\t\t<div class=\"upk-content-inner\">\n\n\t\t\t\t\t\t\n\t\t\t\t\t\t<div class=\"upk-title\"><a href=\"https:\/\/cooprinforma.cl\/index.php\/2023\/06\/11\/en-honor-a-don-humberto-smulders-schoenmakersun-referente-del-trabajo-y-los-valores-de-cooprinsem\/\" title=\"En honor a Don Humberto Smulders Schoenmakers,un referente del trabajo y los valores\u00a0 de Cooprinsem.\u00a0\u00a0\" class=\"title-animation-underline\" >En honor a Don Humberto Smulders Schoenmakers,un referente del trabajo y los valores\u00a0 de Cooprinsem.\u00a0\u00a0<\/a><\/div>\n\t\t\t\t\t\t\t\t\t\t\t<\/div>\n\t\t\t\t<\/div>\n\n\t\t\t<\/div>\n\t\t<\/div>\n\n\n\t\n\t\t\t\t\n\t\t\t\t\t\t\t<div class=\"upk-item\">\n\t\t\t<div class=\"upk-item-box\">\n\t\t\t\t<div class=\"upk-image-wrap\">\n\t\t\t\t\t<div class=\"upk-main-image\">\n\t\t\t\t\t\t<img loading=\"lazy\" decoding=\"async\" width=\"150\" height=\"150\" src=\"https:\/\/cooprinforma.cl\/wp-content\/uploads\/2023\/06\/FIGURA-150x150.png\" class=\"upk-img\" alt=\"C\u00f3mo lograr una fertilizaci\u00f3n fosf\u00f3rica eficiente y sostenible\" srcset=\"https:\/\/cooprinforma.cl\/wp-content\/uploads\/2023\/06\/FIGURA-150x150.png 150w, https:\/\/cooprinforma.cl\/wp-content\/uploads\/2023\/06\/FIGURA-70x70.png 70w\" sizes=\"auto, (max-width: 150px) 100vw, 150px\" \/>\t\t\t\t\t<\/div>\n\n\t\t\t\t\t\n\t\t\t\t<\/div>\n\n\t\t\t\t<div class=\"upk-content\">\n\t\t\t\t\t<div class=\"upk-content-inner\">\n\n\t\t\t\t\t\t\n\t\t\t\t\t\t<div class=\"upk-title\"><a href=\"https:\/\/cooprinforma.cl\/index.php\/2023\/06\/10\/como-lograr-una-fertilizacion-fosforica-eficiente-y-sostenible\/\" title=\"C\u00f3mo lograr una fertilizaci\u00f3n fosf\u00f3rica eficiente y sostenible\" class=\"title-animation-underline\" >C\u00f3mo lograr una fertilizaci\u00f3n fosf\u00f3rica eficiente y sostenible<\/a><\/div>\n\t\t\t\t\t\t\t\t\t\t\t<\/div>\n\t\t\t\t<\/div>\n\n\t\t\t<\/div>\n\t\t<\/div>\n\n\n\t\n\t\t\t\t\n\t\t\t\t\t\t\t<div class=\"upk-item\">\n\t\t\t<div class=\"upk-item-box\">\n\t\t\t\t<div class=\"upk-image-wrap\">\n\t\t\t\t\t<div class=\"upk-main-image\">\n\t\t\t\t\t\t<img loading=\"lazy\" decoding=\"async\" width=\"150\" height=\"150\" src=\"https:\/\/cooprinforma.cl\/wp-content\/uploads\/2023\/06\/OceanBlu-picture-mejor-150x150.jpg\" class=\"upk-img\" alt=\"OceanBluTM: Innovando en la protecci\u00f3n de pezones\" srcset=\"https:\/\/cooprinforma.cl\/wp-content\/uploads\/2023\/06\/OceanBlu-picture-mejor-150x150.jpg 150w, https:\/\/cooprinforma.cl\/wp-content\/uploads\/2023\/06\/OceanBlu-picture-mejor-70x70.jpg 70w\" sizes=\"auto, (max-width: 150px) 100vw, 150px\" \/>\t\t\t\t\t<\/div>\n\n\t\t\t\t\t\n\t\t\t\t<\/div>\n\n\t\t\t\t<div class=\"upk-content\">\n\t\t\t\t\t<div class=\"upk-content-inner\">\n\n\t\t\t\t\t\t\n\t\t\t\t\t\t<div class=\"upk-title\"><a href=\"https:\/\/cooprinforma.cl\/index.php\/2023\/06\/10\/oceanblutm-innovando-en-la-proteccion-de-pezones\/\" title=\"OceanBluTM: Innovando en la protecci\u00f3n de pezones\" class=\"title-animation-underline\" >OceanBluTM: Innovando en la protecci\u00f3n de pezones<\/a><\/div>\n\t\t\t\t\t\t\t\t\t\t\t<\/div>\n\t\t\t\t<\/div>\n\n\t\t\t<\/div>\n\t\t<\/div>\n\n\n\t\n\t\t\t\t\n\t\t\t\t\t\t\t<div class=\"upk-item\">\n\t\t\t<div class=\"upk-item-box\">\n\t\t\t\t<div class=\"upk-image-wrap\">\n\t\t\t\t\t<div class=\"upk-main-image\">\n\t\t\t\t\t\t<img loading=\"lazy\" decoding=\"async\" width=\"150\" height=\"150\" src=\"https:\/\/cooprinforma.cl\/wp-content\/uploads\/2023\/06\/praparto-2-150x150.jpg\" class=\"upk-img\" alt=\"Uso de sales ani\u00f3nicas en dietas para vacas preparto Beneficios y consideraciones pr\u00e1cticas\" srcset=\"https:\/\/cooprinforma.cl\/wp-content\/uploads\/2023\/06\/praparto-2-150x150.jpg 150w, https:\/\/cooprinforma.cl\/wp-content\/uploads\/2023\/06\/praparto-2-70x70.jpg 70w\" sizes=\"auto, (max-width: 150px) 100vw, 150px\" \/>\t\t\t\t\t<\/div>\n\n\t\t\t\t\t\n\t\t\t\t<\/div>\n\n\t\t\t\t<div class=\"upk-content\">\n\t\t\t\t\t<div class=\"upk-content-inner\">\n\n\t\t\t\t\t\t\n\t\t\t\t\t\t<div class=\"upk-title\"><a href=\"https:\/\/cooprinforma.cl\/index.php\/2023\/06\/10\/uso-de-sales-anionicas-en-dietas-para-vacas-preparto\/\" title=\"Uso de sales ani\u00f3nicas en dietas para vacas preparto Beneficios y consideraciones pr\u00e1cticas\" class=\"title-animation-underline\" >Uso de sales ani\u00f3nicas en dietas para vacas preparto Beneficios y consideraciones pr\u00e1cticas<\/a><\/div>\n\t\t\t\t\t\t\t\t\t\t\t<\/div>\n\t\t\t\t<\/div>\n\n\t\t\t<\/div>\n\t\t<\/div>\n\n\n\t\n\t\t\t\t\n\t\t\t\t\t\t\t<div class=\"upk-item\">\n\t\t\t<div class=\"upk-item-box\">\n\t\t\t\t<div class=\"upk-image-wrap\">\n\t\t\t\t\t<div class=\"upk-main-image\">\n\t\t\t\t\t\t<img loading=\"lazy\" decoding=\"async\" width=\"150\" height=\"150\" src=\"https:\/\/cooprinforma.cl\/wp-content\/uploads\/2023\/06\/DSC_0764-1-150x150.jpg\" class=\"upk-img\" alt=\"S\u00edndrome Respiratorio Bovino PCR como nueva herramienta diagn\u00f3stica\" srcset=\"https:\/\/cooprinforma.cl\/wp-content\/uploads\/2023\/06\/DSC_0764-1-150x150.jpg 150w, https:\/\/cooprinforma.cl\/wp-content\/uploads\/2023\/06\/DSC_0764-1-70x70.jpg 70w\" sizes=\"auto, (max-width: 150px) 100vw, 150px\" \/>\t\t\t\t\t<\/div>\n\n\t\t\t\t\t\n\t\t\t\t<\/div>\n\n\t\t\t\t<div class=\"upk-content\">\n\t\t\t\t\t<div class=\"upk-content-inner\">\n\n\t\t\t\t\t\t\n\t\t\t\t\t\t<div class=\"upk-title\"><a href=\"https:\/\/cooprinforma.cl\/index.php\/2023\/06\/10\/sindrome-respiratorio-bovino\/\" title=\"S\u00edndrome Respiratorio Bovino PCR como nueva herramienta diagn\u00f3stica\" class=\"title-animation-underline\" >S\u00edndrome Respiratorio Bovino PCR como nueva herramienta diagn\u00f3stica<\/a><\/div>\n\t\t\t\t\t\t\t\t\t\t\t<\/div>\n\t\t\t\t<\/div>\n\n\t\t\t<\/div>\n\t\t<\/div>\n\n\n\t\n\t\t\t\t\n\t\t\t\t\t\t\t<div class=\"upk-item\">\n\t\t\t<div class=\"upk-item-box\">\n\t\t\t\t<div class=\"upk-image-wrap\">\n\t\t\t\t\t<div class=\"upk-main-image\">\n\t\t\t\t\t\t<img loading=\"lazy\" decoding=\"async\" width=\"150\" height=\"150\" src=\"https:\/\/cooprinforma.cl\/wp-content\/uploads\/2023\/06\/vacas-ganaderia-150x150.jpg\" class=\"upk-img\" alt=\"Impacto de la lecher\u00eda chilena sobre las emisiones de carbono y el cambio clim\u00e1tico global\" srcset=\"https:\/\/cooprinforma.cl\/wp-content\/uploads\/2023\/06\/vacas-ganaderia-150x150.jpg 150w, https:\/\/cooprinforma.cl\/wp-content\/uploads\/2023\/06\/vacas-ganaderia-70x70.jpg 70w\" sizes=\"auto, (max-width: 150px) 100vw, 150px\" \/>\t\t\t\t\t<\/div>\n\n\t\t\t\t\t\n\t\t\t\t<\/div>\n\n\t\t\t\t<div class=\"upk-content\">\n\t\t\t\t\t<div class=\"upk-content-inner\">\n\n\t\t\t\t\t\t\n\t\t\t\t\t\t<div class=\"upk-title\"><a href=\"https:\/\/cooprinforma.cl\/index.php\/2023\/06\/10\/impacto-de-la-lecheria-chilena-sobre-las-emisiones-de-carbono-y-el-cambio-climatico-global\/\" title=\"Impacto de la lecher\u00eda chilena sobre las emisiones de carbono y el cambio clim\u00e1tico global\" class=\"title-animation-underline\" >Impacto de la lecher\u00eda chilena sobre las emisiones de carbono y el cambio clim\u00e1tico global<\/a><\/div>\n\t\t\t\t\t\t\t\t\t\t\t<\/div>\n\t\t\t\t<\/div>\n\n\t\t\t<\/div>\n\t\t<\/div>\n\n\n\t\n\t\t\t\t\n\t\t\t\t\t\t\t<div class=\"upk-item\">\n\t\t\t<div class=\"upk-item-box\">\n\t\t\t\t<div class=\"upk-image-wrap\">\n\t\t\t\t\t<div class=\"upk-main-image\">\n\t\t\t\t\t\t<img loading=\"lazy\" decoding=\"async\" width=\"150\" height=\"150\" src=\"https:\/\/cooprinforma.cl\/wp-content\/uploads\/2023\/06\/FOTO-OFICIAL-150x150.jpg\" class=\"upk-img\" alt=\"Jornadas T\u00e9cnicas buscaron impulsar y fortalecer el sector l\u00e1cteo en diferentes \u00e1reas de negocio\" srcset=\"https:\/\/cooprinforma.cl\/wp-content\/uploads\/2023\/06\/FOTO-OFICIAL-150x150.jpg 150w, https:\/\/cooprinforma.cl\/wp-content\/uploads\/2023\/06\/FOTO-OFICIAL-70x70.jpg 70w\" sizes=\"auto, (max-width: 150px) 100vw, 150px\" \/>\t\t\t\t\t<\/div>\n\n\t\t\t\t\t\n\t\t\t\t<\/div>\n\n\t\t\t\t<div class=\"upk-content\">\n\t\t\t\t\t<div class=\"upk-content-inner\">\n\n\t\t\t\t\t\t\n\t\t\t\t\t\t<div class=\"upk-title\"><a href=\"https:\/\/cooprinforma.cl\/index.php\/2023\/06\/09\/jornadas-tecnicas-buscaron-impulsar-y-fortalecer-el-sector-lacteo-en-diferentes-areas-de-negocio\/\" title=\"Jornadas T\u00e9cnicas buscaron impulsar y fortalecer el sector l\u00e1cteo en diferentes \u00e1reas de negocio\" class=\"title-animation-underline\" >Jornadas T\u00e9cnicas buscaron impulsar y fortalecer el sector l\u00e1cteo en diferentes \u00e1reas de negocio<\/a><\/div>\n\t\t\t\t\t\t\t\t\t\t\t<\/div>\n\t\t\t\t<\/div>\n\n\t\t\t<\/div>\n\t\t<\/div>\n\n\n\t\n\t\t\t\t\t\t\t<\/div>\n\t\t<\/div>\n\n\t\t\t\t<\/div>\n\t\t\t\t<\/div>\n\t\t\t\t\t<\/div>\n\t\t<\/div>\n\t\t\t\t\t\t\t<\/div>\n\t\t<\/section>\n\t\t\t\t<section class=\"elementor-section elementor-top-section elementor-element elementor-element-3879884 elementor-section-boxed elementor-section-height-default elementor-section-height-default\" data-id=\"3879884\" data-element_type=\"section\">\n\t\t\t\t\t\t<div class=\"elementor-container elementor-column-gap-default\">\n\t\t\t\t\t<div class=\"elementor-column elementor-col-100 elementor-top-column elementor-element elementor-element-b8b11f1\" data-id=\"b8b11f1\" data-element_type=\"column\">\n\t\t\t<div class=\"elementor-widget-wrap elementor-element-populated\">\n\t\t\t\t\t\t\t\t<div class=\"elementor-element elementor-element-395ba4f0 elementor-widget elementor-widget-text-editor\" data-id=\"395ba4f0\" data-element_type=\"widget\" data-widget_type=\"text-editor.default\">\n\t\t\t\t<div class=\"elementor-widget-container\">\n\t\t\t<style>\/*! elementor - v3.13.3 - 28-05-2023 *\/\n.elementor-widget-text-editor.elementor-drop-cap-view-stacked .elementor-drop-cap{background-color:#69727d;color:#fff}.elementor-widget-text-editor.elementor-drop-cap-view-framed .elementor-drop-cap{color:#69727d;border:3px solid;background-color:transparent}.elementor-widget-text-editor:not(.elementor-drop-cap-view-default) .elementor-drop-cap{margin-top:8px}.elementor-widget-text-editor:not(.elementor-drop-cap-view-default) .elementor-drop-cap-letter{width:1em;height:1em}.elementor-widget-text-editor .elementor-drop-cap{float:left;text-align:center;line-height:1;font-size:50px}.elementor-widget-text-editor .elementor-drop-cap-letter{display:inline-block}<\/style>\t\t\t\t<!-- wp:group {\"style\":{\"spacing\":{\"padding\":{\"top\":\"30px\",\"right\":\"30px\",\"bottom\":\"30px\",\"left\":\"30px\"}}},\"layout\":{\"inherit\":false}} -->\n<div class=\"wp-block-group\" style=\"padding-top:30px;padding-right:30px;padding-bottom:30px;padding-left:30px\"><!-- wp:columns -->\n<div class=\"wp-block-columns\"><!-- wp:column {\"width\":\"50%\"} -->\n<div class=\"wp-block-column\" style=\"flex-basis:50%\"><!-- wp:query {\"queryId\":14,\"query\":{\"perPage\":2,\"pages\":0,\"offset\":0,\"postType\":\"post\",\"order\":\"desc\",\"orderBy\":\"date\",\"author\":\"\",\"search\":\"\",\"exclude\":[],\"sticky\":\"exclude\",\"inherit\":false},\"displayLayout\":{\"type\":\"list\"}} -->\n<div class=\"wp-block-query\"><!-- wp:post-template -->\n<!-- wp:post-featured-image \/-->\n\n<!-- wp:post-title \/-->\n\n<!-- wp:post-date \/-->\n\n<!-- wp:spacer {\"height\":\"200px\"} -->\n<div style=\"height:200px\" aria-hidden=\"true\" class=\"wp-block-spacer\"><\/div>\n<!-- \/wp:spacer -->\n<!-- \/wp:post-template --><\/div>\n<!-- \/wp:query --><\/div>\n<!-- \/wp:column -->\n\n<!-- wp:column {\"width\":\"50%\"} -->\n<div class=\"wp-block-column\" style=\"flex-basis:50%\"><!-- wp:query {\"queryId\":15,\"query\":{\"perPage\":2,\"pages\":0,\"offset\":2,\"postType\":\"post\",\"order\":\"desc\",\"orderBy\":\"date\",\"author\":\"\",\"search\":\"\",\"exclude\":[],\"sticky\":\"exclude\",\"inherit\":false},\"displayLayout\":{\"type\":\"list\"}} -->\n<div class=\"wp-block-query\"><!-- wp:post-template -->\n<!-- wp:spacer {\"height\":\"200px\"} -->\n<div style=\"height:200px\" aria-hidden=\"true\" class=\"wp-block-spacer\"><\/div>\n<!-- \/wp:spacer -->\n\n<!-- wp:post-featured-image \/-->\n\n<!-- wp:post-title \/-->\n\n<!-- wp:post-date \/-->\n<!-- \/wp:post-template --><\/div>\n<!-- \/wp:query --><\/div>\n<!-- \/wp:column --><\/div>\n<!-- \/wp:columns --><\/div>\n<!-- \/wp:group -->\t\t\t\t\t\t<\/div>\n\t\t\t\t<\/div>\n\t\t\t\t\t<\/div>\n\t\t<\/div>\n\t\t\t\t\t\t\t<\/div>\n\t\t<\/section>\n\t\t\t\t\t\t\t<\/div>\n\t\t","protected":false},"excerpt":{"rendered":"<p>Certifica la Sustentabilidad de tu Predio Lechero Centeno h\u00edbrido de KWS el grano eficiente para la agricultura actual La Revoluci\u00f3n del PCR en Veterinaria Innovaci\u00f3n en el Diagn\u00f3stico Veterinario y avances en la Producci\u00f3n Lechera Limpieza e higiene de los equipos de orde\u00f1a Un proceso clave en la extracci\u00f3n de leche fresca La ca\u00edda en [&hellip;]<\/p>\n","protected":false},"author":1,"featured_media":0,"parent":0,"menu_order":0,"comment_status":"closed","ping_status":"closed","template":"","meta":{"footnotes":""},"class_list":["post-220","page","type-page","status-publish","hentry"],"_links":{"self":[{"href":"https:\/\/cooprinforma.cl\/index.php\/wp-json\/wp\/v2\/pages\/220","targetHints":{"allow":["GET"]}}],"collection":[{"href":"https:\/\/cooprinforma.cl\/index.php\/wp-json\/wp\/v2\/pages"}],"about":[{"href":"https:\/\/cooprinforma.cl\/index.php\/wp-json\/wp\/v2\/types\/page"}],"author":[{"embeddable":true,"href":"https:\/\/cooprinforma.cl\/index.php\/wp-json\/wp\/v2\/users\/1"}],"replies":[{"embeddable":true,"href":"https:\/\/cooprinforma.cl\/index.php\/wp-json\/wp\/v2\/comments?post=220"}],"version-history":[{"count":39,"href":"https:\/\/cooprinforma.cl\/index.php\/wp-json\/wp\/v2\/pages\/220\/revisions"}],"predecessor-version":[{"id":6191,"href":"https:\/\/cooprinforma.cl\/index.php\/wp-json\/wp\/v2\/pages\/220\/revisions\/6191"}],"wp:attachment":[{"href":"https:\/\/cooprinforma.cl\/index.php\/wp-json\/wp\/v2\/media?parent=220"}],"curies":[{"name":"wp","href":"https:\/\/api.w.org\/{rel}","templated":true}]}}